{"id":769,"date":"2026-01-21T08:53:52","date_gmt":"2026-01-21T08:53:52","guid":{"rendered":"https:\/\/profdrfehmidoner.com\/?page_id=769"},"modified":"2026-03-18T14:51:56","modified_gmt":"2026-03-18T14:51:56","slug":"offene-nasen-op","status":"publish","type":"page","link":"https:\/\/profdrfehmidoner.com\/de\/nasenchirurgie\/offene-nasen-op\/","title":{"rendered":"Offene Nasen-OP in der T\u00fcrkei"},"content":{"rendered":"\n\t<section class=\"section\" id=\"section_1553881874\">\n\t\t<div class=\"section-bg fill\" >\n\t\t\t\t\t\t\t\t\t\n\t\t\t\n\n\t\t<\/div>\n\n\t\t\n\n\t\t<div class=\"section-content relative\">\n\t\t\t\n  <div id=\"page-header-1966934851\" class=\"page-header-wrapper\">\n  <div class=\"page-title dark simple-title\">\n\n    \n    <div class=\"page-title-inner container align-center text-center flex-row-col medium-flex-wrap\" >\n              <div class=\"title-wrapper is-larger flex-col\">\n          <h1 class=\"entry-title mb-0\">\n            Offene Nasen-OP in der T\u00fcrkei          <\/h1>\n        <\/div>\n                    <div class=\"title-content flex-col\">\n        <div class=\"title-breadcrumbs pb-half pt-half\"><\/div>      <\/div>\n    <\/div>\n\n       <\/div>\n    <\/div>\n  \n\t\t<\/div>\n\n\t\t\n<style>\n#section_1553881874 {\n  padding-top: 20px;\n  padding-bottom: 20px;\n  background-color: #2d304e;\n}\n<\/style>\n\t<\/section>\n\t\n\n\t<section class=\"section\" id=\"section_259677394\">\n\t\t<div class=\"section-bg fill\" >\n\t\t\t\t\t\t\t\t\t\n\t\t\t\n\n\t\t<\/div>\n\n\t\t\n\n\t\t<div class=\"section-content relative\">\n\t\t\t\n<div class=\"row\"  id=\"row-445935390\">\n\n\t<div id=\"col-591881449\" class=\"col small-12 large-12\"  >\n\t\t\t\t<div class=\"col-inner\"  >\n\t\t\t\n\t\t\t\n<p><span style=\"font-weight: 400;\">Offene Nasen-OP in der T\u00fcrkei ist ein chirurgisches Verfahren der Rhinoplastik, bei dem die Nasenstruktur \u00fcber einen kleinen Schnitt an der Columella freigelegt wird, um Knochen- und Knorpelstrukturen pr\u00e4zise zu formen. Diese Methode erm\u00f6glicht eine detaillierte anatomische Sicht und wird h\u00e4ufig bei komplexen Nasenkorrekturen eingesetzt.<\/span><\/p>\n<p><span style=\"font-weight: 400;\">Kosten und medizinische Standards einer offenen Nasenoperation in der T\u00fcrkei zeichnen sich durch international anerkannte Kliniken, moderne Operationss\u00e4le und erfahrene plastische Chirurgen aus. Viele Einrichtungen arbeiten nach europ\u00e4ischen Gesundheitsrichtlinien und bieten strukturierte Behandlungsprogramme mit pr\u00e4operativer Analyse und postoperativer Betreuung.<\/span><\/p>\n<p><span style=\"font-weight: 400;\">Ablauf der offenen Rhinoplastik in der T\u00fcrkei umfasst eine detaillierte pr\u00e4operative Untersuchung, digitale Nasenanalyse und individuelle Operationsplanung. W\u00e4hrend des Eingriffs werden Nasenknochen, Knorpel und Weichgewebe gezielt modelliert, um sowohl funktionelle Atmung als auch \u00e4sthetische Harmonie des Gesichts zu verbessern.<\/span><\/p>\n<p><span style=\"font-weight: 400;\">Heilungsprozess nach offener Nasen-OP in der T\u00fcrkei beinhaltet eine mehrw\u00f6chige Regenerationsphase mit kontrollierter Abschwellung der Nasenstrukturen. Schienen und medizinische Nachsorge stabilisieren das Operationsergebnis, w\u00e4hrend regelm\u00e4\u00dfige Kontrollen durch Fach\u00e4rzte eine sichere und planm\u00e4\u00dfige postoperative Heilung unterst\u00fctzen.<\/span><\/p>\n\t\t<\/div>\n\t\t\t\t\n<style>\n#col-591881449 > .col-inner {\n  margin: 0px 0px -45px 0px;\n}\n<\/style>\n\t<\/div>\n\n\t\n<\/div>\n\t\t<\/div>\n\n\t\t\n<style>\n#section_259677394 {\n  padding-top: 30px;\n  padding-bottom: 30px;\n}\n<\/style>\n\t<\/section>\n\t\n\n\t<section class=\"section\" id=\"section_1959356995\">\n\t\t<div class=\"section-bg fill\" >\n\t\t\t\t\t\t\t\t\t\n\t\t\t\n\n\t\t<\/div>\n\n\t\t\n\n\t\t<div class=\"section-content relative\">\n\t\t\t\r\n\r\n<div class=\"row\"  id=\"row-1268195271\">\r\n\r\n\n\t<div id=\"col-793927579\" class=\"col small-12 large-12\"  >\n\t\t\t\t<div class=\"col-inner dark\" style=\"background-color:#2d304e;\" >\n\t\t\t\n\t\t\t\r\n\r\n<div class=\"row\"  id=\"row-287850264\">\r\n\r\n\n\t<div id=\"col-1444492999\" class=\"col medium-4 small-12 large-4\"  >\n\t\t\t\t<div class=\"col-inner\"  >\n\t\t\t\n\t\t\t\r\n\r\n\t<div class=\"img has-hover border-gorsel x md-x lg-x y md-y lg-y\" id=\"image_517584192\">\n\t\t\t\t\t\t\t\t<div class=\"img-inner dark\" >\n\t\t\t<img loading=\"lazy\" decoding=\"async\" width=\"600\" height=\"800\" src=\"https:\/\/profdrfehmidoner.com\/wp-content\/uploads\/2025\/12\/fehmi-doner-600x800.jpg\" class=\"attachment-large size-large\" alt=\"\" srcset=\"https:\/\/profdrfehmidoner.com\/wp-content\/uploads\/2025\/12\/fehmi-doner-600x800.jpg 600w, https:\/\/profdrfehmidoner.com\/wp-content\/uploads\/2025\/12\/fehmi-doner-300x400.jpg 300w, https:\/\/profdrfehmidoner.com\/wp-content\/uploads\/2025\/12\/fehmi-doner-768x1024.jpg 768w, https:\/\/profdrfehmidoner.com\/wp-content\/uploads\/2025\/12\/fehmi-doner-1152x1536.jpg 1152w, https:\/\/profdrfehmidoner.com\/wp-content\/uploads\/2025\/12\/fehmi-doner.jpg 1209w\" sizes=\"auto, (max-width: 600px) 100vw, 600px\" \/>\t\t\t\t\t\t\n\t\t\t\t\t<\/div>\n\t\t\t\t\t\t\t\t\n<style>\n#image_517584192 {\n  width: 100%;\n}\n<\/style>\n\t<\/div>\n\t\r\n\r\n\r\n\t\t<\/div>\n\t\t\t\t\n<style>\n#col-1444492999 > .col-inner {\n  margin: 0px 0px -10px 0px;\n}\n<\/style>\n\t<\/div>\n\n\t\r\n\n\t<div id=\"col-2125956288\" class=\"col medium-8 small-12 large-8\"  >\n\t\t\t\t<div class=\"col-inner\"  >\n\t\t\t\n\t\t\t\r\n\r\n\t<div id=\"text-4050165638\" class=\"text\">\n\t\t\r\n\r\n<div><strong>\u00dcber mich<\/strong><\/div>\r\n\t\t\n<style>\n#text-4050165638 {\n  font-size: 1.25rem;\n}\n<\/style>\n\t<\/div>\n\t\r\n\t<div id=\"text-2325416026\" class=\"text\">\n\t\t\r\n\r\n<p><strong><span style=\"font-size: 110%;\">Prof. Dr. Fehmi D\u00f6ner<\/span> <\/strong><br \/><strong><span style=\"font-size: 63%;\">Facharzt f\u00fcr HNO- sowie Kopf- und Halschirurgie<\/span><\/strong><\/p>\r\n\t\t\n<style>\n#text-2325416026 {\n  font-size: 1.25rem;\n}\n@media (min-width:550px) {\n  #text-2325416026 {\n    font-size: 1.85rem;\n  }\n}\n<\/style>\n\t<\/div>\n\t\r\n<p>Meine Grund- und Sekundarschulbildung habe ich in \u0130zmir abgeschlossen. Mein Medizinstudium habe ich 1988 an der Medizinischen Fakult\u00e4t Cerrahpa\u015fa der Universit\u00e4t Istanbul abgeschlossen. Meine Facharztausbildung absolvierte ich an der Medizinischen Fakult\u00e4t der Atat\u00fcrk-Universit\u00e4t, Abteilung f\u00fcr Hals-Nasen-Ohren-Heilkunde. W\u00e4hrend meiner Facharztausbildung hielt ich mich zu unterschiedlichen Zeiten und f\u00fcr unterschiedliche Dauer an der Medizinischen Fakult\u00e4t der Universit\u00e4t Istanbul, Abteilung f\u00fcr Hals-Nasen-Ohren-Heilkunde, auf und nahm an klinischen Studien teil, um meine Kenntnisse und Erfahrungen zu erweitern.<\/p>\r\n<p>Nach dem Erwerb meines Facharzttitels im Jahr 1994 arbeitete ich acht Monate lang im Staatlichen Krankenhaus K\u00fctahya und wurde anschlie\u00dfend im Dezember 1994 als Assistenzprofessor an die Abteilung f\u00fcr Hals-Nasen-Ohren-Heilkunde der S\u00fcleyman-Demirel-Universit\u00e4t berufen.<\/p>\r\n<a href=\"https:\/\/profdrfehmidoner.com\/de\/ueber-mich\/lebenslauf\/\" class=\"button white\" style=\"border-radius:5px;\">\n\t\t<span>Mehr anzeigen<\/span>\n\t<\/a>\n\r\n\r\n\r\n\t\t<\/div>\n\t\t\t\t\n<style>\n#col-2125956288 > .col-inner {\n  margin: 0px 0px -10px 0px;\n}\n<\/style>\n\t<\/div>\n\n\t\r\n\r\n<\/div>\r\n\r\n\t\t<\/div>\n\t\t\t\t\n<style>\n#col-793927579 > .col-inner {\n  padding: 30px 25px 0px 25px;\n  margin: 0px 0px -30px 0px;\n}\n<\/style>\n\t<\/div>\n\n\t\r\n\r\n<\/div>\r\n\r\n\t\t<\/div>\n\n\t\t\n<style>\n#section_1959356995 {\n  padding-top: 0px;\n  padding-bottom: 0px;\n}\n<\/style>\n\t<\/section>\n\t\r\n\n\n\t<section class=\"section\" id=\"section_987074158\">\n\t\t<div class=\"section-bg fill\" >\n\t\t\t\t\t\t\t\t\t\n\t\t\t\n\n\t\t<\/div>\n\n\t\t\n\n\t\t<div class=\"section-content relative\">\n\t\t\t\n<div class=\"row\"  id=\"row-1826096349\">\n\n\t<div id=\"col-459516037\" class=\"col small-12 large-12\"  >\n\t\t\t\t<div class=\"col-inner\"  >\n\t\t\t\n\t\t\t\n<h2>Was ist eine offene Nasenoperation und wie wird sie durchgef\u00fchrt?<\/h2>\n<p>Die offene Technik der Rhinoplastik ist ein moderner chirurgischer Ansatz, der es dem Chirurgen erm\u00f6glicht, die Nasenstruktur vollst\u00e4ndig zu \u00fcberblicken. Um diese Methode zu verstehen, geben wir ein einfaches Beispiel. Stellen Sie sich vor, Sie m\u00fcssten an einem Automotor eine sehr feine Einstellung vornehmen, die Kabel im Inneren ordnen und Teile austauschen. Die geschlossene Technik \u00e4hnelt dem Versuch, diese Arbeit ohne \u00d6ffnen der Motorhaube zu erledigen, nur nach Gef\u00fchl oder durch kleine \u00d6ffnungen blickend. Die offene Technik hingegen bedeutet, die Haube vollst\u00e4ndig zu \u00f6ffnen und zu arbeiten, indem man jedes einzelne Teil und jede Schraube mit blo\u00dfem Auge klar und deutlich sehen kann.<\/p>\n<p>Dieses \u201e\u00d6ffnen der Haube\u201c beginnt mit einem sehr kleinen Schnitt an der Hauts\u00e4ule direkt an der Nasenspitze zwischen den beiden Nasenl\u00f6chern, die wir \u201eKolumella\u201c nennen. Dieser Schnitt wird in der Regel nicht als gerade Linie gesetzt, sondern in Form eines umgekehrten \u201eV\u201c oder wie eine stufige Treppe. Vielleicht fragen Sie sich, warum wir einen so geformten Schnitt machen. W\u00e4hrend eine gerade Linie nach der Heilung eine leichter erkennbare Narbe hinterlassen kann, brechen diese geometrischen Formen das Licht und sorgen daf\u00fcr, dass die Narbe nahezu unsichtbar wird.<\/p>\n<p>Nachdem dieser kleine Schnitt gesetzt wurde, wird die Nasenhaut behutsam von Knochen und Knorpel darunter nach oben gel\u00f6st. In diesem Moment liegt das gesamte kn\u00f6cherne und knorpelige Ger\u00fcst der Nase vor dem Chirurgen ausgebreitet, wie die Zeichnungen in einem Anatomieatlas. Wo sind die Abweichungen? Welcher Knorpel ist schwach? Wie ist der Zustand der B\u00e4nder, die die Nasenspitze st\u00fctzen? Wir sehen alles millimetergenau. Diese Sichtkontrolle l\u00e4sst keinen Raum f\u00fcr \u00dcberraschungen. Sie erm\u00f6glicht ein Eingreifen nicht nach Gef\u00fchl, sondern durch Sehen und Wissen.<\/p>\n<h2>Was sind die grundlegenden Unterschiede zwischen der offenen und der geschlossenen Technik?<\/h2>\n<p>Meine Patienten kommen manchmal mit Gedanken wie \u201eWenn ich die geschlossene Technik w\u00e4hle, erhole ich mich schneller, und es bleibt keine Narbe\u201c zu mir. Doch die Realit\u00e4t ist etwas anders. Der grundlegende Unterschied zwischen beiden Techniken ist das Sichtfeld des Chirurgen. Bei der geschlossenen Technik liegen alle Schnitte im Inneren der Nasenl\u00f6cher, von au\u00dfen ist nichts zu sehen. Der Chirurg muss jedoch, um die Symmetrie der Knorpel an der Nasenspitze zu erreichen, in hohem Ma\u00dfe auf seine Erfahrung und das Tastgef\u00fchl in den Fingerspitzen vertrauen.<\/p>\n<p>Bei der offenen Technik hingegen verf\u00fcgen wir \u00fcber beid\u00e4ugiges (binokulares) Sehen mit Tiefenwahrnehmung. Wir k\u00f6nnen die rechte und die linke Seite der Nase gleichzeitig sehen und vergleichen. Asymmetrien zu korrigieren, millimetergenaue N\u00e4hte zu setzen und die Knorpel neu zu formen, verl\u00e4uft bei der offenen Technik deutlich kontrollierter. Insbesondere die Nasenspitzen\u00e4sthetik ist der schwierigste Teil dieser Operation. Die Knorpel an der Nasenspitze (Alarknorpel) k\u00f6nnen manchmal stark asymmetrisch, manchmal sehr schwach oder formlos sein. Um diese Strukturen wie ein Bildhauer zu bearbeiten, liefert uns die offene Technik die Leinwand, die wir brauchen.<\/p>\n<p>Die gr\u00f6\u00dften Vorteile der offenen Technik k\u00f6nnen wir wie folgt aufz\u00e4hlen:<\/p>\n<ul>\n<li>Direkte Sicht<\/li>\n<li>Vollst\u00e4ndige Kontrolle<\/li>\n<li>Pr\u00e4zise Formgebung<\/li>\n<li>Symmetriekontrolle<\/li>\n<li>Greft-Fixierung<\/li>\n<\/ul>\n<h2>Wie werden Atemprobleme w\u00e4hrend der Operation behoben?<\/h2>\n<p>Ein gro\u00dfer Teil meiner Patienten, die sich wegen einer Nasenoperation vorstellen, kommt nicht nur mit \u00e4sthetischen Sorgen, sondern auch mit Beschwerden zur Nasenatmung wie \u201eIch kann durch meine Nase nicht atmen\u201c, \u201eDoktor, ich schlafe nachts mit offenem Mund\u201c oder \u201eIch wache morgens m\u00fcde auf\u201c. Als Hals-Nasen-Ohren-Arzt ist die Atmung f\u00fcr mich die wichtigste rote Linie in der \u00c4sthetik. Eine Nase, die nicht atmet, ist eine misslungene Operation, selbst wenn sie die sch\u00f6nste Form der Welt h\u00e4tte.<\/p>\n<p>W\u00e4hrend einer offenen Rhinoplastik operieren wir nicht nur die Au\u00dfenseite der Nase, sondern auch die Innenseite. Das Begradigen von Kr\u00fcmmungen (Devia tion) der \u201eSeptum\u201c-Struktur, also der Nasenscheidewand, ist die Grundlage dieser Arbeit. Wenn das Septum zu einer Seite hin verkr\u00fcmmt ist, verengt es den Atemweg auf dieser Seite. Wir korrigieren diese Kr\u00fcmmung und verwenden den dabei entnommenen Knorpel zugleich als \u201eErsatzteil\u201c, um Ihre Nase zu formen. So schlagen wir zwei Fliegen mit einer Klappe.<\/p>\n<p>Au\u00dferdem reparieren wir den sogenannten \u201enasalen Valve\u201c, den engsten und f\u00fcr den Luftstrom kritischsten Bereich der Nase. Wenn wir den Nasenr\u00fccken verschm\u00e4lern, verwenden wir spezielle Knorpelst\u00fccke (Spreader-Grafts), um den Atemweg nicht zu verengen. Diese St\u00fccke verhindern, dass die Nasenfl\u00fcgel beim Atmen nach innen kollabieren, und erweitern den Atemweg. In derselben Sitzung k\u00f6nnen wir auch die Nasenmuscheln (Konchen) behandeln, um den Atemweg maximal zu \u00f6ffnen. Kurz gesagt: Wir korrigieren sowohl den inneren als auch den \u00e4u\u00dferen Teil der Nase gemeinsam.<\/p>\n<p>Die grundlegenden Faktoren, die zu Atemproblemen f\u00fchren, sind:<\/p>\n<ul>\n<li>Septumdeviation<\/li>\n<li>Konchahypertrophie<\/li>\n<li>Nasenklappenenge<\/li>\n<li>Nasenpolypen<\/li>\n<li>Allergische Rhinitis<\/li>\n<\/ul>\n\t\t<\/div>\n\t\t\t\t\n<style>\n#col-459516037 > .col-inner {\n  margin: 0px 0px -45px 0px;\n}\n<\/style>\n\t<\/div>\n\n\t\n<\/div>\n\t\t<\/div>\n\n\t\t\n<style>\n#section_987074158 {\n  padding-top: 30px;\n  padding-bottom: 30px;\n}\n<\/style>\n\t<\/section>\n\t\n\n\t<section class=\"section\" id=\"section_1022107379\">\n\t\t<div class=\"section-bg fill\" >\n\t\t\t\t\t\t\t\t\t\n\t\t\t\n\n\t\t<\/div>\n\n\t\t\n\n\t\t<div class=\"section-content relative\">\n\t\t\t\r\n\r\n<div class=\"row\"  id=\"row-1622213271\">\r\n\r\n\n\t<div id=\"col-1017615217\" class=\"col small-12 large-12\"  >\n\t\t\t\t<div class=\"col-inner\"  >\n\t\t\t\n\t<div class=\"is-border\"\n\t\tstyle=\"border-color:rgb(31, 67, 123);border-radius:10px;border-width:2px 2px 2px 2px;\">\n\t<\/div>\n\t\t\t\r\n\r\n<div class=\"row align-middle\"  id=\"row-1394179220\">\r\n\r\n\n\t<div id=\"col-2107406262\" class=\"col medium-8 small-12 large-8\"  >\n\t\t\t\t<div class=\"col-inner\"  >\n\t\t\t\n\t\t\t\r\n\r\n\t<div id=\"text-2570053849\" class=\"text\">\n\t\t\r\n\r\n<div><strong>Kontaktieren Sie uns, um Informationen zu den Behandlungen zu erhalten und einen Termin zu vereinbaren!<\/strong><\/div>\r\n\t\t\n<style>\n#text-2570053849 {\n  font-size: 1.25rem;\n  text-align: center;\n  color: #1f437b;\n}\n#text-2570053849 > * {\n  color: #1f437b;\n}\n@media (min-width:550px) {\n  #text-2570053849 {\n    text-align: left;\n  }\n}\n<\/style>\n\t<\/div>\n\t\r\n\r\n\t\t<\/div>\n\t\t\t\t\t<\/div>\n\n\t\r\n\n\t<div id=\"col-418026687\" class=\"col medium-4 small-12 large-4\"  >\n\t\t\t\t<div class=\"col-inner text-right\"  >\n\t\t\t\n\t\t\t\r\n\r\n<a href=\"https:\/\/api.whatsapp.com\/send\/?phone=905075360107\" class=\"button success\" style=\"border-radius:5px;\" target=\"_blank\" rel=\"noopener\">\n\t\t<span>\u00dcber WhatsApp kontaktieren<\/span>\n\t<i class=\"icon-whatsapp\" aria-hidden=\"true\"><\/i><\/a>\n\r\n\r\n\r\n\t\t<\/div>\n\t\t\t\t\t<\/div>\n\n\t\r\n\r\n<\/div>\r\n\r\n\t\t<\/div>\n\t\t\t\t\n<style>\n#col-1017615217 > .col-inner {\n  padding: 30px 15px 0px 15px;\n  margin: 0px 0px -30px 0px;\n}\n@media (min-width:550px) {\n  #col-1017615217 > .col-inner {\n    padding: 30px 20px 0px 20px;\n  }\n}\n<\/style>\n\t<\/div>\n\n\t\r\n\r\n<\/div>\r\n\r\n\t\t<\/div>\n\n\t\t\n<style>\n#section_1022107379 {\n  padding-top: 0px;\n  padding-bottom: 0px;\n}\n<\/style>\n\t<\/section>\n\t\r\n\n\n\t<section class=\"section\" id=\"section_2108909837\">\n\t\t<div class=\"section-bg fill\" >\n\t\t\t\t\t\t\t\t\t\n\t\t\t\n\n\t\t<\/div>\n\n\t\t\n\n\t\t<div class=\"section-content relative\">\n\t\t\t\n<div class=\"row\"  id=\"row-1937039272\">\n\n\t<div id=\"col-1039593188\" class=\"col small-12 large-12\"  >\n\t\t\t\t<div class=\"col-inner\"  >\n\t\t\t\n\t\t\t\n<h2>Wie werden die pr\u00e4operative Planung und Erwartungen gesteuert?<\/h2>\n<p>Das Geheimnis einer erfolgreichen Operation ist, dass Chirurg und Patient dieselbe Sprache sprechen. Jeder hat ein anderes Verst\u00e4ndnis von \u201esch\u00f6n\u201c. Die Nase, die Sie als \u201enat\u00fcrlich\u201c bezeichnen, muss nicht mit meinem Verst\u00e4ndnis von \u201enat\u00fcrlich\u201c \u00fcbereinstimmen. Deshalb ist der pr\u00e4operative Prozess mindestens genauso wichtig wie der Eingriff selbst.<\/p>\n<p>Das Vorgespr\u00e4ch vor der Operation ist vielleicht die wichtigste Phase der gesamten Operation. In der Praxis h\u00f6ren wir Ihnen aufmerksam zu, untersuchen Ihr Gesicht und machen professionelle Fotos. Wir erkl\u00e4ren detailliert, welche Ma\u00dfnahmen an Ihrer Nase m\u00f6glich sind, und zeigen dies anhand von Beispielpatienten und Formen. Auf Ihren aufgenommenen Fotos f\u00fchren wir millimetergenaue Analysen durch. Ihre Stirnstruktur, ob Ihre Kinnspitze nach hinten oder vorne steht, die Asymmetrie zwischen den beiden Gesichtsh\u00e4lften, Ihre Lippenstruktur, Ihre Wangenknochen \u2026 all dies sind Faktoren, die beeinflussen, wie Ihre Nase aussehen sollte. Dank computergest\u00fctzter Simulationsprogramme zeigen wir Ihnen zur Orientierung das m\u00f6gliche Ergebnis nach der Operation auf dem Bildschirm.<\/p>\n<p>Hier bitte ich Sie, Folgendes nicht zu vergessen: Simulationen sind keine \u201eGarantie\u201c-Dokumente, sondern Kommunikationsmittel. Sie helfen Ihnen, visuell zu verstehen, was Ihr Chirurg plant, wie stark der Nasenh\u00f6cker abgetragen wird und wie weit die Spitze angehoben wird. In dieser Phase ist es sehr wichtig, dass Ihre Erwartungen realistisch sind. Unser Ziel ist nicht, Sie in eine v\u00f6llig andere Person zu verwandeln, sondern Ihre \u201ebeste Version\u201c zu zeigen, die am besten zu Ihrem Gesicht passt und Ihren Charakter erg\u00e4nzt. Eine Simulation ist eine computerbasierte Zeichnung zur Orientierung auf einem Bild, w\u00e4hrend die Operation ein Prozess ist, der an lebendem Gewebe mit der Hand durchgef\u00fchrt wird und im Laufe der Zeit heilt.<\/p>\n<h2>Welche Knorpel-(Greft-)Quellen werden bei der Nasenformung verwendet?<\/h2>\n<p>Das wertvollste Material, das wir beim Wiederaufbau der Nase verwenden, ist Knorpel. Fremdmaterialien, Silikone oder synthetische F\u00fcllstoffe bieten in der Nasenchirurgie keine dauerhafte L\u00f6sung und bergen das Risiko von Reaktionen. Das k\u00f6rpereigene Gewebe ist das sicherste und am besten vertr\u00e4gliche Material.<\/p>\n<p>Unsere erste und wichtigste Knorpelquelle ist der Septumknorpel im Inneren Ihrer Nase. Dieser Knorpel, den wir beim Begradigen von Kr\u00fcmmungen entnehmen, ist aufgrund seiner geraden und festen Struktur ein hervorragendes Baumaterial. Wir formen ihn und verwenden ihn, um den Nasenr\u00fccken zu korrigieren, die Spitze zu st\u00fctzen und Abweichungen zu beseitigen.<\/p>\n<p>In manchen F\u00e4llen, insbesondere bei bereits operierten Patienten (Revision), kann der Septumknorpel jedoch unzureichend sein oder gar nicht mehr vorhanden sein. In diesem Fall holen wir Hilfe aus \u201ebenachbarten\u201c Bereichen. Der Ohrknorpel ist von Natur aus gebogen und weich; daher eignet er sich hervorragend, um der Nasenspitze Form zu geben oder Defizite zu kaschieren. Wenn deutlich st\u00e4rkerer und mehr Knorpel ben\u00f6tigt wird, greifen wir auf Rippenknorpel zur\u00fcck, den wir \u00fcber einen kleinen Schnitt entnehmen. Ein kleines St\u00fcck aus dem knorpeligen Anteil, der sich im vorderen und unteren Bereich der Rippen befindet, verursacht in der Regel keine gr\u00f6\u00dferen Probleme.<\/p>\n<p>Die Greft-Quellen, die wir h\u00e4ufig verwenden, sind:<\/p>\n<ul>\n<li>Septumknorpel<\/li>\n<li>Ohrknorpel<\/li>\n<li>Rippenknorpel<\/li>\n<\/ul>\n\t\t<\/div>\n\t\t\t\t\n<style>\n#col-1039593188 > .col-inner {\n  margin: 0px 0px -45px 0px;\n}\n<\/style>\n\t<\/div>\n\n\t\n<\/div>\n\t\t<\/div>\n\n\t\t\n<style>\n#section_2108909837 {\n  padding-top: 30px;\n  padding-bottom: 30px;\n}\n<\/style>\n\t<\/section>\n\t\n\n\t<section class=\"section\" id=\"section_1927631844\">\n\t\t<div class=\"section-bg fill\" >\n\t\t\t\t\t\t\t\t\t\n\t\t\t\n\n\t\t<\/div>\n\n\t\t\n\n\t\t<div class=\"section-content relative\">\n\t\t\t\r\n\r\n<div class=\"row\"  id=\"row-870873419\">\r\n\r\n\n\t<div id=\"col-1405331529\" class=\"col small-12 large-12\"  >\n\t\t\t\t<div class=\"col-inner\"  >\n\t\t\t\n\t<div class=\"is-border\"\n\t\tstyle=\"border-color:rgb(45, 48, 78);border-radius:10px;border-width:2px 2px 2px 2px;\">\n\t<\/div>\n\t\t\t\r\n\r\n<div class=\"row\"  id=\"row-1309381635\">\r\n\r\n\n\t<div id=\"col-1052387683\" class=\"col medium-7 small-12 large-7\"  >\n\t\t\t\t<div class=\"col-inner\"  >\n\t\t\t\n\t\t\t\r\n\r\n\t<div id=\"text-942977359\" class=\"text\">\n\t\t\r\n\r\n<p><strong>Kontakt aufnehmen!<\/strong><\/p>\r\n\t\t\n<style>\n#text-942977359 {\n  font-size: 1.5rem;\n  text-align: center;\n  color: #1f437b;\n}\n#text-942977359 > * {\n  color: #1f437b;\n}\n@media (min-width:550px) {\n  #text-942977359 {\n    text-align: left;\n  }\n}\n<\/style>\n\t<\/div>\n\t\r\n\t<div id=\"text-876075465\" class=\"text\">\n\t\t\r\n\r\n<div>Kontaktieren Sie uns, um Informationen zu den Behandlungen zu erhalten und einen Termin zu vereinbaren!<\/div>\r\n\t\t\n<style>\n#text-876075465 {\n  font-size: 1.25rem;\n  text-align: center;\n  color: #2d304e;\n}\n#text-876075465 > * {\n  color: #2d304e;\n}\n@media (min-width:550px) {\n  #text-876075465 {\n    text-align: left;\n  }\n}\n<\/style>\n\t<\/div>\n\t\r\n\r\n\t\t<\/div>\n\t\t\t\t\n<style>\n#col-1052387683 > .col-inner {\n  margin: 0px 0px 0px 0px;\n}\n@media (min-width:550px) {\n  #col-1052387683 > .col-inner {\n    margin: 0px 0px -30px 0px;\n  }\n}\n<\/style>\n\t<\/div>\n\n\t\r\n\n\t<div id=\"col-1104046979\" class=\"col medium-5 small-12 large-5\"  >\n\t\t\t\t<div class=\"col-inner\"  >\n\t\t\t\n\t\t\t\r\n\r\n\n<div class=\"wpcf7 no-js\" id=\"wpcf7-f668-o1\" lang=\"de-DE\" dir=\"ltr\" data-wpcf7-id=\"668\">\n<div class=\"screen-reader-response\"><p role=\"status\" aria-live=\"polite\" aria-atomic=\"true\"><\/p> <ul><\/ul><\/div>\n<form action=\"\/de\/wp-json\/wp\/v2\/pages\/769#wpcf7-f668-o1\" method=\"post\" class=\"wpcf7-form init\" aria-label=\"Kontaktformular\" novalidate=\"novalidate\" data-status=\"init\">\n<fieldset class=\"hidden-fields-container\"><input type=\"hidden\" name=\"_wpcf7\" value=\"668\" \/><input type=\"hidden\" name=\"_wpcf7_version\" value=\"6.1.5\" \/><input type=\"hidden\" name=\"_wpcf7_locale\" value=\"de_DE\" \/><input type=\"hidden\" name=\"_wpcf7_unit_tag\" value=\"wpcf7-f668-o1\" \/><input type=\"hidden\" name=\"_wpcf7_container_post\" value=\"0\" \/><input type=\"hidden\" name=\"_wpcf7_posted_data_hash\" value=\"\" \/>\n<\/fieldset>\n<div class=\"randevu-form\">\n\t<div class=\"form-row\">\n\t\t<p><span class=\"wpcf7-form-control-wrap\" data-name=\"text-340\"><input size=\"40\" maxlength=\"400\" class=\"wpcf7-form-control wpcf7-text wpcf7-validates-as-required\" autocomplete=\"name\" aria-required=\"true\" aria-invalid=\"false\" placeholder=\"Vor- und Nachname\" value=\"\" type=\"text\" name=\"text-340\" \/><\/span><br \/>\n<span class=\"wpcf7-form-control-wrap\" data-name=\"tel-10\"><input size=\"40\" maxlength=\"400\" class=\"wpcf7-form-control wpcf7-tel wpcf7-validates-as-required wpcf7-text wpcf7-validates-as-tel\" autocomplete=\"name\" aria-required=\"true\" aria-invalid=\"false\" placeholder=\"Telefon\" value=\"\" type=\"tel\" name=\"tel-10\" \/><\/span>\n\t\t<\/p>\n\t<\/div>\n\t<div class=\"form-full\">\n\t\t<p><span class=\"wpcf7-form-control-wrap\" data-name=\"text-342\"><input size=\"40\" maxlength=\"400\" class=\"wpcf7-form-control wpcf7-text wpcf7-validates-as-required\" autocomplete=\"name\" aria-required=\"true\" aria-invalid=\"false\" placeholder=\"Bitte beschreiben Sie das Anliegen kurz\" value=\"\" type=\"text\" name=\"text-342\" \/><\/span>\n\t\t<\/p>\n\t<\/div>\n\t<p><button type=\"submit\">Termin vereinbaren<\/button>\n\t<\/p>\n<\/div><p style=\"display: none !important;\" class=\"akismet-fields-container\" data-prefix=\"_wpcf7_ak_\"><label>&#916;<textarea name=\"_wpcf7_ak_hp_textarea\" cols=\"45\" rows=\"8\" maxlength=\"100\"><\/textarea><\/label><input type=\"hidden\" id=\"ak_js_1\" name=\"_wpcf7_ak_js\" value=\"236\"\/><script>document.getElementById( \"ak_js_1\" ).setAttribute( \"value\", ( new Date() ).getTime() );<\/script><\/p><div class=\"wpcf7-response-output\" aria-hidden=\"true\"><\/div>\n<\/form>\n<\/div>\n\r\n\r\n\r\n\t\t<\/div>\n\t\t\t\t\n<style>\n#col-1104046979 > .col-inner {\n  margin: 0px 0px -20px 0px;\n}\n@media (min-width:550px) {\n  #col-1104046979 > .col-inner {\n    margin: 0px 0px -30px 0px;\n  }\n}\n<\/style>\n\t<\/div>\n\n\t\r\n\r\n<\/div>\r\n\r\n\t\t<\/div>\n\t\t\t\t\n<style>\n#col-1405331529 > .col-inner {\n  padding: 30px 15px 0px 15px;\n  margin: 0px 0px -30px 0px;\n}\n@media (min-width:550px) {\n  #col-1405331529 > .col-inner {\n    padding: 30px 20px 0px 20px;\n  }\n}\n<\/style>\n\t<\/div>\n\n\t\r\n\r\n<\/div>\r\n\r\n\t\t<\/div>\n\n\t\t\n<style>\n#section_1927631844 {\n  padding-top: 0px;\n  padding-bottom: 0px;\n}\n<\/style>\n\t<\/section>\n\t\r\n\n\n\t<section class=\"section\" id=\"section_409138651\">\n\t\t<div class=\"section-bg fill\" >\n\t\t\t\t\t\t\t\t\t\n\t\t\t\n\n\t\t<\/div>\n\n\t\t\n\n\t\t<div class=\"section-content relative\">\n\t\t\t\n<div class=\"row\"  id=\"row-1932488586\">\n\n\t<div id=\"col-1731406017\" class=\"col small-12 large-12\"  >\n\t\t\t\t<div class=\"col-inner\"  >\n\t\t\t\n\t\t\t\n<h2>Was tr\u00e4gt die Piezo-Chirurgie (Ultraschall-Rhinoplastik) zum Prozess bei?<\/h2>\n<p>Mit der technologischen Entwicklung haben sich auch unsere chirurgischen Instrumente weiterentwickelt. Die Mei\u00dfel und H\u00e4mmer, die wir fr\u00fcher zur Formung der Nasenknochen verwendeten, wurden weitgehend durch \u201ePiezo\u201c-Ger\u00e4te ersetzt, die mit ultrasonischen Schallwellen arbeiten.<\/p>\n<p>Das Prinzip der Piezo-Chirurgie ist folgendes: Das Ger\u00e4t erzeugt Schwingungen in einer speziellen Frequenz, die nur harte Gewebe wie Knochen schneiden k\u00f6nnen. W\u00e4hrend diese Schwingungen den Knochen glatt und pr\u00e4zise formen \u2013 wie beim Schneiden von Butter \u2013 sch\u00e4digen sie das unmittelbar benachbarte Weichgewebe, Gef\u00e4\u00dfe, Nerven oder die Schleimhaut im Inneren der Nase \u00fcberhaupt nicht. Sobald das Ger\u00e4t Weichgewebe ber\u00fchrt, stoppt es.<\/p>\n<p>Was bringt uns diese Selektivit\u00e4t? Zun\u00e4chst erm\u00f6glicht sie, die Knochen fein zu schneiden und zu modellieren, ohne sie zu brechen. Dadurch erhalten wir deutlich elegantere und glattere Nasenr\u00fccken. Der zweite und f\u00fcr Patienten wichtigste Vorteil ist die geringere Traumatisierung. Da Weichgewebe und Gef\u00e4\u00dfe nicht verletzt werden, sind Bluterg\u00fcsse und Schwellungen um die Augen nach der Operation viel geringer. Der Heilungsprozess beschleunigt sich, und unsere Patienten kehren schneller in ihr soziales Leben zur\u00fcck. Da die offene Technik den notwendigen gro\u00dfen Zugang bietet, damit die Piezo-Spitzen die Knochenstruktur bequem erreichen k\u00f6nnen, erg\u00e4nzen sich diese beiden Methoden perfekt.<\/p>\n<h2>Wie ver\u00e4ndert sich das Vorgehen bei Patienten mit Gesichtsasymmetrie?<\/h2>\n<p>Bei vielen meiner Patienten, die mit einer Nasenschiefstellung kommen, liegt auch eine Gesichtsasymmetrie vor. Das hei\u00dft, eine Gesichtsh\u00e4lfte ist hypoplastisch und im Vergleich zur anderen kleiner. H\u00e4ufig sind Kiefer oder Gesichtsknochen und auch das Auge auf einer Seite im Vergleich zur anderen kleiner. W\u00e4hrend man im Volksmund gesagt genetische Eigenschaften aus \u201esieben Generationen\u201c (Mutter, Vater, Onkel, Tante usw.) \u00fcbernimmt, k\u00f6nnen sich manchmal die kn\u00f6chernen Strukturen im Gesicht (meist eine Gesichtsh\u00e4lfte) unterscheiden. Manchmal kann diese Asymmetrie auch \u00fcber Kreuz auftreten. So wie bei einem Haus, das an einem Hang auf schr\u00e4gem Gel\u00e4nde gebaut wird, sind die \u201eW\u00e4nde\u201c nicht gleich hoch, und auch die Nasenfl\u00fcgel sind nicht gleich lang. Wie die Wand auf der unteren Seite des Hangs l\u00e4nger ist und die obere Seite k\u00fcrzer, so kann der Nasenfl\u00fcgel auf der kleineren Gesichtsh\u00e4lfte l\u00e4nger und flacher sein. Au\u00dferdem k\u00f6nnen sich nach dem Bau eines Geb\u00e4udes am Hang durch die Schwerkraft im Laufe der Zeit leichte Risse bilden oder es kann sich minimal neigen. Um ein Haus am Hang zu bauen, werden unterschiedliche Techniken angewendet. \u00c4hnlich bewerten wir unsere Patienten mit Gesichtsasymmetrie durch eine detaillierte Untersuchung und ein ausf\u00fchrliches Vorgespr\u00e4ch und wenden w\u00e4hrend der Operation spezielle Methoden an, damit sich die Schiefstellung nicht wiederholt. Nach der Operation lassen wir zudem f\u00fcr eine gewisse Zeit ein silikonbasiertes Nasenloch-ausgleichendes Hilfsmittel (Nostril Retainer) verwenden. Insbesondere bei Patienten mit ausgepr\u00e4gter Gesichtsasymmetrie kann trotz aller Ma\u00dfnahmen, obwohl die pr\u00e4operative Nasenschiefstellung zu einem sehr gro\u00dfen Teil korrigiert wurde, aufgrund der Gesichtsasymmetrie eine minimale Schiefstellung oder eine sehr geringe Ungleichheit der Nasenl\u00f6cher erneut auftreten.<\/p>\n<p>Bei Gesichtsasymmetrie:<\/p>\n<ul>\n<li>Planung der M\u00f6glichkeiten durch ausf\u00fchrliches Gespr\u00e4ch mit dem Patienten<\/li>\n<li>Ausd\u00fcnnung der Knochenst\u00e4rke an der Stelle mit Neigung<\/li>\n<li>Verwendung von Knorpelgrefts<\/li>\n<li>Aufbau einer st\u00e4rkeren Nasenskelet tstruktur<\/li>\n<li>Hinzuf\u00fcgen einer Nasenbasis-Chirurgie in der Regel<\/li>\n<li>Verwendung eines Nostril Retainers<\/li>\n<\/ul>\n<h2>Wie ver\u00e4ndert sich das Vorgehen bei Patienten mit dicker und d\u00fcnner Haut?<\/h2>\n<p>Die Hautstruktur jedes Patienten ist ein Faktor, der das Ergebnis der Operation direkt beeinflusst. Egal wie perfekt wir das Ger\u00fcst gestalten, die dar\u00fcberliegende Haut als \u201eStoff\u201c zeigt oder verbirgt das Resultat.<\/p>\n<p>Dicke Hautnasen sind f\u00fcr Chirurgen eine besondere Herausforderung. Eine dicke und fettige Haut ist wie eine dicke Decke; sie maskiert die feinen Details darunter. Bei diesen Patienten geht es weniger darum, die Nase zu verkleinern, als vielmehr darum, das Ger\u00fcst zu st\u00e4rken und eine Struktur aufzubauen, die die Haut tragen kann. Wenn Sie die Knorpel einer dickh\u00e4utigen Nase zu stark verkleinern, kann sich die Haut nicht anpassen und es entsteht ein formloses Erscheinungsbild. Bei der offenen Technik haben wir die M\u00f6glichkeit, die dicke Haut sicher \u2013 ohne sie zu verletzen \u2013 auszud\u00fcnnen (Degloving) und die darunterliegende Struktur entsprechend aufzubauen. Der wichtigste Punkt, den unsere Patienten mit dicker Haut wissen sollten, ist jedoch, dass das Abschwellen und die endg\u00fcltige Formgebung der Nase l\u00e4nger dauern werden. In einigen F\u00e4llen kann bei unseren dickh\u00e4utigen Patienten zus\u00e4tzlich eine medikament\u00f6se Anti-\u00d6dem-Therapie oder eine verd\u00fcnnte Kortikosteroid-Injektion unter die Haut erforderlich sein.<\/p>\n<p>D\u00fcnnh\u00e4utige Nasen sind genau das Gegenteil. Wie ein feiner Seidenstoff zeigen sie selbst die kleinste Unebenheit, sogar eine Erhebung in der Gr\u00f6\u00dfe eines Stecknadelkopfes. Deshalb muss die Chirurgie bei d\u00fcnnh\u00e4utigen Patienten perfekt sein. \u00dcberg\u00e4nge zwischen Knochen und Knorpel m\u00fcssen glatt sein, und scharfe Kanten d\u00fcrfen nicht zur\u00fcckbleiben. H\u00e4ufig tarnen wir das Knorpelger\u00fcst, indem wir es mit einem sehr fein zerkleinerten \u201eTeig\u201c aus Knorpel bedecken, den wir aus dem Inneren der Nase entnehmen, oder mit weichen Abdeckungen (Faszie) aus dem k\u00f6rpereigenen Gewebe des Patienten.<\/p>\n<p>H\u00e4ufige Situationen bei dickh\u00e4utigen Patienten sind:<\/p>\n<ul>\n<li>Langanhaltendes \u00d6dem<\/li>\n<li>Weniger sichtbare Details<\/li>\n<li>Ver\u00e4nderung der Hautqualit\u00e4t<\/li>\n<li>Risiko von Narbengewebe<\/li>\n<li>Zus\u00e4tzliche medikament\u00f6se Therapie<\/li>\n<\/ul>\n<h2>Worauf wird bei der Nasenspitzen\u00e4sthetik (Tip Plasty) geachtet?<\/h2>\n<p>Die Nasenspitze ist der auff\u00e4lligste und komplexeste Teil der \u00c4sthetik. Sie ist einer der ersten Punkte, die beim Blick ins Gesicht ins Auge fallen. Eine h\u00e4ngende Nasenspitze kann Sie \u00e4lter und m\u00fcder wirken lassen, w\u00e4hrend eine \u00fcberm\u00e4\u00dfig hochgezogene Nasenspitze zu einem k\u00fcnstlichen Ausdruck f\u00fchren kann.<\/p>\n<p>Die gr\u00f6\u00dfte St\u00e4rke der offenen Rhinoplastik zeigt sich an der Nasenspitze. Die fl\u00fcgelf\u00f6rmigen Strukturen, die die Nasenspitze bilden und die wir \u201eAlarknorpel\u201c nennen, sind bei jedem Menschen unterschiedlich. Bei manchen sind sie sehr breit und lassen die Nase kugelig erscheinen, bei manchen sind sie asymmetrisch, und bei manchen sind sie sehr schwach.<\/p>\n<p>W\u00e4hrend der Operation formen wir diese Knorpel mit speziellen Nahttechniken. Wir verschm\u00e4lern die Spitze, heben sie an (Rotation) und bringen sie in eine Projektion (Vorstehen nach vorne), die mit Ihrem Gesicht harmoniert. Mit einem Ansatz, den wir das \u201ePolygon\u201c-Konzept nennen, versuchen wir, an der Nasenspitze eine rauten\u00e4hnliche Form zu schaffen, bei der Licht- und Schattenspiele nat\u00fcrlich wirken. Unser Ziel ist eine elegante Nasenspitze mit nat\u00fcrlichen Kurven, nicht eine, die wie mit einer Klammer zusammengedr\u00fcckt aussieht.<\/p>\n<h2>Wie verl\u00e4uft der Heilungsprozess und worauf sollte man achten?<\/h2>\n<p>Die Operation ist beendet, nun beginnt die Heilungsphase. Dies ist die Zeit, in der meine Patienten am meisten besorgt sind, aber glauben Sie mir: Dank Technologie und moderner Techniken ist dieser Prozess heute viel komfortabler.<\/p>\n<p>In der ersten Nacht bleiben Sie als unser Gast im Krankenhaus. Dass Ihr Kopf hochgelagert ist (zwei Kissen), ist wichtig, um Schwellungen und Sekrete zu reduzieren. Die von uns angewendeten kalten Kompressen (Eis) um die Augen helfen, Schwellungen auf ein Minimum zu reduzieren. Haben Sie keine Angst vor Schmerzen; die meisten meiner Patienten berichten nicht von Schmerzen, sondern von einem Druckgef\u00fchl aufgrund der verstopften Nase. Mit einfachen Schmerzmitteln kommen Sie sehr gut durch diese Phase.<\/p>\n<p>In die Nase legen wir heute nicht mehr die meterlange Gazetamponade ein. Stattdessen platzieren wir weiche Silikonschienen mit einer \u00d6ffnung, die Ihnen das Atmen erm\u00f6glicht (Doyle-Splints). Das Entfernen ist eine Sache von Sekunden, und unsere Patienten versp\u00fcren in der Regel keine Schmerzen.<\/p>\n<p>Auf Ihrer Nase wird eine thermoplastische Schiene (Gips) f\u00fcr eine Woche bleiben. Um den 7. Tag herum entfernen wir diese Schiene und die inneren Silikonschienen. In diesem Moment sehen Sie Ihre Nase zum ersten Mal. Ihre Nase wird geschwollen sein, vielleicht f\u00fchlen Sie sich etwas \u00f6demat\u00f6s, aber das Gl\u00fcck dieses Moments, die Ver\u00e4nderung im Spiegel zu sehen, ist unbezahlbar.<\/p>\n<p>W\u00e4hrend des Heilungsprozesses sollten Sie Folgendes vermeiden:<\/p>\n<ul>\n<li>Tragen einer Sonnenbrille<\/li>\n<li>Sehr hei\u00dfes Baden<\/li>\n<li>Sportarten mit Kontakt\/Schl\u00e4gen<\/li>\n<li>Schweres Heben<\/li>\n<li>Schn\u00e4uzen<\/li>\n<\/ul>\n<h2>Warum ist eine Revisionsrhinoplastik ein komplexerer Prozess?<\/h2>\n<p>Manchmal l\u00e4uft es beim ersten Mal nicht wie gew\u00fcnscht, oder Sie sind mit einer Operation, die Sie vor Jahren hatten, nicht zufrieden. In solchen F\u00e4llen kommt die \u201eRevisionsrhinoplastik\u201c ins Spiel. Revisionen, also Korrekturoperationen, sind technisch anspruchsvoller als die erste Operation.<\/p>\n<p>Warum? Weil die Anatomie durch die erste Operation ver\u00e4ndert wurde. Knorpel wurden verschoben, einige entfernt, und unter der Haut haben sich Verwachsungen gebildet, die wir \u201eNarbengewebe\u201c nennen. Wenn der Chirurg die Nase wieder \u00f6ffnet, kann er nicht zu 100 % wissen, was ihn im Inneren erwartet. Deshalb erfordert die Revisionschirurgie viel Erfahrung und Geduld.<\/p>\n<p>Die offene Technik ist bei Revisionsf\u00e4llen nahezu zwingend. Denn um die komplexe Struktur und Verwachsungen im Inneren sicher zu l\u00f6sen und die Anatomie neu aufzubauen, ben\u00f6tigen wir ein weites Sichtfeld. Bei Revisionen ist der Septumknorpel des Patienten h\u00e4ufig aufgebraucht, sodass wir zum Wiederaufbau des Nasendachs meist Rippenknorpel ben\u00f6tigen. Wie bekannt ist, bestehen die vorderen Teile der Rippen, insbesondere vorne unten, aus Knorpel, um die Elastizit\u00e4t des Brustkorbs zu gew\u00e4hrleisten. Wir entnehmen bei Bedarf aus dieser knorpeligen Struktur, meist aus dem vorderen unteren Bereich, ein kleines St\u00fcck, bereiten es auf und verwenden es. Meine Patienten fragen manchmal: \u201eRippe? Ist das nicht sehr schwierig?\u201c Doch mit modernen Methoden erm\u00f6glicht uns ein kleines St\u00fcck Rippenknorpel, ein stabiles Ger\u00fcst aufzubauen, das Ihre Nase ein Leben lang tr\u00e4gt, und die Schmerzen im Rippenbereich klingen in der Regel innerhalb weniger Tage ab.<\/p>\n\t\t<\/div>\n\t\t\t\t\n<style>\n#col-1731406017 > .col-inner {\n  margin: 0px 0px -45px 0px;\n}\n<\/style>\n\t<\/div>\n\n\t\n<\/div>\n\t\t<\/div>\n\n\t\t\n<style>\n#section_409138651 {\n  padding-top: 30px;\n  padding-bottom: 30px;\n}\n<\/style>\n\t<\/section>\n\t\n\n\t<section class=\"section\" id=\"section_523335677\">\n\t\t<div class=\"section-bg fill\" >\n\t\t\t\t\t\t\t\t\t\n\t\t\t\n\n\t\t<\/div>\n\n\t\t\n\n\t\t<div class=\"section-content relative\">\n\t\t\t\r\n\r\n<div class=\"row\"  id=\"row-1896797332\">\r\n\r\n\n\t<div id=\"col-221554529\" class=\"col small-12 large-12\"  >\n\t\t\t\t<div class=\"col-inner\"  >\n\t\t\t\n\t\t\t\r\n\r\n\t<div id=\"text-2298996768\" class=\"text\">\n\t\t\r\n<h2>Neueste Beitr\u00e4ge<\/h2>\r\n\t\t\n<style>\n#text-2298996768 {\n  font-size: 1.5rem;\n}\n<\/style>\n\t<\/div>\n\t\r\n\n  \n    <div class=\"row large-columns-3 medium-columns-1 small-columns-1 slider row-slider slider-nav-circle slider-nav-outside\"  data-flickity-options='{&quot;imagesLoaded&quot;: true, &quot;groupCells&quot;: &quot;100%&quot;, &quot;dragThreshold&quot; : 5, &quot;cellAlign&quot;: &quot;left&quot;,&quot;wrapAround&quot;: true,&quot;prevNextButtons&quot;: true,&quot;percentPosition&quot;: true,&quot;pageDots&quot;: true, &quot;rightToLeft&quot;: false, &quot;autoPlay&quot; : false}' >\n\n  <div class=\"col post-item\" >\n\t\t\t<div class=\"col-inner\">\n\t\t\t\t<div class=\"box box-push box-text-bottom box-blog-post has-hover\">\n            \t\t\t\t\t<div class=\"box-image\" >\n  \t\t\t\t\t\t<div class=\"image-cover\" style=\"padding-top:56.25%;\">\n\t\t\t\t\t\t\t<a href=\"https:\/\/profdrfehmidoner.com\/de\/was-ist-eine-misslungene-nasen-op-wie-entsteht-sie-woran-erkennt-man-sie\/\" class=\"plain\" aria-label=\"Was ist eine misslungene Nasen-OP? Wie entsteht sie? Woran erkennt man sie?\">\n\t\t\t\t\t\t\t\t<img loading=\"lazy\" decoding=\"async\" width=\"711\" height=\"400\" src=\"https:\/\/profdrfehmidoner.com\/wp-content\/uploads\/2026\/02\/Basarisiz-Burun-Estetigi-Nedir-Nasil-Olur-Nasil-Anlasilir-711x400.jpg\" class=\"attachment-medium size-medium wp-post-image\" alt=\"\" srcset=\"https:\/\/profdrfehmidoner.com\/wp-content\/uploads\/2026\/02\/Basarisiz-Burun-Estetigi-Nedir-Nasil-Olur-Nasil-Anlasilir-711x400.jpg 711w, https:\/\/profdrfehmidoner.com\/wp-content\/uploads\/2026\/02\/Basarisiz-Burun-Estetigi-Nedir-Nasil-Olur-Nasil-Anlasilir-1400x788.jpg 1400w, https:\/\/profdrfehmidoner.com\/wp-content\/uploads\/2026\/02\/Basarisiz-Burun-Estetigi-Nedir-Nasil-Olur-Nasil-Anlasilir-768x432.jpg 768w, https:\/\/profdrfehmidoner.com\/wp-content\/uploads\/2026\/02\/Basarisiz-Burun-Estetigi-Nedir-Nasil-Olur-Nasil-Anlasilir-1536x864.jpg 1536w, https:\/\/profdrfehmidoner.com\/wp-content\/uploads\/2026\/02\/Basarisiz-Burun-Estetigi-Nedir-Nasil-Olur-Nasil-Anlasilir.jpg 1600w\" sizes=\"auto, (max-width: 711px) 100vw, 711px\" \/>\t\t\t\t\t\t\t<\/a>\n  \t\t\t\t\t\t\t  \t\t\t\t\t\t\t  \t\t\t\t\t\t<\/div>\n  \t\t\t\t\t\t  \t\t\t\t\t<\/div>\n          \t\t\t\t\t<div class=\"box-text text-center\" >\n\t\t\t\t\t<div class=\"box-text-inner blog-post-inner\">\n\n\t\t\t\t\t\n\t\t\t\t\t\t\t\t\t\t<h5 class=\"post-title is-large \">\n\t\t\t\t\t\t<a href=\"https:\/\/profdrfehmidoner.com\/de\/was-ist-eine-misslungene-nasen-op-wie-entsteht-sie-woran-erkennt-man-sie\/\" class=\"plain\">Was ist eine misslungene Nasen-OP? Wie entsteht sie? Woran erkennt man sie?<\/a>\n\t\t\t\t\t<\/h5>\n\t\t\t\t\t\t\t\t\t\t<div class=\"is-divider\"><\/div>\n\t\t\t\t\t\t\t\t\t\t<p class=\"from_the_blog_excerpt \">\n\t\t\t\t\t\tEine misslungene Nasen-OP ist der Zustand, bei dem nach einer Rhinoplastik die \u00e4sthetischen Erwartungen an [...]\t\t\t\t\t<\/p>\n\t\t\t\t\t                    \n\t\t\t\t\t\t\t\t\t\t\t<a href=\"https:\/\/profdrfehmidoner.com\/de\/was-ist-eine-misslungene-nasen-op-wie-entsteht-sie-woran-erkennt-man-sie\/\" class=\"button primary is-outline is-small mb-0\">\n\t\t\t\t\t\t\tWeiterlesen \u279c\t\t\t\t\t\t<\/a>\n\t\t\t\t\t\n\t\t\t\t\t\n\t\t\t\t\t<\/div>\n\t\t\t\t\t<\/div>\n\t\t\t\t\t\t\t\t\t\t\t\t\t\t\t\t<div class=\"badge absolute top post-date badge-outline\">\n\t\t\t\t\t\t\t<div class=\"badge-inner\">\n\t\t\t\t\t\t\t\t<span class=\"post-date-day\">25<\/span><br>\n\t\t\t\t\t\t\t\t<span class=\"post-date-month is-xsmall\">Feb.<\/span>\n\t\t\t\t\t\t\t<\/div>\n\t\t\t\t\t\t<\/div>\n\t\t\t\t\t\t\t\t\t<\/div>\n\t\t\t<\/div>\n\t\t<\/div><div class=\"col post-item\" >\n\t\t\t<div class=\"col-inner\">\n\t\t\t\t<div class=\"box box-push box-text-bottom box-blog-post has-hover\">\n            \t\t\t\t\t<div class=\"box-image\" >\n  \t\t\t\t\t\t<div class=\"image-cover\" style=\"padding-top:56.25%;\">\n\t\t\t\t\t\t\t<a href=\"https:\/\/profdrfehmidoner.com\/de\/anatomie-der-nase-und-ihre-funktionen\/\" class=\"plain\" aria-label=\"Anatomie der Nase und ihre Funktionen\">\n\t\t\t\t\t\t\t\t<img loading=\"lazy\" decoding=\"async\" width=\"711\" height=\"400\" src=\"https:\/\/profdrfehmidoner.com\/wp-content\/uploads\/2026\/02\/Burun-Anatomisi-ve-Islevleri-711x400.jpg\" class=\"attachment-medium size-medium wp-post-image\" alt=\"\" srcset=\"https:\/\/profdrfehmidoner.com\/wp-content\/uploads\/2026\/02\/Burun-Anatomisi-ve-Islevleri-711x400.jpg 711w, https:\/\/profdrfehmidoner.com\/wp-content\/uploads\/2026\/02\/Burun-Anatomisi-ve-Islevleri-1400x788.jpg 1400w, https:\/\/profdrfehmidoner.com\/wp-content\/uploads\/2026\/02\/Burun-Anatomisi-ve-Islevleri-768x432.jpg 768w, https:\/\/profdrfehmidoner.com\/wp-content\/uploads\/2026\/02\/Burun-Anatomisi-ve-Islevleri-1536x864.jpg 1536w, https:\/\/profdrfehmidoner.com\/wp-content\/uploads\/2026\/02\/Burun-Anatomisi-ve-Islevleri.jpg 1600w\" sizes=\"auto, (max-width: 711px) 100vw, 711px\" \/>\t\t\t\t\t\t\t<\/a>\n  \t\t\t\t\t\t\t  \t\t\t\t\t\t\t  \t\t\t\t\t\t<\/div>\n  \t\t\t\t\t\t  \t\t\t\t\t<\/div>\n          \t\t\t\t\t<div class=\"box-text text-center\" >\n\t\t\t\t\t<div class=\"box-text-inner blog-post-inner\">\n\n\t\t\t\t\t\n\t\t\t\t\t\t\t\t\t\t<h5 class=\"post-title is-large \">\n\t\t\t\t\t\t<a href=\"https:\/\/profdrfehmidoner.com\/de\/anatomie-der-nase-und-ihre-funktionen\/\" class=\"plain\">Anatomie der Nase und ihre Funktionen<\/a>\n\t\t\t\t\t<\/h5>\n\t\t\t\t\t\t\t\t\t\t<div class=\"is-divider\"><\/div>\n\t\t\t\t\t\t\t\t\t\t<p class=\"from_the_blog_excerpt \">\n\t\t\t\t\t\tDie Nasenanatomie besteht aus Knochen-, Knorpel- und Weichteilstrukturen, die den Anfangsabschnitt des Atmungssystems bilden und [...]\t\t\t\t\t<\/p>\n\t\t\t\t\t                    \n\t\t\t\t\t\t\t\t\t\t\t<a href=\"https:\/\/profdrfehmidoner.com\/de\/anatomie-der-nase-und-ihre-funktionen\/\" class=\"button primary is-outline is-small mb-0\">\n\t\t\t\t\t\t\tWeiterlesen \u279c\t\t\t\t\t\t<\/a>\n\t\t\t\t\t\n\t\t\t\t\t\n\t\t\t\t\t<\/div>\n\t\t\t\t\t<\/div>\n\t\t\t\t\t\t\t\t\t\t\t\t\t\t\t\t<div class=\"badge absolute top post-date badge-outline\">\n\t\t\t\t\t\t\t<div class=\"badge-inner\">\n\t\t\t\t\t\t\t\t<span class=\"post-date-day\">25<\/span><br>\n\t\t\t\t\t\t\t\t<span class=\"post-date-month is-xsmall\">Feb.<\/span>\n\t\t\t\t\t\t\t<\/div>\n\t\t\t\t\t\t<\/div>\n\t\t\t\t\t\t\t\t\t<\/div>\n\t\t\t<\/div>\n\t\t<\/div><div class=\"col post-item\" >\n\t\t\t<div class=\"col-inner\">\n\t\t\t\t<div class=\"box box-push box-text-bottom box-blog-post has-hover\">\n            \t\t\t\t\t<div class=\"box-image\" >\n  \t\t\t\t\t\t<div class=\"image-cover\" style=\"padding-top:56.25%;\">\n\t\t\t\t\t\t\t<a href=\"https:\/\/profdrfehmidoner.com\/de\/was-ist-ein-nasentyp-und-welche-nasentypen-gibt-es\/\" class=\"plain\" aria-label=\"Was ist ein Nasentyp und welche Nasentypen gibt es?\">\n\t\t\t\t\t\t\t\t<img loading=\"lazy\" decoding=\"async\" width=\"711\" height=\"400\" src=\"https:\/\/profdrfehmidoner.com\/wp-content\/uploads\/2026\/02\/Burun-Tipi-Nedir-Burun-Tipleri-Nelerdir-711x400.jpg\" class=\"attachment-medium size-medium wp-post-image\" alt=\"\" srcset=\"https:\/\/profdrfehmidoner.com\/wp-content\/uploads\/2026\/02\/Burun-Tipi-Nedir-Burun-Tipleri-Nelerdir-711x400.jpg 711w, https:\/\/profdrfehmidoner.com\/wp-content\/uploads\/2026\/02\/Burun-Tipi-Nedir-Burun-Tipleri-Nelerdir-1400x788.jpg 1400w, https:\/\/profdrfehmidoner.com\/wp-content\/uploads\/2026\/02\/Burun-Tipi-Nedir-Burun-Tipleri-Nelerdir-768x432.jpg 768w, https:\/\/profdrfehmidoner.com\/wp-content\/uploads\/2026\/02\/Burun-Tipi-Nedir-Burun-Tipleri-Nelerdir-1536x864.jpg 1536w, https:\/\/profdrfehmidoner.com\/wp-content\/uploads\/2026\/02\/Burun-Tipi-Nedir-Burun-Tipleri-Nelerdir.jpg 1600w\" sizes=\"auto, (max-width: 711px) 100vw, 711px\" \/>\t\t\t\t\t\t\t<\/a>\n  \t\t\t\t\t\t\t  \t\t\t\t\t\t\t  \t\t\t\t\t\t<\/div>\n  \t\t\t\t\t\t  \t\t\t\t\t<\/div>\n          \t\t\t\t\t<div class=\"box-text text-center\" >\n\t\t\t\t\t<div class=\"box-text-inner blog-post-inner\">\n\n\t\t\t\t\t\n\t\t\t\t\t\t\t\t\t\t<h5 class=\"post-title is-large \">\n\t\t\t\t\t\t<a href=\"https:\/\/profdrfehmidoner.com\/de\/was-ist-ein-nasentyp-und-welche-nasentypen-gibt-es\/\" class=\"plain\">Was ist ein Nasentyp und welche Nasentypen gibt es?<\/a>\n\t\t\t\t\t<\/h5>\n\t\t\t\t\t\t\t\t\t\t<div class=\"is-divider\"><\/div>\n\t\t\t\t\t\t\t\t\t\t<p class=\"from_the_blog_excerpt \">\n\t\t\t\t\t\tDer Nasentyp ist die Gesamtheit morphologischer Merkmale, die anhand der Gesichtsanatomie, der Knochen- und Knorpelstruktur, [...]\t\t\t\t\t<\/p>\n\t\t\t\t\t                    \n\t\t\t\t\t\t\t\t\t\t\t<a href=\"https:\/\/profdrfehmidoner.com\/de\/was-ist-ein-nasentyp-und-welche-nasentypen-gibt-es\/\" class=\"button primary is-outline is-small mb-0\">\n\t\t\t\t\t\t\tWeiterlesen \u279c\t\t\t\t\t\t<\/a>\n\t\t\t\t\t\n\t\t\t\t\t\n\t\t\t\t\t<\/div>\n\t\t\t\t\t<\/div>\n\t\t\t\t\t\t\t\t\t\t\t\t\t\t\t\t<div class=\"badge absolute top post-date badge-outline\">\n\t\t\t\t\t\t\t<div class=\"badge-inner\">\n\t\t\t\t\t\t\t\t<span class=\"post-date-day\">25<\/span><br>\n\t\t\t\t\t\t\t\t<span class=\"post-date-month is-xsmall\">Feb.<\/span>\n\t\t\t\t\t\t\t<\/div>\n\t\t\t\t\t\t<\/div>\n\t\t\t\t\t\t\t\t\t<\/div>\n\t\t\t<\/div>\n\t\t<\/div><div class=\"col post-item\" >\n\t\t\t<div class=\"col-inner\">\n\t\t\t\t<div class=\"box box-push box-text-bottom box-blog-post has-hover\">\n            \t\t\t\t\t<div class=\"box-image\" >\n  \t\t\t\t\t\t<div class=\"image-cover\" style=\"padding-top:56.25%;\">\n\t\t\t\t\t\t\t<a href=\"https:\/\/profdrfehmidoner.com\/de\/meine-nase-ist-nach-einer-nasen-op-schief-was-sollte-ich-tun\/\" class=\"plain\" aria-label=\"Meine Nase ist nach einer Nasen-OP schief: Was sollte ich tun?\">\n\t\t\t\t\t\t\t\t<img loading=\"lazy\" decoding=\"async\" width=\"711\" height=\"400\" src=\"https:\/\/profdrfehmidoner.com\/wp-content\/uploads\/2026\/02\/Burun-Estetigi-Sonrasi-Burnum-Yamuk-Ne-Yapmaliyim-711x400.jpg\" class=\"attachment-medium size-medium wp-post-image\" alt=\"\" srcset=\"https:\/\/profdrfehmidoner.com\/wp-content\/uploads\/2026\/02\/Burun-Estetigi-Sonrasi-Burnum-Yamuk-Ne-Yapmaliyim-711x400.jpg 711w, https:\/\/profdrfehmidoner.com\/wp-content\/uploads\/2026\/02\/Burun-Estetigi-Sonrasi-Burnum-Yamuk-Ne-Yapmaliyim-1400x788.jpg 1400w, https:\/\/profdrfehmidoner.com\/wp-content\/uploads\/2026\/02\/Burun-Estetigi-Sonrasi-Burnum-Yamuk-Ne-Yapmaliyim-768x432.jpg 768w, https:\/\/profdrfehmidoner.com\/wp-content\/uploads\/2026\/02\/Burun-Estetigi-Sonrasi-Burnum-Yamuk-Ne-Yapmaliyim-1536x864.jpg 1536w, https:\/\/profdrfehmidoner.com\/wp-content\/uploads\/2026\/02\/Burun-Estetigi-Sonrasi-Burnum-Yamuk-Ne-Yapmaliyim.jpg 1600w\" sizes=\"auto, (max-width: 711px) 100vw, 711px\" \/>\t\t\t\t\t\t\t<\/a>\n  \t\t\t\t\t\t\t  \t\t\t\t\t\t\t  \t\t\t\t\t\t<\/div>\n  \t\t\t\t\t\t  \t\t\t\t\t<\/div>\n          \t\t\t\t\t<div class=\"box-text text-center\" >\n\t\t\t\t\t<div class=\"box-text-inner blog-post-inner\">\n\n\t\t\t\t\t\n\t\t\t\t\t\t\t\t\t\t<h5 class=\"post-title is-large \">\n\t\t\t\t\t\t<a href=\"https:\/\/profdrfehmidoner.com\/de\/meine-nase-ist-nach-einer-nasen-op-schief-was-sollte-ich-tun\/\" class=\"plain\">Meine Nase ist nach einer Nasen-OP schief: Was sollte ich tun?<\/a>\n\t\t\t\t\t<\/h5>\n\t\t\t\t\t\t\t\t\t\t<div class=\"is-divider\"><\/div>\n\t\t\t\t\t\t\t\t\t\t<p class=\"from_the_blog_excerpt \">\n\t\t\t\t\t\tDass die Nase nach einer Nasenoperation schief wirkt, liegt in der fr\u00fchen Phase h\u00e4ufig an [...]\t\t\t\t\t<\/p>\n\t\t\t\t\t                    \n\t\t\t\t\t\t\t\t\t\t\t<a href=\"https:\/\/profdrfehmidoner.com\/de\/meine-nase-ist-nach-einer-nasen-op-schief-was-sollte-ich-tun\/\" class=\"button primary is-outline is-small mb-0\">\n\t\t\t\t\t\t\tWeiterlesen \u279c\t\t\t\t\t\t<\/a>\n\t\t\t\t\t\n\t\t\t\t\t\n\t\t\t\t\t<\/div>\n\t\t\t\t\t<\/div>\n\t\t\t\t\t\t\t\t\t\t\t\t\t\t\t\t<div class=\"badge absolute top post-date badge-outline\">\n\t\t\t\t\t\t\t<div class=\"badge-inner\">\n\t\t\t\t\t\t\t\t<span class=\"post-date-day\">23<\/span><br>\n\t\t\t\t\t\t\t\t<span class=\"post-date-month is-xsmall\">Feb.<\/span>\n\t\t\t\t\t\t\t<\/div>\n\t\t\t\t\t\t<\/div>\n\t\t\t\t\t\t\t\t\t<\/div>\n\t\t\t<\/div>\n\t\t<\/div><div class=\"col post-item\" >\n\t\t\t<div class=\"col-inner\">\n\t\t\t\t<div class=\"box box-push box-text-bottom box-blog-post has-hover\">\n            \t\t\t\t\t<div class=\"box-image\" >\n  \t\t\t\t\t\t<div class=\"image-cover\" style=\"padding-top:56.25%;\">\n\t\t\t\t\t\t\t<a href=\"https:\/\/profdrfehmidoner.com\/de\/kann-es-nach-einer-nasen-op-zu-einer-asymmetrie-der-nasenfluegel-kommen\/\" class=\"plain\" aria-label=\"Kann es nach einer Nasen-OP zu einer Asymmetrie der Nasenfl\u00fcgel kommen?\">\n\t\t\t\t\t\t\t\t<img loading=\"lazy\" decoding=\"async\" width=\"711\" height=\"400\" src=\"https:\/\/profdrfehmidoner.com\/wp-content\/uploads\/2026\/02\/Burun-Estetigi-Sonrasi-Burun-Kanatlarinda-Asimetri-Olur-Mu-711x400.jpg\" class=\"attachment-medium size-medium wp-post-image\" alt=\"\" srcset=\"https:\/\/profdrfehmidoner.com\/wp-content\/uploads\/2026\/02\/Burun-Estetigi-Sonrasi-Burun-Kanatlarinda-Asimetri-Olur-Mu-711x400.jpg 711w, https:\/\/profdrfehmidoner.com\/wp-content\/uploads\/2026\/02\/Burun-Estetigi-Sonrasi-Burun-Kanatlarinda-Asimetri-Olur-Mu-1400x788.jpg 1400w, https:\/\/profdrfehmidoner.com\/wp-content\/uploads\/2026\/02\/Burun-Estetigi-Sonrasi-Burun-Kanatlarinda-Asimetri-Olur-Mu-768x432.jpg 768w, https:\/\/profdrfehmidoner.com\/wp-content\/uploads\/2026\/02\/Burun-Estetigi-Sonrasi-Burun-Kanatlarinda-Asimetri-Olur-Mu-1536x864.jpg 1536w, https:\/\/profdrfehmidoner.com\/wp-content\/uploads\/2026\/02\/Burun-Estetigi-Sonrasi-Burun-Kanatlarinda-Asimetri-Olur-Mu.jpg 1600w\" sizes=\"auto, (max-width: 711px) 100vw, 711px\" \/>\t\t\t\t\t\t\t<\/a>\n  \t\t\t\t\t\t\t  \t\t\t\t\t\t\t  \t\t\t\t\t\t<\/div>\n  \t\t\t\t\t\t  \t\t\t\t\t<\/div>\n          \t\t\t\t\t<div class=\"box-text text-center\" >\n\t\t\t\t\t<div class=\"box-text-inner blog-post-inner\">\n\n\t\t\t\t\t\n\t\t\t\t\t\t\t\t\t\t<h5 class=\"post-title is-large \">\n\t\t\t\t\t\t<a href=\"https:\/\/profdrfehmidoner.com\/de\/kann-es-nach-einer-nasen-op-zu-einer-asymmetrie-der-nasenfluegel-kommen\/\" class=\"plain\">Kann es nach einer Nasen-OP zu einer Asymmetrie der Nasenfl\u00fcgel kommen?<\/a>\n\t\t\t\t\t<\/h5>\n\t\t\t\t\t\t\t\t\t\t<div class=\"is-divider\"><\/div>\n\t\t\t\t\t\t\t\t\t\t<p class=\"from_the_blog_excerpt \">\n\t\t\t\t\t\tNach einer Nasenoperation kann eine Asymmetrie der Nasenfl\u00fcgel auftreten. Insbesondere in der fr\u00fchen Heilungsphase ist [...]\t\t\t\t\t<\/p>\n\t\t\t\t\t                    \n\t\t\t\t\t\t\t\t\t\t\t<a href=\"https:\/\/profdrfehmidoner.com\/de\/kann-es-nach-einer-nasen-op-zu-einer-asymmetrie-der-nasenfluegel-kommen\/\" class=\"button primary is-outline is-small mb-0\">\n\t\t\t\t\t\t\tWeiterlesen \u279c\t\t\t\t\t\t<\/a>\n\t\t\t\t\t\n\t\t\t\t\t\n\t\t\t\t\t<\/div>\n\t\t\t\t\t<\/div>\n\t\t\t\t\t\t\t\t\t\t\t\t\t\t\t\t<div class=\"badge absolute top post-date badge-outline\">\n\t\t\t\t\t\t\t<div class=\"badge-inner\">\n\t\t\t\t\t\t\t\t<span class=\"post-date-day\">23<\/span><br>\n\t\t\t\t\t\t\t\t<span class=\"post-date-month is-xsmall\">Feb.<\/span>\n\t\t\t\t\t\t\t<\/div>\n\t\t\t\t\t\t<\/div>\n\t\t\t\t\t\t\t\t\t<\/div>\n\t\t\t<\/div>\n\t\t<\/div><div class=\"col post-item\" >\n\t\t\t<div class=\"col-inner\">\n\t\t\t\t<div class=\"box box-push box-text-bottom box-blog-post has-hover\">\n            \t\t\t\t\t<div class=\"box-image\" >\n  \t\t\t\t\t\t<div class=\"image-cover\" style=\"padding-top:56.25%;\">\n\t\t\t\t\t\t\t<a href=\"https:\/\/profdrfehmidoner.com\/de\/nasemassage-nach-einer-nasen-op\/\" class=\"plain\" aria-label=\"Nasemassage nach einer Nasen-OP\">\n\t\t\t\t\t\t\t\t<img loading=\"lazy\" decoding=\"async\" width=\"711\" height=\"400\" src=\"https:\/\/profdrfehmidoner.com\/wp-content\/uploads\/2026\/02\/Burun-Estetigi-Sonrasi-Burun-Masaji-711x400.jpg\" class=\"attachment-medium size-medium wp-post-image\" alt=\"\" srcset=\"https:\/\/profdrfehmidoner.com\/wp-content\/uploads\/2026\/02\/Burun-Estetigi-Sonrasi-Burun-Masaji-711x400.jpg 711w, https:\/\/profdrfehmidoner.com\/wp-content\/uploads\/2026\/02\/Burun-Estetigi-Sonrasi-Burun-Masaji-1400x788.jpg 1400w, https:\/\/profdrfehmidoner.com\/wp-content\/uploads\/2026\/02\/Burun-Estetigi-Sonrasi-Burun-Masaji-768x432.jpg 768w, https:\/\/profdrfehmidoner.com\/wp-content\/uploads\/2026\/02\/Burun-Estetigi-Sonrasi-Burun-Masaji-1536x864.jpg 1536w, https:\/\/profdrfehmidoner.com\/wp-content\/uploads\/2026\/02\/Burun-Estetigi-Sonrasi-Burun-Masaji.jpg 1600w\" sizes=\"auto, (max-width: 711px) 100vw, 711px\" \/>\t\t\t\t\t\t\t<\/a>\n  \t\t\t\t\t\t\t  \t\t\t\t\t\t\t  \t\t\t\t\t\t<\/div>\n  \t\t\t\t\t\t  \t\t\t\t\t<\/div>\n          \t\t\t\t\t<div class=\"box-text text-center\" >\n\t\t\t\t\t<div class=\"box-text-inner blog-post-inner\">\n\n\t\t\t\t\t\n\t\t\t\t\t\t\t\t\t\t<h5 class=\"post-title is-large \">\n\t\t\t\t\t\t<a href=\"https:\/\/profdrfehmidoner.com\/de\/nasemassage-nach-einer-nasen-op\/\" class=\"plain\">Nasemassage nach einer Nasen-OP<\/a>\n\t\t\t\t\t<\/h5>\n\t\t\t\t\t\t\t\t\t\t<div class=\"is-divider\"><\/div>\n\t\t\t\t\t\t\t\t\t\t<p class=\"from_the_blog_excerpt \">\n\t\t\t\t\t\tEine Nasenmassage nach einer Nasenoperation ist eine kontrollierte Anwendung, die dazu beitragen kann, \u00d6deme und [...]\t\t\t\t\t<\/p>\n\t\t\t\t\t                    \n\t\t\t\t\t\t\t\t\t\t\t<a href=\"https:\/\/profdrfehmidoner.com\/de\/nasemassage-nach-einer-nasen-op\/\" class=\"button primary is-outline is-small mb-0\">\n\t\t\t\t\t\t\tWeiterlesen \u279c\t\t\t\t\t\t<\/a>\n\t\t\t\t\t\n\t\t\t\t\t\n\t\t\t\t\t<\/div>\n\t\t\t\t\t<\/div>\n\t\t\t\t\t\t\t\t\t\t\t\t\t\t\t\t<div class=\"badge absolute top post-date badge-outline\">\n\t\t\t\t\t\t\t<div class=\"badge-inner\">\n\t\t\t\t\t\t\t\t<span class=\"post-date-day\">23<\/span><br>\n\t\t\t\t\t\t\t\t<span class=\"post-date-month is-xsmall\">Feb.<\/span>\n\t\t\t\t\t\t\t<\/div>\n\t\t\t\t\t\t<\/div>\n\t\t\t\t\t\t\t\t\t<\/div>\n\t\t\t<\/div>\n\t\t<\/div><div class=\"col post-item\" >\n\t\t\t<div class=\"col-inner\">\n\t\t\t\t<div class=\"box box-push box-text-bottom box-blog-post has-hover\">\n            \t\t\t\t\t<div class=\"box-image\" >\n  \t\t\t\t\t\t<div class=\"image-cover\" style=\"padding-top:56.25%;\">\n\t\t\t\t\t\t\t<a href=\"https:\/\/profdrfehmidoner.com\/de\/schwellung-am-nasenruecken-nach-einer-nasen-op\/\" class=\"plain\" aria-label=\"Schwellung am Nasenr\u00fccken nach einer Nasen-OP\">\n\t\t\t\t\t\t\t\t<img loading=\"lazy\" decoding=\"async\" width=\"711\" height=\"400\" src=\"https:\/\/profdrfehmidoner.com\/wp-content\/uploads\/2026\/02\/Burun-Estetigi-Sonrasi-Burun-Sirtinda-Sislik-711x400.jpg\" class=\"attachment-medium size-medium wp-post-image\" alt=\"\" srcset=\"https:\/\/profdrfehmidoner.com\/wp-content\/uploads\/2026\/02\/Burun-Estetigi-Sonrasi-Burun-Sirtinda-Sislik-711x400.jpg 711w, https:\/\/profdrfehmidoner.com\/wp-content\/uploads\/2026\/02\/Burun-Estetigi-Sonrasi-Burun-Sirtinda-Sislik-1400x788.jpg 1400w, https:\/\/profdrfehmidoner.com\/wp-content\/uploads\/2026\/02\/Burun-Estetigi-Sonrasi-Burun-Sirtinda-Sislik-768x432.jpg 768w, https:\/\/profdrfehmidoner.com\/wp-content\/uploads\/2026\/02\/Burun-Estetigi-Sonrasi-Burun-Sirtinda-Sislik-1536x864.jpg 1536w, https:\/\/profdrfehmidoner.com\/wp-content\/uploads\/2026\/02\/Burun-Estetigi-Sonrasi-Burun-Sirtinda-Sislik.jpg 1600w\" sizes=\"auto, (max-width: 711px) 100vw, 711px\" \/>\t\t\t\t\t\t\t<\/a>\n  \t\t\t\t\t\t\t  \t\t\t\t\t\t\t  \t\t\t\t\t\t<\/div>\n  \t\t\t\t\t\t  \t\t\t\t\t<\/div>\n          \t\t\t\t\t<div class=\"box-text text-center\" >\n\t\t\t\t\t<div class=\"box-text-inner blog-post-inner\">\n\n\t\t\t\t\t\n\t\t\t\t\t\t\t\t\t\t<h5 class=\"post-title is-large \">\n\t\t\t\t\t\t<a href=\"https:\/\/profdrfehmidoner.com\/de\/schwellung-am-nasenruecken-nach-einer-nasen-op\/\" class=\"plain\">Schwellung am Nasenr\u00fccken nach einer Nasen-OP<\/a>\n\t\t\t\t\t<\/h5>\n\t\t\t\t\t\t\t\t\t\t<div class=\"is-divider\"><\/div>\n\t\t\t\t\t\t\t\t\t\t<p class=\"from_the_blog_excerpt \">\n\t\t\t\t\t\tSchwellungen am Nasenr\u00fccken nach einer Nasenoperation sind eine nat\u00fcrliche Folge von \u00d6demen, die durch das [...]\t\t\t\t\t<\/p>\n\t\t\t\t\t                    \n\t\t\t\t\t\t\t\t\t\t\t<a href=\"https:\/\/profdrfehmidoner.com\/de\/schwellung-am-nasenruecken-nach-einer-nasen-op\/\" class=\"button primary is-outline is-small mb-0\">\n\t\t\t\t\t\t\tWeiterlesen \u279c\t\t\t\t\t\t<\/a>\n\t\t\t\t\t\n\t\t\t\t\t\n\t\t\t\t\t<\/div>\n\t\t\t\t\t<\/div>\n\t\t\t\t\t\t\t\t\t\t\t\t\t\t\t\t<div class=\"badge absolute top post-date badge-outline\">\n\t\t\t\t\t\t\t<div class=\"badge-inner\">\n\t\t\t\t\t\t\t\t<span class=\"post-date-day\">23<\/span><br>\n\t\t\t\t\t\t\t\t<span class=\"post-date-month is-xsmall\">Feb.<\/span>\n\t\t\t\t\t\t\t<\/div>\n\t\t\t\t\t\t<\/div>\n\t\t\t\t\t\t\t\t\t<\/div>\n\t\t\t<\/div>\n\t\t<\/div><div class=\"col post-item\" >\n\t\t\t<div class=\"col-inner\">\n\t\t\t\t<div class=\"box box-push box-text-bottom box-blog-post has-hover\">\n            \t\t\t\t\t<div class=\"box-image\" >\n  \t\t\t\t\t\t<div class=\"image-cover\" style=\"padding-top:56.25%;\">\n\t\t\t\t\t\t\t<a href=\"https:\/\/profdrfehmidoner.com\/de\/was-sollte-man-nach-einer-nasen-op-beachten\/\" class=\"plain\" aria-label=\"Was sollte man nach einer Nasen-OP beachten?\">\n\t\t\t\t\t\t\t\t<img loading=\"lazy\" decoding=\"async\" width=\"711\" height=\"400\" src=\"https:\/\/profdrfehmidoner.com\/wp-content\/uploads\/2026\/02\/Burun-Estetigi-Sonrasi-Nelere-Dikkat-Edilmelidir-711x400.jpg\" class=\"attachment-medium size-medium wp-post-image\" alt=\"\" srcset=\"https:\/\/profdrfehmidoner.com\/wp-content\/uploads\/2026\/02\/Burun-Estetigi-Sonrasi-Nelere-Dikkat-Edilmelidir-711x400.jpg 711w, https:\/\/profdrfehmidoner.com\/wp-content\/uploads\/2026\/02\/Burun-Estetigi-Sonrasi-Nelere-Dikkat-Edilmelidir-1400x788.jpg 1400w, https:\/\/profdrfehmidoner.com\/wp-content\/uploads\/2026\/02\/Burun-Estetigi-Sonrasi-Nelere-Dikkat-Edilmelidir-768x432.jpg 768w, https:\/\/profdrfehmidoner.com\/wp-content\/uploads\/2026\/02\/Burun-Estetigi-Sonrasi-Nelere-Dikkat-Edilmelidir-1536x864.jpg 1536w, https:\/\/profdrfehmidoner.com\/wp-content\/uploads\/2026\/02\/Burun-Estetigi-Sonrasi-Nelere-Dikkat-Edilmelidir.jpg 1600w\" sizes=\"auto, (max-width: 711px) 100vw, 711px\" \/>\t\t\t\t\t\t\t<\/a>\n  \t\t\t\t\t\t\t  \t\t\t\t\t\t\t  \t\t\t\t\t\t<\/div>\n  \t\t\t\t\t\t  \t\t\t\t\t<\/div>\n          \t\t\t\t\t<div class=\"box-text text-center\" >\n\t\t\t\t\t<div class=\"box-text-inner blog-post-inner\">\n\n\t\t\t\t\t\n\t\t\t\t\t\t\t\t\t\t<h5 class=\"post-title is-large \">\n\t\t\t\t\t\t<a href=\"https:\/\/profdrfehmidoner.com\/de\/was-sollte-man-nach-einer-nasen-op-beachten\/\" class=\"plain\">Was sollte man nach einer Nasen-OP beachten?<\/a>\n\t\t\t\t\t<\/h5>\n\t\t\t\t\t\t\t\t\t\t<div class=\"is-divider\"><\/div>\n\t\t\t\t\t\t\t\t\t\t<p class=\"from_the_blog_excerpt \">\n\t\t\t\t\t\tWorauf nach einer \u00e4sthetischen Nasenoperation zu achten ist, ist von entscheidender Bedeutung f\u00fcr einen gesunden [...]\t\t\t\t\t<\/p>\n\t\t\t\t\t                    \n\t\t\t\t\t\t\t\t\t\t\t<a href=\"https:\/\/profdrfehmidoner.com\/de\/was-sollte-man-nach-einer-nasen-op-beachten\/\" class=\"button primary is-outline is-small mb-0\">\n\t\t\t\t\t\t\tWeiterlesen \u279c\t\t\t\t\t\t<\/a>\n\t\t\t\t\t\n\t\t\t\t\t\n\t\t\t\t\t<\/div>\n\t\t\t\t\t<\/div>\n\t\t\t\t\t\t\t\t\t\t\t\t\t\t\t\t<div class=\"badge absolute top post-date badge-outline\">\n\t\t\t\t\t\t\t<div class=\"badge-inner\">\n\t\t\t\t\t\t\t\t<span class=\"post-date-day\">23<\/span><br>\n\t\t\t\t\t\t\t\t<span class=\"post-date-month is-xsmall\">Feb.<\/span>\n\t\t\t\t\t\t\t<\/div>\n\t\t\t\t\t\t<\/div>\n\t\t\t\t\t\t\t\t\t<\/div>\n\t\t\t<\/div>\n\t\t<\/div><\/div>\r\n\r\n\t\t<\/div>\n\t\t\t\t\n<style>\n#col-221554529 > .col-inner {\n  margin: 0px 0px -30px 0px;\n}\n<\/style>\n\t<\/div>\n\n\t\r\n\r\n<\/div>\r\n\r\n\t\t<\/div>\n\n\t\t\n<style>\n#section_523335677 {\n  padding-top: 0px;\n  padding-bottom: 0px;\n}\n<\/style>\n\t<\/section>\n\t\r\n\n","protected":false},"excerpt":{"rendered":"","protected":false},"author":1,"featured_media":768,"parent":761,"menu_order":0,"comment_status":"closed","ping_status":"closed","template":"page-blank.php","meta":{"footnotes":""},"class_list":["post-769","page","type-page","status-publish","has-post-thumbnail","hentry"],"_links":{"self":[{"href":"https:\/\/profdrfehmidoner.com\/de\/wp-json\/wp\/v2\/pages\/769","targetHints":{"allow":["GET"]}}],"collection":[{"href":"https:\/\/profdrfehmidoner.com\/de\/wp-json\/wp\/v2\/pages"}],"about":[{"href":"https:\/\/profdrfehmidoner.com\/de\/wp-json\/wp\/v2\/types\/page"}],"author":[{"embeddable":true,"href":"https:\/\/profdrfehmidoner.com\/de\/wp-json\/wp\/v2\/users\/1"}],"replies":[{"embeddable":true,"href":"https:\/\/profdrfehmidoner.com\/de\/wp-json\/wp\/v2\/comments?post=769"}],"version-history":[{"count":3,"href":"https:\/\/profdrfehmidoner.com\/de\/wp-json\/wp\/v2\/pages\/769\/revisions"}],"predecessor-version":[{"id":1334,"href":"https:\/\/profdrfehmidoner.com\/de\/wp-json\/wp\/v2\/pages\/769\/revisions\/1334"}],"up":[{"embeddable":true,"href":"https:\/\/profdrfehmidoner.com\/de\/wp-json\/wp\/v2\/pages\/761"}],"wp:featuredmedia":[{"embeddable":true,"href":"https:\/\/profdrfehmidoner.com\/de\/wp-json\/wp\/v2\/media\/768"}],"wp:attachment":[{"href":"https:\/\/profdrfehmidoner.com\/de\/wp-json\/wp\/v2\/media?parent=769"}],"curies":[{"name":"wp","href":"https:\/\/api.w.org\/{rel}","templated":true}]}}