{"id":895,"date":"2025-12-16T11:26:25","date_gmt":"2025-12-16T11:26:25","guid":{"rendered":"https:\/\/profdrfehmidoner.com\/?page_id=895"},"modified":"2026-03-18T15:02:13","modified_gmt":"2026-03-18T15:02:13","slug":"nasen-op","status":"publish","type":"page","link":"https:\/\/profdrfehmidoner.com\/de\/nasenchirurgie\/nasen-op\/","title":{"rendered":"Nasen-OP in der T\u00fcrkei"},"content":{"rendered":"\n\t<section class=\"section\" id=\"section_1390551486\">\n\t\t<div class=\"section-bg fill\" >\n\t\t\t\t\t\t\t\t\t\n\t\t\t\n\n\t\t<\/div>\n\n\t\t\n\n\t\t<div class=\"section-content relative\">\n\t\t\t\n  <div id=\"page-header-1201445348\" class=\"page-header-wrapper\">\n  <div class=\"page-title dark simple-title\">\n\n    \n    <div class=\"page-title-inner container align-center text-center flex-row-col medium-flex-wrap\" >\n              <div class=\"title-wrapper is-larger flex-col\">\n          <h1 class=\"entry-title mb-0\">\n            Nasen-OP in der T\u00fcrkei          <\/h1>\n        <\/div>\n                    <div class=\"title-content flex-col\">\n        <div class=\"title-breadcrumbs pb-half pt-half\"><\/div>      <\/div>\n    <\/div>\n\n       <\/div>\n    <\/div>\n  \n\t\t<\/div>\n\n\t\t\n<style>\n#section_1390551486 {\n  padding-top: 20px;\n  padding-bottom: 20px;\n  background-color: #2d304e;\n}\n<\/style>\n\t<\/section>\n\t\n\n\t<section class=\"section\" id=\"section_1436601702\">\n\t\t<div class=\"section-bg fill\" >\n\t\t\t\t\t\t\t\t\t\n\t\t\t\n\n\t\t<\/div>\n\n\t\t\n\n\t\t<div class=\"section-content relative\">\n\t\t\t\n<div class=\"row\"  id=\"row-1300605436\">\n\n\t<div id=\"col-740524147\" class=\"col small-12 large-12\"  >\n\t\t\t\t<div class=\"col-inner\"  >\n\t\t\t\n\t\t\t\n<p><span style=\"font-weight: 400;\">Eine Nasen-OP in der T\u00fcrkei ist ein chirurgischer Eingriff zur funktionellen oder \u00e4sthetischen Korrektur der Nasenstruktur, der von Fach\u00e4rzten f\u00fcr Plastische, Rekonstruktive und \u00c4sthetische Chirurgie durchgef\u00fchrt wird. Moderne Kliniken nutzen pr\u00e4operative Analysen, digitale Planung und standardisierte Operationsverfahren, um Form, Proportion und Atmungsfunktion der Nase medizinisch pr\u00e4zise zu verbessern.<\/span><\/p>\n<p><span style=\"font-weight: 400;\">Kosten einer Nasen-OP in der T\u00fcrkei liegen im internationalen Vergleich h\u00e4ufig deutlich niedriger, ohne dass dabei auf medizinische Standards verzichtet wird. Der Gesamtpreis umfasst in vielen F\u00e4llen pr\u00e4operative Untersuchungen, chirurgische Behandlung, Klinikaufenthalt sowie postoperative Kontrollen und wird von spezialisierten medizinischen Zentren transparent kalkuliert.<\/span><\/p>\n<p><span style=\"font-weight: 400;\">Ablauf der Nasenkorrektur in der T\u00fcrkei beginnt mit einer detaillierten \u00e4rztlichen Beratung, bei der Nasenstruktur, Hautbeschaffenheit und Atemfunktion analysiert werden. Anschlie\u00dfend erfolgt die Operationsplanung, gefolgt von dem Eingriff unter Vollnarkose. Die chirurgische Technik richtet sich nach der individuellen Anatomie und dem gew\u00fcnschten funktionellen Ergebnis.<\/span><\/p>\n<p><span style=\"font-weight: 400;\">Erholung und Ergebnisse nach einer Nasen-OP in der T\u00fcrkei entwickeln sich schrittweise w\u00e4hrend der postoperativen Heilungsphase. Schwellungen und Bluterg\u00fcsse nehmen in den ersten Wochen deutlich ab, w\u00e4hrend sich die endg\u00fcltige Nasenform \u00fcber mehrere Monate stabilisiert. Regelm\u00e4\u00dfige \u00e4rztliche Kontrollen unterst\u00fctzen eine sichere und kontrollierte Genesung.<\/span><\/p>\n\t\t<\/div>\n\t\t\t\t\n<style>\n#col-740524147 > .col-inner {\n  margin: 0px 0px -45px 0px;\n}\n<\/style>\n\t<\/div>\n\n\t\n<\/div>\n\t\t<\/div>\n\n\t\t\n<style>\n#section_1436601702 {\n  padding-top: 30px;\n  padding-bottom: 30px;\n}\n<\/style>\n\t<\/section>\n\t\n\n\t<section class=\"section\" id=\"section_323881626\">\n\t\t<div class=\"section-bg fill\" >\n\t\t\t\t\t\t\t\t\t\n\t\t\t\n\n\t\t<\/div>\n\n\t\t\n\n\t\t<div class=\"section-content relative\">\n\t\t\t\r\n\r\n<div class=\"row\"  id=\"row-908817325\">\r\n\r\n\n\t<div id=\"col-839648306\" class=\"col small-12 large-12\"  >\n\t\t\t\t<div class=\"col-inner dark\" style=\"background-color:#2d304e;\" >\n\t\t\t\n\t\t\t\r\n\r\n<div class=\"row\"  id=\"row-1801405253\">\r\n\r\n\n\t<div id=\"col-55050452\" class=\"col medium-4 small-12 large-4\"  >\n\t\t\t\t<div class=\"col-inner\"  >\n\t\t\t\n\t\t\t\r\n\r\n\t<div class=\"img has-hover border-gorsel x md-x lg-x y md-y lg-y\" id=\"image_988941226\">\n\t\t\t\t\t\t\t\t<div class=\"img-inner dark\" >\n\t\t\t<img loading=\"lazy\" decoding=\"async\" width=\"600\" height=\"800\" src=\"https:\/\/profdrfehmidoner.com\/wp-content\/uploads\/2025\/12\/fehmi-doner-600x800.jpg\" class=\"attachment-large size-large\" alt=\"\" srcset=\"https:\/\/profdrfehmidoner.com\/wp-content\/uploads\/2025\/12\/fehmi-doner-600x800.jpg 600w, https:\/\/profdrfehmidoner.com\/wp-content\/uploads\/2025\/12\/fehmi-doner-300x400.jpg 300w, https:\/\/profdrfehmidoner.com\/wp-content\/uploads\/2025\/12\/fehmi-doner-768x1024.jpg 768w, https:\/\/profdrfehmidoner.com\/wp-content\/uploads\/2025\/12\/fehmi-doner-1152x1536.jpg 1152w, https:\/\/profdrfehmidoner.com\/wp-content\/uploads\/2025\/12\/fehmi-doner.jpg 1209w\" sizes=\"auto, (max-width: 600px) 100vw, 600px\" \/>\t\t\t\t\t\t\n\t\t\t\t\t<\/div>\n\t\t\t\t\t\t\t\t\n<style>\n#image_988941226 {\n  width: 100%;\n}\n<\/style>\n\t<\/div>\n\t\r\n\r\n\r\n\t\t<\/div>\n\t\t\t\t\n<style>\n#col-55050452 > .col-inner {\n  margin: 0px 0px -10px 0px;\n}\n<\/style>\n\t<\/div>\n\n\t\r\n\n\t<div id=\"col-1286453995\" class=\"col medium-8 small-12 large-8\"  >\n\t\t\t\t<div class=\"col-inner\"  >\n\t\t\t\n\t\t\t\r\n\r\n\t<div id=\"text-932179745\" class=\"text\">\n\t\t\r\n\r\n<div><strong>\u00dcber mich<\/strong><\/div>\r\n\t\t\n<style>\n#text-932179745 {\n  font-size: 1.25rem;\n}\n<\/style>\n\t<\/div>\n\t\r\n\t<div id=\"text-1040113671\" class=\"text\">\n\t\t\r\n\r\n<p><strong><span style=\"font-size: 110%;\">Prof. Dr. Fehmi D\u00f6ner<\/span> <\/strong><br \/><strong><span style=\"font-size: 63%;\">Facharzt f\u00fcr HNO- sowie Kopf- und Halschirurgie<\/span><\/strong><\/p>\r\n\t\t\n<style>\n#text-1040113671 {\n  font-size: 1.25rem;\n}\n@media (min-width:550px) {\n  #text-1040113671 {\n    font-size: 1.85rem;\n  }\n}\n<\/style>\n\t<\/div>\n\t\r\n<p>Meine Grund- und Sekundarschulbildung habe ich in \u0130zmir abgeschlossen. Mein Medizinstudium habe ich 1988 an der Medizinischen Fakult\u00e4t Cerrahpa\u015fa der Universit\u00e4t Istanbul abgeschlossen. Meine Facharztausbildung absolvierte ich an der Medizinischen Fakult\u00e4t der Atat\u00fcrk-Universit\u00e4t, Abteilung f\u00fcr Hals-Nasen-Ohren-Heilkunde. W\u00e4hrend meiner Facharztausbildung hielt ich mich zu unterschiedlichen Zeiten und f\u00fcr unterschiedliche Dauer an der Medizinischen Fakult\u00e4t der Universit\u00e4t Istanbul, Abteilung f\u00fcr Hals-Nasen-Ohren-Heilkunde, auf und nahm an klinischen Studien teil, um meine Kenntnisse und Erfahrungen zu erweitern.<\/p>\r\n<p>Nach dem Erwerb meines Facharzttitels im Jahr 1994 arbeitete ich acht Monate lang im Staatlichen Krankenhaus K\u00fctahya und wurde anschlie\u00dfend im Dezember 1994 als Assistenzprofessor an die Abteilung f\u00fcr Hals-Nasen-Ohren-Heilkunde der S\u00fcleyman-Demirel-Universit\u00e4t berufen.<\/p>\r\n<a href=\"https:\/\/profdrfehmidoner.com\/de\/ueber-mich\/lebenslauf\/\" class=\"button white\" style=\"border-radius:5px;\">\n\t\t<span>Mehr anzeigen<\/span>\n\t<\/a>\n\r\n\r\n\r\n\t\t<\/div>\n\t\t\t\t\n<style>\n#col-1286453995 > .col-inner {\n  margin: 0px 0px -10px 0px;\n}\n<\/style>\n\t<\/div>\n\n\t\r\n\r\n<\/div>\r\n\r\n\t\t<\/div>\n\t\t\t\t\n<style>\n#col-839648306 > .col-inner {\n  padding: 30px 25px 0px 25px;\n  margin: 0px 0px -30px 0px;\n}\n<\/style>\n\t<\/div>\n\n\t\r\n\r\n<\/div>\r\n\r\n\t\t<\/div>\n\n\t\t\n<style>\n#section_323881626 {\n  padding-top: 0px;\n  padding-bottom: 0px;\n}\n<\/style>\n\t<\/section>\n\t\r\n\n\n\t<section class=\"section\" id=\"section_709832689\">\n\t\t<div class=\"section-bg fill\" >\n\t\t\t\t\t\t\t\t\t\n\t\t\t\n\n\t\t<\/div>\n\n\t\t\n\n\t\t<div class=\"section-content relative\">\n\t\t\t\n<div class=\"row\"  id=\"row-719987023\">\n\n\t<div id=\"col-2104014753\" class=\"col small-12 large-12\"  >\n\t\t\t\t<div class=\"col-inner\"  >\n\t\t\t\n\t\t\t\n<h2>Wie wird eine Nasenoperation durchgef\u00fchrt?<\/h2>\n<p>Die Nasenoperation wird unter Vollnarkose durchgef\u00fchrt. Nur Nasenspitzenoperationen k\u00f6nnen unter Lokalan\u00e4sthesie vorgenommen werden. Eine Rhinoplastik kann mit offener oder geschlossener Technik durchgef\u00fchrt werden. Bei der offenen Technik erfolgt der Eingriff \u00fcber einen umgekehrt V-f\u00f6rmigen Schnitt an der Erhebung zwischen den Nasenl\u00f6chern. Bei der geschlossenen Technik wird \u00fcber die Nasenl\u00f6cher operiert. Wenn bei dem Patienten keine Formst\u00f6rung an der Nasenspitze vorliegt und lediglich eine leichte Vorw\u00f6lbung am Nasenbein besteht, kann die geschlossene Technik bevorzugt werden. Bei Nasenspitzenkorrekturen, Revisionsoperationen sowie bei traumatischen und gebrochenen Nasen ist die offene Technik hingegen oft besser geeignet.<\/p>\n<h2>F\u00fcr wen ist eine Nasenoperation geeignet?<\/h2>\n<p>Da eine Nasenoperation voraussetzt, dass die Nase ihre k\u00f6rperliche Entwicklung vollst\u00e4ndig abgeschlossen hat und der Patient eine gewisse psychische Reife erreicht, sollte sie nach der Pubert\u00e4t durchgef\u00fchrt werden. Bei Frauen kann eine Rhinoplastik in der Regel nach dem 16. Lebensjahr, bei M\u00e4nnern nach dem 18. Lebensjahr sicher durchgef\u00fchrt werden. Jede Jahreszeit ist f\u00fcr eine Rhinoplastik geeignet.<\/p>\n<h2>Bleiben nach einer Nasenoperation Narben zur\u00fcck?<\/h2>\n<p>Nasen- und Gesichtschirurgie wird mit zwei grundlegenden Techniken durchgef\u00fchrt: offen und geschlossen. Bei der geschlossenen Methode entsteht keine Nahtnarbe, solange keine Verschm\u00e4lerung der Nasenspitze vorgenommen wird. Die bei der Nasenspitzenverschm\u00e4lerung verwendeten N\u00e4hte werden in der Regel an der \u00dcbergangsstelle zwischen Nase und Wange gesetzt, weshalb vorhandene Narben nicht sichtbar sind. Bei offenen Operationen befinden sich die N\u00e4hte im Bereich zwischen den Nasenl\u00f6chern. Chirurgische Schnitte und N\u00e4hte an den Stellen, an denen die Nase mit dem Gesicht verbunden ist, sorgen daf\u00fcr, dass Narben nicht sichtbar werden. Der einzige Grund daf\u00fcr, dass bei solchen Eingriffen eine Nahtnarbe entstehen k\u00f6nnte, w\u00e4re, dass die chirurgischen Schnitte an der falschen Stelle oder in falscher Weise gesetzt wurden.<\/p>\n\t\t<\/div>\n\t\t\t\t\n<style>\n#col-2104014753 > .col-inner {\n  margin: 0px 0px -45px 0px;\n}\n<\/style>\n\t<\/div>\n\n\t\n<\/div>\n\t\t<\/div>\n\n\t\t\n<style>\n#section_709832689 {\n  padding-top: 30px;\n  padding-bottom: 30px;\n}\n<\/style>\n\t<\/section>\n\t\n\n\t<section class=\"section\" id=\"section_2134505021\">\n\t\t<div class=\"section-bg fill\" >\n\t\t\t\t\t\t\t\t\t\n\t\t\t\n\n\t\t<\/div>\n\n\t\t\n\n\t\t<div class=\"section-content relative\">\n\t\t\t\r\n\r\n<div class=\"row\"  id=\"row-438344205\">\r\n\r\n\n\t<div id=\"col-420111993\" class=\"col small-12 large-12\"  >\n\t\t\t\t<div class=\"col-inner\"  >\n\t\t\t\n\t<div class=\"is-border\"\n\t\tstyle=\"border-color:rgb(31, 67, 123);border-radius:10px;border-width:2px 2px 2px 2px;\">\n\t<\/div>\n\t\t\t\r\n\r\n<div class=\"row align-middle\"  id=\"row-620455888\">\r\n\r\n\n\t<div id=\"col-1913059466\" class=\"col medium-8 small-12 large-8\"  >\n\t\t\t\t<div class=\"col-inner\"  >\n\t\t\t\n\t\t\t\r\n\r\n\t<div id=\"text-51918320\" class=\"text\">\n\t\t\r\n\r\n<div><strong>Kontaktieren Sie uns, um Informationen zu den Behandlungen zu erhalten und einen Termin zu vereinbaren!<\/strong><\/div>\r\n\t\t\n<style>\n#text-51918320 {\n  font-size: 1.25rem;\n  text-align: center;\n  color: #1f437b;\n}\n#text-51918320 > * {\n  color: #1f437b;\n}\n@media (min-width:550px) {\n  #text-51918320 {\n    text-align: left;\n  }\n}\n<\/style>\n\t<\/div>\n\t\r\n\r\n\t\t<\/div>\n\t\t\t\t\t<\/div>\n\n\t\r\n\n\t<div id=\"col-253735848\" class=\"col medium-4 small-12 large-4\"  >\n\t\t\t\t<div class=\"col-inner text-right\"  >\n\t\t\t\n\t\t\t\r\n\r\n<a href=\"https:\/\/api.whatsapp.com\/send\/?phone=905075360107\" class=\"button success\" style=\"border-radius:5px;\" target=\"_blank\" rel=\"noopener\">\n\t\t<span>\u00dcber WhatsApp kontaktieren<\/span>\n\t<i class=\"icon-whatsapp\" aria-hidden=\"true\"><\/i><\/a>\n\r\n\r\n\r\n\t\t<\/div>\n\t\t\t\t\t<\/div>\n\n\t\r\n\r\n<\/div>\r\n\r\n\t\t<\/div>\n\t\t\t\t\n<style>\n#col-420111993 > .col-inner {\n  padding: 30px 15px 0px 15px;\n  margin: 0px 0px -30px 0px;\n}\n@media (min-width:550px) {\n  #col-420111993 > .col-inner {\n    padding: 30px 20px 0px 20px;\n  }\n}\n<\/style>\n\t<\/div>\n\n\t\r\n\r\n<\/div>\r\n\r\n\t\t<\/div>\n\n\t\t\n<style>\n#section_2134505021 {\n  padding-top: 0px;\n  padding-bottom: 0px;\n}\n<\/style>\n\t<\/section>\n\t\r\n\n\n\t<section class=\"section\" id=\"section_1295843230\">\n\t\t<div class=\"section-bg fill\" >\n\t\t\t\t\t\t\t\t\t\n\t\t\t\n\n\t\t<\/div>\n\n\t\t\n\n\t\t<div class=\"section-content relative\">\n\t\t\t\n<div class=\"row\"  id=\"row-1518520652\">\n\n\t<div id=\"col-1957832712\" class=\"col small-12 large-12\"  >\n\t\t\t\t<div class=\"col-inner\"  >\n\t\t\t\n\t\t\t\n<h2>Wie wird die Dauer einer Nasenoperation bestimmt?<\/h2>\n<p>Die Dauer einer Nasenoperation variiert je nach Komplexit\u00e4t und Umfang der gew\u00fcnschten Ver\u00e4nderung. Insbesondere Revisionsoperationen zur Korrektur schwerer Deformit\u00e4ten k\u00f6nnen etwa 7\u20138 Stunden dauern, w\u00e4hrend f\u00fcr kleinere Korrekturen 1,5\u20132 Stunden ausreichen k\u00f6nnen. Im Durchschnitt dauert eine Nasenoperation etwa 3 Stunden.<\/p>\n<h2>Welche Ergebnisse sind unmittelbar nach einer Nasenoperation zu erwarten?<\/h2>\n<p>In der fr\u00fchen Phase nach der Operation k\u00f6nnen in der Regel einige Bluterg\u00fcsse und Schwellungen auftreten. Die Abheilzeit dieser Schwellungen kann von Person zu Person unterschiedlich sein. Die w\u00e4hrend der Operation verabreichten Medikamente sowie die in den ersten 24 Stunden nach der Operation angewendeten K\u00e4ltekompressen helfen, Schwellungen und Bluterg\u00fcsse zu reduzieren. In den ersten zwei Tagen nach einer Nasenoperation besteht das Risiko einer \u00d6dembildung. Um dieses Risiko zu verringern, wird den Patienten empfohlen, in einer etwas aufrechteren Position zu schlafen. Au\u00dferdem wird geraten, sich mindestens 3 Monate vor direkter Sonneneinstrahlung zu sch\u00fctzen und risikoreiche sportliche Aktivit\u00e4ten zu vermeiden.<\/p>\n<h2>Wann wird nach einer Nasenoperation die endg\u00fcltige Nasenform vollst\u00e4ndig sichtbar?<\/h2>\n<p>Nach einer Nasenoperation kann es \u2013 abh\u00e4ngig von der Nasenstruktur des Patienten \u2013 zwischen 6 Monaten und 1 Jahr dauern, bis die Schwellungen vollst\u00e4ndig abgeklungen sind und die Nase ihr gew\u00fcnschtes Endergebnis erreicht. Bei Personen mit d\u00fcnner Nasenhaut kann die Heilungsdauer k\u00fcrzer sein, da die Wahrscheinlichkeit geringerer postoperativer Schwellungen h\u00f6her ist. Bei Personen mit dicker Nasenhaut kann es l\u00e4nger dauern, bis die Schwellungen vollst\u00e4ndig verschwinden; in der Regel kann dies etwa 1\u20131,5 Jahre dauern.<\/p>\n\t\t<\/div>\n\t\t\t\t\n<style>\n#col-1957832712 > .col-inner {\n  margin: 0px 0px -45px 0px;\n}\n<\/style>\n\t<\/div>\n\n\t\n<\/div>\n\t\t<\/div>\n\n\t\t\n<style>\n#section_1295843230 {\n  padding-top: 30px;\n  padding-bottom: 30px;\n}\n<\/style>\n\t<\/section>\n\t\n\n\t<section class=\"section\" id=\"section_1995741985\">\n\t\t<div class=\"section-bg fill\" >\n\t\t\t\t\t\t\t\t\t\n\t\t\t\n\n\t\t<\/div>\n\n\t\t\n\n\t\t<div class=\"section-content relative\">\n\t\t\t\r\n\r\n<div class=\"row\"  id=\"row-1615084159\">\r\n\r\n\n\t<div id=\"col-614780858\" class=\"col small-12 large-12\"  >\n\t\t\t\t<div class=\"col-inner\"  >\n\t\t\t\n\t<div class=\"is-border\"\n\t\tstyle=\"border-color:rgb(45, 48, 78);border-radius:10px;border-width:2px 2px 2px 2px;\">\n\t<\/div>\n\t\t\t\r\n\r\n<div class=\"row\"  id=\"row-132117313\">\r\n\r\n\n\t<div id=\"col-815074561\" class=\"col medium-7 small-12 large-7\"  >\n\t\t\t\t<div class=\"col-inner\"  >\n\t\t\t\n\t\t\t\r\n\r\n\t<div id=\"text-1512972699\" class=\"text\">\n\t\t\r\n\r\n<p><strong>Kontakt aufnehmen!<\/strong><\/p>\r\n\t\t\n<style>\n#text-1512972699 {\n  font-size: 1.5rem;\n  text-align: center;\n  color: #1f437b;\n}\n#text-1512972699 > * {\n  color: #1f437b;\n}\n@media (min-width:550px) {\n  #text-1512972699 {\n    text-align: left;\n  }\n}\n<\/style>\n\t<\/div>\n\t\r\n\t<div id=\"text-2660939198\" class=\"text\">\n\t\t\r\n\r\n<div>Kontaktieren Sie uns, um Informationen zu den Behandlungen zu erhalten und einen Termin zu vereinbaren!<\/div>\r\n\t\t\n<style>\n#text-2660939198 {\n  font-size: 1.25rem;\n  text-align: center;\n  color: #2d304e;\n}\n#text-2660939198 > * {\n  color: #2d304e;\n}\n@media (min-width:550px) {\n  #text-2660939198 {\n    text-align: left;\n  }\n}\n<\/style>\n\t<\/div>\n\t\r\n\r\n\t\t<\/div>\n\t\t\t\t\n<style>\n#col-815074561 > .col-inner {\n  margin: 0px 0px 0px 0px;\n}\n@media (min-width:550px) {\n  #col-815074561 > .col-inner {\n    margin: 0px 0px -30px 0px;\n  }\n}\n<\/style>\n\t<\/div>\n\n\t\r\n\n\t<div id=\"col-1556955446\" class=\"col medium-5 small-12 large-5\"  >\n\t\t\t\t<div class=\"col-inner\"  >\n\t\t\t\n\t\t\t\r\n\r\n\n<div class=\"wpcf7 no-js\" id=\"wpcf7-f668-o1\" lang=\"de-DE\" dir=\"ltr\" data-wpcf7-id=\"668\">\n<div class=\"screen-reader-response\"><p role=\"status\" aria-live=\"polite\" aria-atomic=\"true\"><\/p> <ul><\/ul><\/div>\n<form action=\"\/de\/wp-json\/wp\/v2\/pages\/895#wpcf7-f668-o1\" method=\"post\" class=\"wpcf7-form init\" aria-label=\"Kontaktformular\" novalidate=\"novalidate\" data-status=\"init\">\n<fieldset class=\"hidden-fields-container\"><input type=\"hidden\" name=\"_wpcf7\" value=\"668\" \/><input type=\"hidden\" name=\"_wpcf7_version\" value=\"6.1.5\" \/><input type=\"hidden\" name=\"_wpcf7_locale\" value=\"de_DE\" \/><input type=\"hidden\" name=\"_wpcf7_unit_tag\" value=\"wpcf7-f668-o1\" \/><input type=\"hidden\" name=\"_wpcf7_container_post\" value=\"0\" \/><input type=\"hidden\" name=\"_wpcf7_posted_data_hash\" value=\"\" \/>\n<\/fieldset>\n<div class=\"randevu-form\">\n\t<div class=\"form-row\">\n\t\t<p><span class=\"wpcf7-form-control-wrap\" data-name=\"text-340\"><input size=\"40\" maxlength=\"400\" class=\"wpcf7-form-control wpcf7-text wpcf7-validates-as-required\" autocomplete=\"name\" aria-required=\"true\" aria-invalid=\"false\" placeholder=\"Vor- und Nachname\" value=\"\" type=\"text\" name=\"text-340\" \/><\/span><br \/>\n<span class=\"wpcf7-form-control-wrap\" data-name=\"tel-10\"><input size=\"40\" maxlength=\"400\" class=\"wpcf7-form-control wpcf7-tel wpcf7-validates-as-required wpcf7-text wpcf7-validates-as-tel\" autocomplete=\"name\" aria-required=\"true\" aria-invalid=\"false\" placeholder=\"Telefon\" value=\"\" type=\"tel\" name=\"tel-10\" \/><\/span>\n\t\t<\/p>\n\t<\/div>\n\t<div class=\"form-full\">\n\t\t<p><span class=\"wpcf7-form-control-wrap\" data-name=\"text-342\"><input size=\"40\" maxlength=\"400\" class=\"wpcf7-form-control wpcf7-text wpcf7-validates-as-required\" autocomplete=\"name\" aria-required=\"true\" aria-invalid=\"false\" placeholder=\"Bitte beschreiben Sie das Anliegen kurz\" value=\"\" type=\"text\" name=\"text-342\" \/><\/span>\n\t\t<\/p>\n\t<\/div>\n\t<p><button type=\"submit\">Termin vereinbaren<\/button>\n\t<\/p>\n<\/div><p style=\"display: none !important;\" class=\"akismet-fields-container\" data-prefix=\"_wpcf7_ak_\"><label>&#916;<textarea name=\"_wpcf7_ak_hp_textarea\" cols=\"45\" rows=\"8\" maxlength=\"100\"><\/textarea><\/label><input type=\"hidden\" id=\"ak_js_1\" name=\"_wpcf7_ak_js\" value=\"60\"\/><script>document.getElementById( \"ak_js_1\" ).setAttribute( \"value\", ( new Date() ).getTime() );<\/script><\/p><div class=\"wpcf7-response-output\" aria-hidden=\"true\"><\/div>\n<\/form>\n<\/div>\n\r\n\r\n\r\n\t\t<\/div>\n\t\t\t\t\n<style>\n#col-1556955446 > .col-inner {\n  margin: 0px 0px -20px 0px;\n}\n@media (min-width:550px) {\n  #col-1556955446 > .col-inner {\n    margin: 0px 0px -30px 0px;\n  }\n}\n<\/style>\n\t<\/div>\n\n\t\r\n\r\n<\/div>\r\n\r\n\t\t<\/div>\n\t\t\t\t\n<style>\n#col-614780858 > .col-inner {\n  padding: 30px 15px 0px 15px;\n  margin: 0px 0px -30px 0px;\n}\n@media (min-width:550px) {\n  #col-614780858 > .col-inner {\n    padding: 30px 20px 0px 20px;\n  }\n}\n<\/style>\n\t<\/div>\n\n\t\r\n\r\n<\/div>\r\n\r\n\t\t<\/div>\n\n\t\t\n<style>\n#section_1995741985 {\n  padding-top: 0px;\n  padding-bottom: 0px;\n}\n<\/style>\n\t<\/section>\n\t\r\n\n\n\t<section class=\"section\" id=\"section_740116094\">\n\t\t<div class=\"section-bg fill\" >\n\t\t\t\t\t\t\t\t\t\n\t\t\t\n\n\t\t<\/div>\n\n\t\t\n\n\t\t<div class=\"section-content relative\">\n\t\t\t\n<div class=\"row\"  id=\"row-272393197\">\n\n\t<div id=\"col-85048751\" class=\"col small-12 large-12\"  >\n\t\t\t\t<div class=\"col-inner\"  >\n\t\t\t\n\t\t\t\n<h2>Welche langfristigen Ergebnisse hat eine Nasenoperation?<\/h2>\n<p>Die Ergebnisse einer Nasenoperation beginnen sich in der Regel nach den ersten 3 Monaten deutlich abzuzeichnen, jedoch kann es etwa 1 Jahr dauern, um die vollst\u00e4ndigen Effekte des Eingriffs zu beurteilen.<\/p>\n<h2>Sind Fotos und Analysen f\u00fcr eine Nasenoperation notwendig?<\/h2>\n<p>Eine entscheidende Phase der Nasenoperation ist der pr\u00e4operative Prozess der digitalen Fotografie und Analyse. Diese Phase ist f\u00fcr den Erfolg der Operation \u00e4u\u00dferst wichtig. In diesem Prozess, in dem jeder Patient vor der Operation aus verschiedenen Blickwinkeln fotografiert wird, werden Computerprogramme eingesetzt, um dem Patienten zu zeigen, wie die Nase ver\u00e4ndert werden soll.<\/p>\n<h2>Gibt es nicht-operative Optionen f\u00fcr eine Nasenoperation?<\/h2>\n<p>Als Alternative zur Nasenoperation stehen nicht-operative L\u00f6sungen zur Verf\u00fcgung. Um jedoch dauerhafte Ergebnisse zu erzielen, ist in der Regel eine Operation erforderlich. F\u00fcr Personen, die keine Operation w\u00fcnschen, gibt es nicht-operative Anwendungen der Nasen\u00e4sthetik, diese liefern jedoch meist nur vor\u00fcbergehende Ergebnisse. F\u00fcr weitere Informationen \u00fcber eine neue Methode, die Piezo-Nasenoperation, k\u00f6nnen Sie klicken.<\/p>\n<h2>Was sollte in der Vorbereitungsphase f\u00fcr eine Nasenoperation beachtet werden?<\/h2>\n<p>Patienten, die rauchen, sollten mindestens zwei Wochen vor der Operation mit dem Rauchen aufh\u00f6ren. Rauchen w\u00e4hrend der postoperativen Heilungsphase kann die Gewebeheilung negativ beeinflussen; daher sollte etwa einen Monat lang auf das Rauchen verzichtet werden. Au\u00dferdem sollten Aspirin und \u00e4hnliche Schmerzmittel mindestens 2 Wochen vor der Operation nicht eingenommen werden. Wenn eine Schmerzmitteleinnahme erforderlich ist, muss unbedingt ein Arzt konsultiert werden.<\/p>\n<p>Nachdem Schnupfen, Grippe und andere fieberhafte Erkrankungen abgeheilt sind, ist es sinnvoll, die Operation durchzuf\u00fchren.<\/p>\n\t\t<\/div>\n\t\t\t\t\n<style>\n#col-85048751 > .col-inner {\n  margin: 0px 0px -45px 0px;\n}\n<\/style>\n\t<\/div>\n\n\t\n<\/div>\n\t\t<\/div>\n\n\t\t\n<style>\n#section_740116094 {\n  padding-top: 30px;\n  padding-bottom: 30px;\n}\n<\/style>\n\t<\/section>\n\t\n\n\t<section class=\"section\" id=\"section_180699126\">\n\t\t<div class=\"section-bg fill\" >\n\t\t\t\t\t\t\t\t\t\n\t\t\t\n\n\t\t<\/div>\n\n\t\t\n\n\t\t<div class=\"section-content relative\">\n\t\t\t\r\n\r\n<div class=\"row\"  id=\"row-815845533\">\r\n\r\n\n\t<div id=\"col-700863591\" class=\"col small-12 large-12\"  >\n\t\t\t\t<div class=\"col-inner\"  >\n\t\t\t\n\t\t\t\r\n\r\n\t<div id=\"text-44299431\" class=\"text\">\n\t\t\r\n<h2>Neueste Beitr\u00e4ge<\/h2>\r\n\t\t\n<style>\n#text-44299431 {\n  font-size: 1.5rem;\n}\n<\/style>\n\t<\/div>\n\t\r\n\n  \n    <div class=\"row large-columns-3 medium-columns-1 small-columns-1 slider row-slider slider-nav-circle slider-nav-outside\"  data-flickity-options='{&quot;imagesLoaded&quot;: true, &quot;groupCells&quot;: &quot;100%&quot;, &quot;dragThreshold&quot; : 5, &quot;cellAlign&quot;: &quot;left&quot;,&quot;wrapAround&quot;: true,&quot;prevNextButtons&quot;: true,&quot;percentPosition&quot;: true,&quot;pageDots&quot;: true, &quot;rightToLeft&quot;: false, &quot;autoPlay&quot; : false}' >\n\n  <div class=\"col post-item\" >\n\t\t\t<div class=\"col-inner\">\n\t\t\t\t<div class=\"box box-push box-text-bottom box-blog-post has-hover\">\n            \t\t\t\t\t<div class=\"box-image\" >\n  \t\t\t\t\t\t<div class=\"image-cover\" style=\"padding-top:56.25%;\">\n\t\t\t\t\t\t\t<a href=\"https:\/\/profdrfehmidoner.com\/de\/was-ist-eine-misslungene-nasen-op-wie-entsteht-sie-woran-erkennt-man-sie\/\" class=\"plain\" aria-label=\"Was ist eine misslungene Nasen-OP? Wie entsteht sie? Woran erkennt man sie?\">\n\t\t\t\t\t\t\t\t<img loading=\"lazy\" decoding=\"async\" width=\"711\" height=\"400\" src=\"https:\/\/profdrfehmidoner.com\/wp-content\/uploads\/2026\/02\/Basarisiz-Burun-Estetigi-Nedir-Nasil-Olur-Nasil-Anlasilir-711x400.jpg\" class=\"attachment-medium size-medium wp-post-image\" alt=\"\" srcset=\"https:\/\/profdrfehmidoner.com\/wp-content\/uploads\/2026\/02\/Basarisiz-Burun-Estetigi-Nedir-Nasil-Olur-Nasil-Anlasilir-711x400.jpg 711w, https:\/\/profdrfehmidoner.com\/wp-content\/uploads\/2026\/02\/Basarisiz-Burun-Estetigi-Nedir-Nasil-Olur-Nasil-Anlasilir-1400x788.jpg 1400w, https:\/\/profdrfehmidoner.com\/wp-content\/uploads\/2026\/02\/Basarisiz-Burun-Estetigi-Nedir-Nasil-Olur-Nasil-Anlasilir-768x432.jpg 768w, https:\/\/profdrfehmidoner.com\/wp-content\/uploads\/2026\/02\/Basarisiz-Burun-Estetigi-Nedir-Nasil-Olur-Nasil-Anlasilir-1536x864.jpg 1536w, https:\/\/profdrfehmidoner.com\/wp-content\/uploads\/2026\/02\/Basarisiz-Burun-Estetigi-Nedir-Nasil-Olur-Nasil-Anlasilir.jpg 1600w\" sizes=\"auto, (max-width: 711px) 100vw, 711px\" \/>\t\t\t\t\t\t\t<\/a>\n  \t\t\t\t\t\t\t  \t\t\t\t\t\t\t  \t\t\t\t\t\t<\/div>\n  \t\t\t\t\t\t  \t\t\t\t\t<\/div>\n          \t\t\t\t\t<div class=\"box-text text-center\" >\n\t\t\t\t\t<div class=\"box-text-inner blog-post-inner\">\n\n\t\t\t\t\t\n\t\t\t\t\t\t\t\t\t\t<h5 class=\"post-title is-large \">\n\t\t\t\t\t\t<a href=\"https:\/\/profdrfehmidoner.com\/de\/was-ist-eine-misslungene-nasen-op-wie-entsteht-sie-woran-erkennt-man-sie\/\" class=\"plain\">Was ist eine misslungene Nasen-OP? Wie entsteht sie? Woran erkennt man sie?<\/a>\n\t\t\t\t\t<\/h5>\n\t\t\t\t\t\t\t\t\t\t<div class=\"is-divider\"><\/div>\n\t\t\t\t\t\t\t\t\t\t<p class=\"from_the_blog_excerpt \">\n\t\t\t\t\t\tEine misslungene Nasen-OP ist der Zustand, bei dem nach einer Rhinoplastik die \u00e4sthetischen Erwartungen an [...]\t\t\t\t\t<\/p>\n\t\t\t\t\t                    \n\t\t\t\t\t\t\t\t\t\t\t<a href=\"https:\/\/profdrfehmidoner.com\/de\/was-ist-eine-misslungene-nasen-op-wie-entsteht-sie-woran-erkennt-man-sie\/\" class=\"button primary is-outline is-small mb-0\">\n\t\t\t\t\t\t\tWeiterlesen \u279c\t\t\t\t\t\t<\/a>\n\t\t\t\t\t\n\t\t\t\t\t\n\t\t\t\t\t<\/div>\n\t\t\t\t\t<\/div>\n\t\t\t\t\t\t\t\t\t\t\t\t\t\t\t\t<div class=\"badge absolute top post-date badge-outline\">\n\t\t\t\t\t\t\t<div class=\"badge-inner\">\n\t\t\t\t\t\t\t\t<span class=\"post-date-day\">25<\/span><br>\n\t\t\t\t\t\t\t\t<span class=\"post-date-month is-xsmall\">Feb.<\/span>\n\t\t\t\t\t\t\t<\/div>\n\t\t\t\t\t\t<\/div>\n\t\t\t\t\t\t\t\t\t<\/div>\n\t\t\t<\/div>\n\t\t<\/div><div class=\"col post-item\" >\n\t\t\t<div class=\"col-inner\">\n\t\t\t\t<div class=\"box box-push box-text-bottom box-blog-post has-hover\">\n            \t\t\t\t\t<div class=\"box-image\" >\n  \t\t\t\t\t\t<div class=\"image-cover\" style=\"padding-top:56.25%;\">\n\t\t\t\t\t\t\t<a href=\"https:\/\/profdrfehmidoner.com\/de\/anatomie-der-nase-und-ihre-funktionen\/\" class=\"plain\" aria-label=\"Anatomie der Nase und ihre Funktionen\">\n\t\t\t\t\t\t\t\t<img loading=\"lazy\" decoding=\"async\" width=\"711\" height=\"400\" src=\"https:\/\/profdrfehmidoner.com\/wp-content\/uploads\/2026\/02\/Burun-Anatomisi-ve-Islevleri-711x400.jpg\" class=\"attachment-medium size-medium wp-post-image\" alt=\"\" srcset=\"https:\/\/profdrfehmidoner.com\/wp-content\/uploads\/2026\/02\/Burun-Anatomisi-ve-Islevleri-711x400.jpg 711w, https:\/\/profdrfehmidoner.com\/wp-content\/uploads\/2026\/02\/Burun-Anatomisi-ve-Islevleri-1400x788.jpg 1400w, https:\/\/profdrfehmidoner.com\/wp-content\/uploads\/2026\/02\/Burun-Anatomisi-ve-Islevleri-768x432.jpg 768w, https:\/\/profdrfehmidoner.com\/wp-content\/uploads\/2026\/02\/Burun-Anatomisi-ve-Islevleri-1536x864.jpg 1536w, https:\/\/profdrfehmidoner.com\/wp-content\/uploads\/2026\/02\/Burun-Anatomisi-ve-Islevleri.jpg 1600w\" sizes=\"auto, (max-width: 711px) 100vw, 711px\" \/>\t\t\t\t\t\t\t<\/a>\n  \t\t\t\t\t\t\t  \t\t\t\t\t\t\t  \t\t\t\t\t\t<\/div>\n  \t\t\t\t\t\t  \t\t\t\t\t<\/div>\n          \t\t\t\t\t<div class=\"box-text text-center\" >\n\t\t\t\t\t<div class=\"box-text-inner blog-post-inner\">\n\n\t\t\t\t\t\n\t\t\t\t\t\t\t\t\t\t<h5 class=\"post-title is-large \">\n\t\t\t\t\t\t<a href=\"https:\/\/profdrfehmidoner.com\/de\/anatomie-der-nase-und-ihre-funktionen\/\" class=\"plain\">Anatomie der Nase und ihre Funktionen<\/a>\n\t\t\t\t\t<\/h5>\n\t\t\t\t\t\t\t\t\t\t<div class=\"is-divider\"><\/div>\n\t\t\t\t\t\t\t\t\t\t<p class=\"from_the_blog_excerpt \">\n\t\t\t\t\t\tDie Nasenanatomie besteht aus Knochen-, Knorpel- und Weichteilstrukturen, die den Anfangsabschnitt des Atmungssystems bilden und [...]\t\t\t\t\t<\/p>\n\t\t\t\t\t                    \n\t\t\t\t\t\t\t\t\t\t\t<a href=\"https:\/\/profdrfehmidoner.com\/de\/anatomie-der-nase-und-ihre-funktionen\/\" class=\"button primary is-outline is-small mb-0\">\n\t\t\t\t\t\t\tWeiterlesen \u279c\t\t\t\t\t\t<\/a>\n\t\t\t\t\t\n\t\t\t\t\t\n\t\t\t\t\t<\/div>\n\t\t\t\t\t<\/div>\n\t\t\t\t\t\t\t\t\t\t\t\t\t\t\t\t<div class=\"badge absolute top post-date badge-outline\">\n\t\t\t\t\t\t\t<div class=\"badge-inner\">\n\t\t\t\t\t\t\t\t<span class=\"post-date-day\">25<\/span><br>\n\t\t\t\t\t\t\t\t<span class=\"post-date-month is-xsmall\">Feb.<\/span>\n\t\t\t\t\t\t\t<\/div>\n\t\t\t\t\t\t<\/div>\n\t\t\t\t\t\t\t\t\t<\/div>\n\t\t\t<\/div>\n\t\t<\/div><div class=\"col post-item\" >\n\t\t\t<div class=\"col-inner\">\n\t\t\t\t<div class=\"box box-push box-text-bottom box-blog-post has-hover\">\n            \t\t\t\t\t<div class=\"box-image\" >\n  \t\t\t\t\t\t<div class=\"image-cover\" style=\"padding-top:56.25%;\">\n\t\t\t\t\t\t\t<a href=\"https:\/\/profdrfehmidoner.com\/de\/was-ist-ein-nasentyp-und-welche-nasentypen-gibt-es\/\" class=\"plain\" aria-label=\"Was ist ein Nasentyp und welche Nasentypen gibt es?\">\n\t\t\t\t\t\t\t\t<img loading=\"lazy\" decoding=\"async\" width=\"711\" height=\"400\" src=\"https:\/\/profdrfehmidoner.com\/wp-content\/uploads\/2026\/02\/Burun-Tipi-Nedir-Burun-Tipleri-Nelerdir-711x400.jpg\" class=\"attachment-medium size-medium wp-post-image\" alt=\"\" srcset=\"https:\/\/profdrfehmidoner.com\/wp-content\/uploads\/2026\/02\/Burun-Tipi-Nedir-Burun-Tipleri-Nelerdir-711x400.jpg 711w, https:\/\/profdrfehmidoner.com\/wp-content\/uploads\/2026\/02\/Burun-Tipi-Nedir-Burun-Tipleri-Nelerdir-1400x788.jpg 1400w, https:\/\/profdrfehmidoner.com\/wp-content\/uploads\/2026\/02\/Burun-Tipi-Nedir-Burun-Tipleri-Nelerdir-768x432.jpg 768w, https:\/\/profdrfehmidoner.com\/wp-content\/uploads\/2026\/02\/Burun-Tipi-Nedir-Burun-Tipleri-Nelerdir-1536x864.jpg 1536w, https:\/\/profdrfehmidoner.com\/wp-content\/uploads\/2026\/02\/Burun-Tipi-Nedir-Burun-Tipleri-Nelerdir.jpg 1600w\" sizes=\"auto, (max-width: 711px) 100vw, 711px\" \/>\t\t\t\t\t\t\t<\/a>\n  \t\t\t\t\t\t\t  \t\t\t\t\t\t\t  \t\t\t\t\t\t<\/div>\n  \t\t\t\t\t\t  \t\t\t\t\t<\/div>\n          \t\t\t\t\t<div class=\"box-text text-center\" >\n\t\t\t\t\t<div class=\"box-text-inner blog-post-inner\">\n\n\t\t\t\t\t\n\t\t\t\t\t\t\t\t\t\t<h5 class=\"post-title is-large \">\n\t\t\t\t\t\t<a href=\"https:\/\/profdrfehmidoner.com\/de\/was-ist-ein-nasentyp-und-welche-nasentypen-gibt-es\/\" class=\"plain\">Was ist ein Nasentyp und welche Nasentypen gibt es?<\/a>\n\t\t\t\t\t<\/h5>\n\t\t\t\t\t\t\t\t\t\t<div class=\"is-divider\"><\/div>\n\t\t\t\t\t\t\t\t\t\t<p class=\"from_the_blog_excerpt \">\n\t\t\t\t\t\tDer Nasentyp ist die Gesamtheit morphologischer Merkmale, die anhand der Gesichtsanatomie, der Knochen- und Knorpelstruktur, [...]\t\t\t\t\t<\/p>\n\t\t\t\t\t                    \n\t\t\t\t\t\t\t\t\t\t\t<a href=\"https:\/\/profdrfehmidoner.com\/de\/was-ist-ein-nasentyp-und-welche-nasentypen-gibt-es\/\" class=\"button primary is-outline is-small mb-0\">\n\t\t\t\t\t\t\tWeiterlesen \u279c\t\t\t\t\t\t<\/a>\n\t\t\t\t\t\n\t\t\t\t\t\n\t\t\t\t\t<\/div>\n\t\t\t\t\t<\/div>\n\t\t\t\t\t\t\t\t\t\t\t\t\t\t\t\t<div class=\"badge absolute top post-date badge-outline\">\n\t\t\t\t\t\t\t<div class=\"badge-inner\">\n\t\t\t\t\t\t\t\t<span class=\"post-date-day\">25<\/span><br>\n\t\t\t\t\t\t\t\t<span class=\"post-date-month is-xsmall\">Feb.<\/span>\n\t\t\t\t\t\t\t<\/div>\n\t\t\t\t\t\t<\/div>\n\t\t\t\t\t\t\t\t\t<\/div>\n\t\t\t<\/div>\n\t\t<\/div><div class=\"col post-item\" >\n\t\t\t<div class=\"col-inner\">\n\t\t\t\t<div class=\"box box-push box-text-bottom box-blog-post has-hover\">\n            \t\t\t\t\t<div class=\"box-image\" >\n  \t\t\t\t\t\t<div class=\"image-cover\" style=\"padding-top:56.25%;\">\n\t\t\t\t\t\t\t<a href=\"https:\/\/profdrfehmidoner.com\/de\/meine-nase-ist-nach-einer-nasen-op-schief-was-sollte-ich-tun\/\" class=\"plain\" aria-label=\"Meine Nase ist nach einer Nasen-OP schief: Was sollte ich tun?\">\n\t\t\t\t\t\t\t\t<img loading=\"lazy\" decoding=\"async\" width=\"711\" height=\"400\" src=\"https:\/\/profdrfehmidoner.com\/wp-content\/uploads\/2026\/02\/Burun-Estetigi-Sonrasi-Burnum-Yamuk-Ne-Yapmaliyim-711x400.jpg\" class=\"attachment-medium size-medium wp-post-image\" alt=\"\" srcset=\"https:\/\/profdrfehmidoner.com\/wp-content\/uploads\/2026\/02\/Burun-Estetigi-Sonrasi-Burnum-Yamuk-Ne-Yapmaliyim-711x400.jpg 711w, https:\/\/profdrfehmidoner.com\/wp-content\/uploads\/2026\/02\/Burun-Estetigi-Sonrasi-Burnum-Yamuk-Ne-Yapmaliyim-1400x788.jpg 1400w, https:\/\/profdrfehmidoner.com\/wp-content\/uploads\/2026\/02\/Burun-Estetigi-Sonrasi-Burnum-Yamuk-Ne-Yapmaliyim-768x432.jpg 768w, https:\/\/profdrfehmidoner.com\/wp-content\/uploads\/2026\/02\/Burun-Estetigi-Sonrasi-Burnum-Yamuk-Ne-Yapmaliyim-1536x864.jpg 1536w, https:\/\/profdrfehmidoner.com\/wp-content\/uploads\/2026\/02\/Burun-Estetigi-Sonrasi-Burnum-Yamuk-Ne-Yapmaliyim.jpg 1600w\" sizes=\"auto, (max-width: 711px) 100vw, 711px\" \/>\t\t\t\t\t\t\t<\/a>\n  \t\t\t\t\t\t\t  \t\t\t\t\t\t\t  \t\t\t\t\t\t<\/div>\n  \t\t\t\t\t\t  \t\t\t\t\t<\/div>\n          \t\t\t\t\t<div class=\"box-text text-center\" >\n\t\t\t\t\t<div class=\"box-text-inner blog-post-inner\">\n\n\t\t\t\t\t\n\t\t\t\t\t\t\t\t\t\t<h5 class=\"post-title is-large \">\n\t\t\t\t\t\t<a href=\"https:\/\/profdrfehmidoner.com\/de\/meine-nase-ist-nach-einer-nasen-op-schief-was-sollte-ich-tun\/\" class=\"plain\">Meine Nase ist nach einer Nasen-OP schief: Was sollte ich tun?<\/a>\n\t\t\t\t\t<\/h5>\n\t\t\t\t\t\t\t\t\t\t<div class=\"is-divider\"><\/div>\n\t\t\t\t\t\t\t\t\t\t<p class=\"from_the_blog_excerpt \">\n\t\t\t\t\t\tDass die Nase nach einer Nasenoperation schief wirkt, liegt in der fr\u00fchen Phase h\u00e4ufig an [...]\t\t\t\t\t<\/p>\n\t\t\t\t\t                    \n\t\t\t\t\t\t\t\t\t\t\t<a href=\"https:\/\/profdrfehmidoner.com\/de\/meine-nase-ist-nach-einer-nasen-op-schief-was-sollte-ich-tun\/\" class=\"button primary is-outline is-small mb-0\">\n\t\t\t\t\t\t\tWeiterlesen \u279c\t\t\t\t\t\t<\/a>\n\t\t\t\t\t\n\t\t\t\t\t\n\t\t\t\t\t<\/div>\n\t\t\t\t\t<\/div>\n\t\t\t\t\t\t\t\t\t\t\t\t\t\t\t\t<div class=\"badge absolute top post-date badge-outline\">\n\t\t\t\t\t\t\t<div class=\"badge-inner\">\n\t\t\t\t\t\t\t\t<span class=\"post-date-day\">23<\/span><br>\n\t\t\t\t\t\t\t\t<span class=\"post-date-month is-xsmall\">Feb.<\/span>\n\t\t\t\t\t\t\t<\/div>\n\t\t\t\t\t\t<\/div>\n\t\t\t\t\t\t\t\t\t<\/div>\n\t\t\t<\/div>\n\t\t<\/div><div class=\"col post-item\" >\n\t\t\t<div class=\"col-inner\">\n\t\t\t\t<div class=\"box box-push box-text-bottom box-blog-post has-hover\">\n            \t\t\t\t\t<div class=\"box-image\" >\n  \t\t\t\t\t\t<div class=\"image-cover\" style=\"padding-top:56.25%;\">\n\t\t\t\t\t\t\t<a href=\"https:\/\/profdrfehmidoner.com\/de\/kann-es-nach-einer-nasen-op-zu-einer-asymmetrie-der-nasenfluegel-kommen\/\" class=\"plain\" aria-label=\"Kann es nach einer Nasen-OP zu einer Asymmetrie der Nasenfl\u00fcgel kommen?\">\n\t\t\t\t\t\t\t\t<img loading=\"lazy\" decoding=\"async\" width=\"711\" height=\"400\" src=\"https:\/\/profdrfehmidoner.com\/wp-content\/uploads\/2026\/02\/Burun-Estetigi-Sonrasi-Burun-Kanatlarinda-Asimetri-Olur-Mu-711x400.jpg\" class=\"attachment-medium size-medium wp-post-image\" alt=\"\" srcset=\"https:\/\/profdrfehmidoner.com\/wp-content\/uploads\/2026\/02\/Burun-Estetigi-Sonrasi-Burun-Kanatlarinda-Asimetri-Olur-Mu-711x400.jpg 711w, https:\/\/profdrfehmidoner.com\/wp-content\/uploads\/2026\/02\/Burun-Estetigi-Sonrasi-Burun-Kanatlarinda-Asimetri-Olur-Mu-1400x788.jpg 1400w, https:\/\/profdrfehmidoner.com\/wp-content\/uploads\/2026\/02\/Burun-Estetigi-Sonrasi-Burun-Kanatlarinda-Asimetri-Olur-Mu-768x432.jpg 768w, https:\/\/profdrfehmidoner.com\/wp-content\/uploads\/2026\/02\/Burun-Estetigi-Sonrasi-Burun-Kanatlarinda-Asimetri-Olur-Mu-1536x864.jpg 1536w, https:\/\/profdrfehmidoner.com\/wp-content\/uploads\/2026\/02\/Burun-Estetigi-Sonrasi-Burun-Kanatlarinda-Asimetri-Olur-Mu.jpg 1600w\" sizes=\"auto, (max-width: 711px) 100vw, 711px\" \/>\t\t\t\t\t\t\t<\/a>\n  \t\t\t\t\t\t\t  \t\t\t\t\t\t\t  \t\t\t\t\t\t<\/div>\n  \t\t\t\t\t\t  \t\t\t\t\t<\/div>\n          \t\t\t\t\t<div class=\"box-text text-center\" >\n\t\t\t\t\t<div class=\"box-text-inner blog-post-inner\">\n\n\t\t\t\t\t\n\t\t\t\t\t\t\t\t\t\t<h5 class=\"post-title is-large \">\n\t\t\t\t\t\t<a href=\"https:\/\/profdrfehmidoner.com\/de\/kann-es-nach-einer-nasen-op-zu-einer-asymmetrie-der-nasenfluegel-kommen\/\" class=\"plain\">Kann es nach einer Nasen-OP zu einer Asymmetrie der Nasenfl\u00fcgel kommen?<\/a>\n\t\t\t\t\t<\/h5>\n\t\t\t\t\t\t\t\t\t\t<div class=\"is-divider\"><\/div>\n\t\t\t\t\t\t\t\t\t\t<p class=\"from_the_blog_excerpt \">\n\t\t\t\t\t\tNach einer Nasenoperation kann eine Asymmetrie der Nasenfl\u00fcgel auftreten. Insbesondere in der fr\u00fchen Heilungsphase ist [...]\t\t\t\t\t<\/p>\n\t\t\t\t\t                    \n\t\t\t\t\t\t\t\t\t\t\t<a href=\"https:\/\/profdrfehmidoner.com\/de\/kann-es-nach-einer-nasen-op-zu-einer-asymmetrie-der-nasenfluegel-kommen\/\" class=\"button primary is-outline is-small mb-0\">\n\t\t\t\t\t\t\tWeiterlesen \u279c\t\t\t\t\t\t<\/a>\n\t\t\t\t\t\n\t\t\t\t\t\n\t\t\t\t\t<\/div>\n\t\t\t\t\t<\/div>\n\t\t\t\t\t\t\t\t\t\t\t\t\t\t\t\t<div class=\"badge absolute top post-date badge-outline\">\n\t\t\t\t\t\t\t<div class=\"badge-inner\">\n\t\t\t\t\t\t\t\t<span class=\"post-date-day\">23<\/span><br>\n\t\t\t\t\t\t\t\t<span class=\"post-date-month is-xsmall\">Feb.<\/span>\n\t\t\t\t\t\t\t<\/div>\n\t\t\t\t\t\t<\/div>\n\t\t\t\t\t\t\t\t\t<\/div>\n\t\t\t<\/div>\n\t\t<\/div><div class=\"col post-item\" >\n\t\t\t<div class=\"col-inner\">\n\t\t\t\t<div class=\"box box-push box-text-bottom box-blog-post has-hover\">\n            \t\t\t\t\t<div class=\"box-image\" >\n  \t\t\t\t\t\t<div class=\"image-cover\" style=\"padding-top:56.25%;\">\n\t\t\t\t\t\t\t<a href=\"https:\/\/profdrfehmidoner.com\/de\/nasemassage-nach-einer-nasen-op\/\" class=\"plain\" aria-label=\"Nasemassage nach einer Nasen-OP\">\n\t\t\t\t\t\t\t\t<img loading=\"lazy\" decoding=\"async\" width=\"711\" height=\"400\" src=\"https:\/\/profdrfehmidoner.com\/wp-content\/uploads\/2026\/02\/Burun-Estetigi-Sonrasi-Burun-Masaji-711x400.jpg\" class=\"attachment-medium size-medium wp-post-image\" alt=\"\" srcset=\"https:\/\/profdrfehmidoner.com\/wp-content\/uploads\/2026\/02\/Burun-Estetigi-Sonrasi-Burun-Masaji-711x400.jpg 711w, https:\/\/profdrfehmidoner.com\/wp-content\/uploads\/2026\/02\/Burun-Estetigi-Sonrasi-Burun-Masaji-1400x788.jpg 1400w, https:\/\/profdrfehmidoner.com\/wp-content\/uploads\/2026\/02\/Burun-Estetigi-Sonrasi-Burun-Masaji-768x432.jpg 768w, https:\/\/profdrfehmidoner.com\/wp-content\/uploads\/2026\/02\/Burun-Estetigi-Sonrasi-Burun-Masaji-1536x864.jpg 1536w, https:\/\/profdrfehmidoner.com\/wp-content\/uploads\/2026\/02\/Burun-Estetigi-Sonrasi-Burun-Masaji.jpg 1600w\" sizes=\"auto, (max-width: 711px) 100vw, 711px\" \/>\t\t\t\t\t\t\t<\/a>\n  \t\t\t\t\t\t\t  \t\t\t\t\t\t\t  \t\t\t\t\t\t<\/div>\n  \t\t\t\t\t\t  \t\t\t\t\t<\/div>\n          \t\t\t\t\t<div class=\"box-text text-center\" >\n\t\t\t\t\t<div class=\"box-text-inner blog-post-inner\">\n\n\t\t\t\t\t\n\t\t\t\t\t\t\t\t\t\t<h5 class=\"post-title is-large \">\n\t\t\t\t\t\t<a href=\"https:\/\/profdrfehmidoner.com\/de\/nasemassage-nach-einer-nasen-op\/\" class=\"plain\">Nasemassage nach einer Nasen-OP<\/a>\n\t\t\t\t\t<\/h5>\n\t\t\t\t\t\t\t\t\t\t<div class=\"is-divider\"><\/div>\n\t\t\t\t\t\t\t\t\t\t<p class=\"from_the_blog_excerpt \">\n\t\t\t\t\t\tEine Nasenmassage nach einer Nasenoperation ist eine kontrollierte Anwendung, die dazu beitragen kann, \u00d6deme und [...]\t\t\t\t\t<\/p>\n\t\t\t\t\t                    \n\t\t\t\t\t\t\t\t\t\t\t<a href=\"https:\/\/profdrfehmidoner.com\/de\/nasemassage-nach-einer-nasen-op\/\" class=\"button primary is-outline is-small mb-0\">\n\t\t\t\t\t\t\tWeiterlesen \u279c\t\t\t\t\t\t<\/a>\n\t\t\t\t\t\n\t\t\t\t\t\n\t\t\t\t\t<\/div>\n\t\t\t\t\t<\/div>\n\t\t\t\t\t\t\t\t\t\t\t\t\t\t\t\t<div class=\"badge absolute top post-date badge-outline\">\n\t\t\t\t\t\t\t<div class=\"badge-inner\">\n\t\t\t\t\t\t\t\t<span class=\"post-date-day\">23<\/span><br>\n\t\t\t\t\t\t\t\t<span class=\"post-date-month is-xsmall\">Feb.<\/span>\n\t\t\t\t\t\t\t<\/div>\n\t\t\t\t\t\t<\/div>\n\t\t\t\t\t\t\t\t\t<\/div>\n\t\t\t<\/div>\n\t\t<\/div><div class=\"col post-item\" >\n\t\t\t<div class=\"col-inner\">\n\t\t\t\t<div class=\"box box-push box-text-bottom box-blog-post has-hover\">\n            \t\t\t\t\t<div class=\"box-image\" >\n  \t\t\t\t\t\t<div class=\"image-cover\" style=\"padding-top:56.25%;\">\n\t\t\t\t\t\t\t<a href=\"https:\/\/profdrfehmidoner.com\/de\/schwellung-am-nasenruecken-nach-einer-nasen-op\/\" class=\"plain\" aria-label=\"Schwellung am Nasenr\u00fccken nach einer Nasen-OP\">\n\t\t\t\t\t\t\t\t<img loading=\"lazy\" decoding=\"async\" width=\"711\" height=\"400\" src=\"https:\/\/profdrfehmidoner.com\/wp-content\/uploads\/2026\/02\/Burun-Estetigi-Sonrasi-Burun-Sirtinda-Sislik-711x400.jpg\" class=\"attachment-medium size-medium wp-post-image\" alt=\"\" srcset=\"https:\/\/profdrfehmidoner.com\/wp-content\/uploads\/2026\/02\/Burun-Estetigi-Sonrasi-Burun-Sirtinda-Sislik-711x400.jpg 711w, https:\/\/profdrfehmidoner.com\/wp-content\/uploads\/2026\/02\/Burun-Estetigi-Sonrasi-Burun-Sirtinda-Sislik-1400x788.jpg 1400w, https:\/\/profdrfehmidoner.com\/wp-content\/uploads\/2026\/02\/Burun-Estetigi-Sonrasi-Burun-Sirtinda-Sislik-768x432.jpg 768w, https:\/\/profdrfehmidoner.com\/wp-content\/uploads\/2026\/02\/Burun-Estetigi-Sonrasi-Burun-Sirtinda-Sislik-1536x864.jpg 1536w, https:\/\/profdrfehmidoner.com\/wp-content\/uploads\/2026\/02\/Burun-Estetigi-Sonrasi-Burun-Sirtinda-Sislik.jpg 1600w\" sizes=\"auto, (max-width: 711px) 100vw, 711px\" \/>\t\t\t\t\t\t\t<\/a>\n  \t\t\t\t\t\t\t  \t\t\t\t\t\t\t  \t\t\t\t\t\t<\/div>\n  \t\t\t\t\t\t  \t\t\t\t\t<\/div>\n          \t\t\t\t\t<div class=\"box-text text-center\" >\n\t\t\t\t\t<div class=\"box-text-inner blog-post-inner\">\n\n\t\t\t\t\t\n\t\t\t\t\t\t\t\t\t\t<h5 class=\"post-title is-large \">\n\t\t\t\t\t\t<a href=\"https:\/\/profdrfehmidoner.com\/de\/schwellung-am-nasenruecken-nach-einer-nasen-op\/\" class=\"plain\">Schwellung am Nasenr\u00fccken nach einer Nasen-OP<\/a>\n\t\t\t\t\t<\/h5>\n\t\t\t\t\t\t\t\t\t\t<div class=\"is-divider\"><\/div>\n\t\t\t\t\t\t\t\t\t\t<p class=\"from_the_blog_excerpt \">\n\t\t\t\t\t\tSchwellungen am Nasenr\u00fccken nach einer Nasenoperation sind eine nat\u00fcrliche Folge von \u00d6demen, die durch das [...]\t\t\t\t\t<\/p>\n\t\t\t\t\t                    \n\t\t\t\t\t\t\t\t\t\t\t<a href=\"https:\/\/profdrfehmidoner.com\/de\/schwellung-am-nasenruecken-nach-einer-nasen-op\/\" class=\"button primary is-outline is-small mb-0\">\n\t\t\t\t\t\t\tWeiterlesen \u279c\t\t\t\t\t\t<\/a>\n\t\t\t\t\t\n\t\t\t\t\t\n\t\t\t\t\t<\/div>\n\t\t\t\t\t<\/div>\n\t\t\t\t\t\t\t\t\t\t\t\t\t\t\t\t<div class=\"badge absolute top post-date badge-outline\">\n\t\t\t\t\t\t\t<div class=\"badge-inner\">\n\t\t\t\t\t\t\t\t<span class=\"post-date-day\">23<\/span><br>\n\t\t\t\t\t\t\t\t<span class=\"post-date-month is-xsmall\">Feb.<\/span>\n\t\t\t\t\t\t\t<\/div>\n\t\t\t\t\t\t<\/div>\n\t\t\t\t\t\t\t\t\t<\/div>\n\t\t\t<\/div>\n\t\t<\/div><div class=\"col post-item\" >\n\t\t\t<div class=\"col-inner\">\n\t\t\t\t<div class=\"box box-push box-text-bottom box-blog-post has-hover\">\n            \t\t\t\t\t<div class=\"box-image\" >\n  \t\t\t\t\t\t<div class=\"image-cover\" style=\"padding-top:56.25%;\">\n\t\t\t\t\t\t\t<a href=\"https:\/\/profdrfehmidoner.com\/de\/was-sollte-man-nach-einer-nasen-op-beachten\/\" class=\"plain\" aria-label=\"Was sollte man nach einer Nasen-OP beachten?\">\n\t\t\t\t\t\t\t\t<img loading=\"lazy\" decoding=\"async\" width=\"711\" height=\"400\" src=\"https:\/\/profdrfehmidoner.com\/wp-content\/uploads\/2026\/02\/Burun-Estetigi-Sonrasi-Nelere-Dikkat-Edilmelidir-711x400.jpg\" class=\"attachment-medium size-medium wp-post-image\" alt=\"\" srcset=\"https:\/\/profdrfehmidoner.com\/wp-content\/uploads\/2026\/02\/Burun-Estetigi-Sonrasi-Nelere-Dikkat-Edilmelidir-711x400.jpg 711w, https:\/\/profdrfehmidoner.com\/wp-content\/uploads\/2026\/02\/Burun-Estetigi-Sonrasi-Nelere-Dikkat-Edilmelidir-1400x788.jpg 1400w, https:\/\/profdrfehmidoner.com\/wp-content\/uploads\/2026\/02\/Burun-Estetigi-Sonrasi-Nelere-Dikkat-Edilmelidir-768x432.jpg 768w, https:\/\/profdrfehmidoner.com\/wp-content\/uploads\/2026\/02\/Burun-Estetigi-Sonrasi-Nelere-Dikkat-Edilmelidir-1536x864.jpg 1536w, https:\/\/profdrfehmidoner.com\/wp-content\/uploads\/2026\/02\/Burun-Estetigi-Sonrasi-Nelere-Dikkat-Edilmelidir.jpg 1600w\" sizes=\"auto, (max-width: 711px) 100vw, 711px\" \/>\t\t\t\t\t\t\t<\/a>\n  \t\t\t\t\t\t\t  \t\t\t\t\t\t\t  \t\t\t\t\t\t<\/div>\n  \t\t\t\t\t\t  \t\t\t\t\t<\/div>\n          \t\t\t\t\t<div class=\"box-text text-center\" >\n\t\t\t\t\t<div class=\"box-text-inner blog-post-inner\">\n\n\t\t\t\t\t\n\t\t\t\t\t\t\t\t\t\t<h5 class=\"post-title is-large \">\n\t\t\t\t\t\t<a href=\"https:\/\/profdrfehmidoner.com\/de\/was-sollte-man-nach-einer-nasen-op-beachten\/\" class=\"plain\">Was sollte man nach einer Nasen-OP beachten?<\/a>\n\t\t\t\t\t<\/h5>\n\t\t\t\t\t\t\t\t\t\t<div class=\"is-divider\"><\/div>\n\t\t\t\t\t\t\t\t\t\t<p class=\"from_the_blog_excerpt \">\n\t\t\t\t\t\tWorauf nach einer \u00e4sthetischen Nasenoperation zu achten ist, ist von entscheidender Bedeutung f\u00fcr einen gesunden [...]\t\t\t\t\t<\/p>\n\t\t\t\t\t                    \n\t\t\t\t\t\t\t\t\t\t\t<a href=\"https:\/\/profdrfehmidoner.com\/de\/was-sollte-man-nach-einer-nasen-op-beachten\/\" class=\"button primary is-outline is-small mb-0\">\n\t\t\t\t\t\t\tWeiterlesen \u279c\t\t\t\t\t\t<\/a>\n\t\t\t\t\t\n\t\t\t\t\t\n\t\t\t\t\t<\/div>\n\t\t\t\t\t<\/div>\n\t\t\t\t\t\t\t\t\t\t\t\t\t\t\t\t<div class=\"badge absolute top post-date badge-outline\">\n\t\t\t\t\t\t\t<div class=\"badge-inner\">\n\t\t\t\t\t\t\t\t<span class=\"post-date-day\">23<\/span><br>\n\t\t\t\t\t\t\t\t<span class=\"post-date-month is-xsmall\">Feb.<\/span>\n\t\t\t\t\t\t\t<\/div>\n\t\t\t\t\t\t<\/div>\n\t\t\t\t\t\t\t\t\t<\/div>\n\t\t\t<\/div>\n\t\t<\/div><\/div>\r\n\r\n\t\t<\/div>\n\t\t\t\t\n<style>\n#col-700863591 > .col-inner {\n  margin: 0px 0px -30px 0px;\n}\n<\/style>\n\t<\/div>\n\n\t\r\n\r\n<\/div>\r\n\r\n\t\t<\/div>\n\n\t\t\n<style>\n#section_180699126 {\n  padding-top: 0px;\n  padding-bottom: 0px;\n}\n<\/style>\n\t<\/section>\n\t\r\n\n","protected":false},"excerpt":{"rendered":"","protected":false},"author":1,"featured_media":894,"parent":761,"menu_order":0,"comment_status":"closed","ping_status":"closed","template":"page-blank.php","meta":{"footnotes":""},"class_list":["post-895","page","type-page","status-publish","has-post-thumbnail","hentry"],"_links":{"self":[{"href":"https:\/\/profdrfehmidoner.com\/de\/wp-json\/wp\/v2\/pages\/895","targetHints":{"allow":["GET"]}}],"collection":[{"href":"https:\/\/profdrfehmidoner.com\/de\/wp-json\/wp\/v2\/pages"}],"about":[{"href":"https:\/\/profdrfehmidoner.com\/de\/wp-json\/wp\/v2\/types\/page"}],"author":[{"embeddable":true,"href":"https:\/\/profdrfehmidoner.com\/de\/wp-json\/wp\/v2\/users\/1"}],"replies":[{"embeddable":true,"href":"https:\/\/profdrfehmidoner.com\/de\/wp-json\/wp\/v2\/comments?post=895"}],"version-history":[{"count":4,"href":"https:\/\/profdrfehmidoner.com\/de\/wp-json\/wp\/v2\/pages\/895\/revisions"}],"predecessor-version":[{"id":1349,"href":"https:\/\/profdrfehmidoner.com\/de\/wp-json\/wp\/v2\/pages\/895\/revisions\/1349"}],"up":[{"embeddable":true,"href":"https:\/\/profdrfehmidoner.com\/de\/wp-json\/wp\/v2\/pages\/761"}],"wp:featuredmedia":[{"embeddable":true,"href":"https:\/\/profdrfehmidoner.com\/de\/wp-json\/wp\/v2\/media\/894"}],"wp:attachment":[{"href":"https:\/\/profdrfehmidoner.com\/de\/wp-json\/wp\/v2\/media?parent=895"}],"curies":[{"name":"wp","href":"https:\/\/api.w.org\/{rel}","templated":true}]}}