{"id":974,"date":"2025-12-16T08:05:46","date_gmt":"2025-12-16T08:05:46","guid":{"rendered":"https:\/\/profdrfehmidoner.com\/?page_id=974"},"modified":"2026-03-24T08:13:12","modified_gmt":"2026-03-24T08:13:12","slug":"startseite","status":"publish","type":"page","link":"https:\/\/profdrfehmidoner.com\/de\/","title":{"rendered":"Startseite"},"content":{"rendered":"<div class=\"slider-wrapper relative\" id=\"slider-1658070567\" >\n    <div class=\"slider slider-nav-circle slider-nav-large slider-nav-light slider-style-normal\"\n        data-flickity-options='{\n            \"cellAlign\": \"center\",\n            \"imagesLoaded\": true,\n            \"lazyLoad\": 1,\n            \"freeScroll\": false,\n            \"wrapAround\": true,\n            \"autoPlay\": 6000,\n            \"pauseAutoPlayOnHover\" : true,\n            \"prevNextButtons\": true,\n            \"contain\" : true,\n            \"adaptiveHeight\" : true,\n            \"dragThreshold\" : 10,\n            \"percentPosition\": true,\n            \"pageDots\": true,\n            \"rightToLeft\": false,\n            \"draggable\": true,\n            \"selectedAttraction\": 0.1,\n            \"parallax\" : 0,\n            \"friction\": 0.6        }'\n        >\n        \n\n  <div class=\"banner has-hover\" id=\"banner-1831152466\">\n          <div class=\"banner-inner fill\">\n        <div class=\"banner-bg fill\" >\n            <img loading=\"lazy\" decoding=\"async\" width=\"1020\" height=\"765\" src=\"https:\/\/profdrfehmidoner.com\/wp-content\/uploads\/2025\/12\/IMG_0056-scaled-1-1067x800.jpg\" class=\"bg attachment-large size-large\" alt=\"\" \/>                        <div class=\"overlay\"><\/div>            \n                    <\/div>\n\t\t\n        <div class=\"banner-layers container\">\n            <div class=\"fill banner-link\"><\/div>            \n   <div id=\"text-box-1437558906\" class=\"text-box banner-layer x50 md-x50 lg-x50 y95 md-y90 lg-y90 res-text\">\n                                <div class=\"text-box-content text dark\">\n              \n              <div class=\"text-inner text-center\">\n                  \n<div class=\"row\"  id=\"row-1076501357\">\n\n\t<div id=\"col-1081034860\" class=\"col medium-5 small-6 large-5\"  >\n\t\t\t\t<div class=\"col-inner\" style=\"background-color:rgb(255,255,255);\" >\n\t\t\t\n\t\t\t\n\t<div id=\"text-2654631162\" class=\"text\">\n\t\t\n<div><strong>Prof. Dr. Fehmi D\u00f6ner<\/strong><\/div>\n\t\t\n<style>\n#text-2654631162 {\n  color: #1f437b;\n}\n#text-2654631162 > * {\n  color: #1f437b;\n}\n<\/style>\n\t<\/div>\n\t\n\t\t<\/div>\n\t\t\t\t\n<style>\n#col-1081034860 > .col-inner {\n  padding: 3px 0px 5px 0px;\n}\n<\/style>\n\t<\/div>\n\n\t\n\n\t<div id=\"col-354593116\" class=\"col small-12 large-12\"  >\n\t\t\t\t<div class=\"col-inner\"  >\n\t\t\t\n\t\t\t\n\t<div id=\"text-2358922598\" class=\"text\">\n\t\t\n<div><strong>37. Jahr im Beruf<\/strong><\/div>\n\t\t\n<style>\n#text-2358922598 {\n  font-size: 2.25rem;\n}\n@media (min-width:550px) {\n  #text-2358922598 {\n    font-size: 3rem;\n  }\n}\n<\/style>\n\t<\/div>\n\t\n\t\t<\/div>\n\t\t\t\t\t<\/div>\n\n\t\n\n\t<div id=\"col-1305529789\" class=\"col medium-7 small-12 large-7\"  >\n\t\t\t\t<div class=\"col-inner text-center\"  >\n\t\t\t\n\t\t\t\n<a href=\"https:\/\/api.whatsapp.com\/send\/?phone=905075360107\" class=\"button secondary\" style=\"border-radius:5px;\" target=\"_blank\" rel=\"noopener\">\n\t\t<span>Kontaktieren Sie uns +<\/span>\n\t<\/a>\n\n<a href=\"https:\/\/profdrfehmidoner.com\/de\/nasenchirurgie\/\" class=\"button white\" style=\"border-radius:5px;\">\n\t\t<span>Behandlungen +<\/span>\n\t<\/a>\n\n\t\t<\/div>\n\t\t\t\t\t<\/div>\n\n\t\n<\/div>\n              <\/div>\n           <\/div>\n                            \n<style>\n#text-box-1437558906 {\n  width: 90%;\n}\n#text-box-1437558906 .text-box-content {\n  font-size: 100%;\n}\n@media (min-width:550px) {\n  #text-box-1437558906 {\n    width: 67%;\n  }\n}\n<\/style>\n    <\/div>\n \n        <\/div>\n      <\/div>\n\n            \n<style>\n#banner-1831152466 {\n  padding-top: 450px;\n}\n#banner-1831152466 .overlay {\n  background-color: rgba(31, 67, 123, 0.5);\n}\n#banner-1831152466 .banner-bg img {\n  object-position: 62% 31%;\n}\n@media (min-width:550px) {\n  #banner-1831152466 {\n    padding-top: 700px;\n  }\n}\n<\/style>\n  <\/div>\n\n\n\n  <div class=\"banner has-hover\" id=\"banner-1090159698\">\n          <div class=\"banner-inner fill\">\n        <div class=\"banner-bg fill\" >\n            <img loading=\"lazy\" decoding=\"async\" width=\"1020\" height=\"654\" src=\"https:\/\/profdrfehmidoner.com\/wp-content\/uploads\/2025\/12\/kulak-cerrahisi-1247x800.jpg\" class=\"bg attachment-large size-large\" alt=\"\" \/>                                    \n                    <\/div>\n\t\t\n        <div class=\"banner-layers container\">\n            <div class=\"fill banner-link\"><\/div>            \n   <div id=\"text-box-150584228\" class=\"text-box banner-layer x50 md-x50 lg-x50 y95 md-y90 lg-y90 res-text\">\n                                <div class=\"text-box-content text dark\">\n              \n              <div class=\"text-inner text-center\">\n                  \n<div class=\"row\"  id=\"row-1317888177\">\n\n\t<div id=\"col-1736719252\" class=\"col medium-5 small-6 large-5\"  >\n\t\t\t\t<div class=\"col-inner\" style=\"background-color:rgb(255,255,255);\" >\n\t\t\t\n\t\t\t\n\t<div id=\"text-1113969717\" class=\"text\">\n\t\t\n<div><strong>Prof. Dr. Fehmi D\u00f6ner<\/strong><\/div>\n\t\t\n<style>\n#text-1113969717 {\n  color: #1f437b;\n}\n#text-1113969717 > * {\n  color: #1f437b;\n}\n<\/style>\n\t<\/div>\n\t\n\t\t<\/div>\n\t\t\t\t\n<style>\n#col-1736719252 > .col-inner {\n  padding: 3px 0px 5px 0px;\n}\n<\/style>\n\t<\/div>\n\n\t\n\n\t<div id=\"col-1692320424\" class=\"col small-12 large-12\"  >\n\t\t\t\t<div class=\"col-inner\"  >\n\t\t\t\n\t\t\t\n\t<div id=\"text-3584164074\" class=\"text\">\n\t\t\n<div><strong>Ohrchirurgie<\/strong><\/div>\n\t\t\n<style>\n#text-3584164074 {\n  font-size: 2.25rem;\n}\n@media (min-width:550px) {\n  #text-3584164074 {\n    font-size: 3rem;\n  }\n}\n<\/style>\n\t<\/div>\n\t\n\t\t<\/div>\n\t\t\t\t\t<\/div>\n\n\t\n\n\t<div id=\"col-545697241\" class=\"col medium-7 small-12 large-7\"  >\n\t\t\t\t<div class=\"col-inner text-center\"  >\n\t\t\t\n\t\t\t\n<a href=\"https:\/\/api.whatsapp.com\/send\/?phone=905075360107\" class=\"button secondary\" style=\"border-radius:5px;\" target=\"_blank\" rel=\"noopener\">\n\t\t<span>Kontaktieren Sie uns +<\/span>\n\t<\/a>\n\n<a href=\"https:\/\/profdrfehmidoner.com\/de\/nasenchirurgie\/\" class=\"button white\" style=\"border-radius:5px;\">\n\t\t<span>Behandlungen +<\/span>\n\t<\/a>\n\n\t\t<\/div>\n\t\t\t\t\t<\/div>\n\n\t\n<\/div>\n              <\/div>\n           <\/div>\n                            \n<style>\n#text-box-150584228 {\n  width: 90%;\n}\n#text-box-150584228 .text-box-content {\n  font-size: 100%;\n}\n@media (min-width:550px) {\n  #text-box-150584228 {\n    width: 65%;\n  }\n}\n<\/style>\n    <\/div>\n \n        <\/div>\n      <\/div>\n\n            \n<style>\n#banner-1090159698 {\n  padding-top: 450px;\n}\n#banner-1090159698 .banner-bg img {\n  object-position: 49% 35%;\n}\n@media (min-width:550px) {\n  #banner-1090159698 {\n    padding-top: 700px;\n  }\n}\n<\/style>\n  <\/div>\n\n\n\n  <div class=\"banner has-hover\" id=\"banner-482583008\">\n          <div class=\"banner-inner fill\">\n        <div class=\"banner-bg fill\" >\n            <img loading=\"lazy\" decoding=\"async\" width=\"1020\" height=\"654\" src=\"https:\/\/profdrfehmidoner.com\/wp-content\/uploads\/2025\/12\/kanser-cerrahisi-1247x800.jpg\" class=\"bg attachment-large size-large\" alt=\"\" \/>                                    \n                    <\/div>\n\t\t\n        <div class=\"banner-layers container\">\n            <div class=\"fill banner-link\"><\/div>            \n   <div id=\"text-box-1215619011\" class=\"text-box banner-layer x50 md-x50 lg-x50 y95 md-y90 lg-y90 res-text\">\n                                <div class=\"text-box-content text dark\">\n              \n              <div class=\"text-inner text-center\">\n                  \n<div class=\"row\"  id=\"row-295125035\">\n\n\t<div id=\"col-882442206\" class=\"col medium-5 small-7 large-5\"  >\n\t\t\t\t<div class=\"col-inner\" style=\"background-color:rgb(255,255,255);\" >\n\t\t\t\n\t\t\t\n\t<div id=\"text-3051730850\" class=\"text\">\n\t\t\n<div><strong>Prof. Dr. Fehmi D\u00f6ner<\/strong><\/div>\n\t\t\n<style>\n#text-3051730850 {\n  color: #1f437b;\n}\n#text-3051730850 > * {\n  color: #1f437b;\n}\n<\/style>\n\t<\/div>\n\t\n\t\t<\/div>\n\t\t\t\t\n<style>\n#col-882442206 > .col-inner {\n  padding: 3px 0px 5px 0px;\n}\n<\/style>\n\t<\/div>\n\n\t\n\n\t<div id=\"col-1591315318\" class=\"col small-12 large-12\"  >\n\t\t\t\t<div class=\"col-inner\"  >\n\t\t\t\n\t\t\t\n\t<div id=\"text-4235961152\" class=\"text\">\n\t\t\n<div><strong>Krebschirurgie<\/strong><\/div>\n\t\t\n<style>\n#text-4235961152 {\n  font-size: 2.25rem;\n}\n@media (min-width:550px) {\n  #text-4235961152 {\n    font-size: 3rem;\n  }\n}\n<\/style>\n\t<\/div>\n\t\n\t\t<\/div>\n\t\t\t\t\t<\/div>\n\n\t\n\n\t<div id=\"col-423698333\" class=\"col medium-7 small-12 large-7\"  >\n\t\t\t\t<div class=\"col-inner text-center\"  >\n\t\t\t\n\t\t\t\n<a href=\"https:\/\/api.whatsapp.com\/send\/?phone=905075360107\" class=\"button secondary\" style=\"border-radius:5px;\" target=\"_blank\" rel=\"noopener\">\n\t\t<span>Kontaktieren Sie uns +<\/span>\n\t<\/a>\n\n<a href=\"https:\/\/profdrfehmidoner.com\/de\/nasenchirurgie\/\" class=\"button white\" style=\"border-radius:5px;\">\n\t\t<span>Behandlungen +<\/span>\n\t<\/a>\n\n\t\t<\/div>\n\t\t\t\t\t<\/div>\n\n\t\n<\/div>\n              <\/div>\n           <\/div>\n                            \n<style>\n#text-box-1215619011 {\n  width: 90%;\n}\n#text-box-1215619011 .text-box-content {\n  font-size: 100%;\n}\n@media (min-width:550px) {\n  #text-box-1215619011 {\n    width: 70%;\n  }\n}\n<\/style>\n    <\/div>\n \n        <\/div>\n      <\/div>\n\n            \n<style>\n#banner-482583008 {\n  padding-top: 450px;\n}\n#banner-482583008 .banner-bg img {\n  object-position: 62% 31%;\n}\n@media (min-width:550px) {\n  #banner-482583008 {\n    padding-top: 700px;\n  }\n}\n<\/style>\n  <\/div>\n\n\n     <\/div>\n\n     <div class=\"loading-spin dark large centered\"><\/div>\n\n\t<\/div>\n\n\n\n\t<section class=\"section\" id=\"section_1207710370\">\n\t\t<div class=\"section-bg fill\" >\n\t\t\t\t\t\t\t\t\t\n\t\t\t\n\n\t\t<\/div>\n\n\t\t\n\n\t\t<div class=\"section-content relative\">\n\t\t\t\n<div class=\"row\"  id=\"row-1705926619\">\n\n\t<div id=\"col-1222049507\" class=\"col medium-4 small-12 large-4\"  >\n\t\t\t\t<div class=\"col-inner\"  >\n\t\t\t\n\t\t\t\n\t<div id=\"text-983464178\" class=\"text show-for-small\">\n\t\t\n<div><strong>\u00dcber mich<\/strong><\/div>\n\t\t\n<style>\n#text-983464178 {\n  font-size: 1.25rem;\n  color: #1f437b;\n}\n#text-983464178 > * {\n  color: #1f437b;\n}\n<\/style>\n\t<\/div>\n\t\n\t<div id=\"text-2255103006\" class=\"text show-for-small\">\n\t\t\n<h1><span style=\"font-size: 110%;\">Prof. Dr. Fehmi D\u00f6ner<\/span><br \/>\n<span style=\"font-size: 63%;\">HNO- und Kopf &#8211; Halschirurgie Spezialist<\/span><\/h1>\n\t\t\n<style>\n#text-2255103006 {\n  font-size: 1.25rem;\n}\n@media (min-width:550px) {\n  #text-2255103006 {\n    font-size: 1.5rem;\n  }\n}\n<\/style>\n\t<\/div>\n\t\n\t<div class=\"img has-hover x md-x lg-x y md-y lg-y\" id=\"image_1213926445\">\n\t\t\t\t\t\t\t\t<div class=\"img-inner dark\" >\n\t\t\t<img loading=\"lazy\" decoding=\"async\" width=\"600\" height=\"800\" src=\"https:\/\/profdrfehmidoner.com\/wp-content\/uploads\/2025\/12\/fehmi-doner-600x800.jpg\" class=\"attachment-large size-large\" alt=\"\" srcset=\"https:\/\/profdrfehmidoner.com\/wp-content\/uploads\/2025\/12\/fehmi-doner-600x800.jpg 600w, https:\/\/profdrfehmidoner.com\/wp-content\/uploads\/2025\/12\/fehmi-doner-300x400.jpg 300w, https:\/\/profdrfehmidoner.com\/wp-content\/uploads\/2025\/12\/fehmi-doner-768x1024.jpg 768w, https:\/\/profdrfehmidoner.com\/wp-content\/uploads\/2025\/12\/fehmi-doner-1152x1536.jpg 1152w, https:\/\/profdrfehmidoner.com\/wp-content\/uploads\/2025\/12\/fehmi-doner.jpg 1209w\" sizes=\"auto, (max-width: 600px) 100vw, 600px\" \/>\t\t\t\t\t\t\n\t\t\t\t\t<\/div>\n\t\t\t\t\t\t\t\t\n<style>\n#image_1213926445 {\n  width: 100%;\n}\n<\/style>\n\t<\/div>\n\t\n\t\t<\/div>\n\t\t\t\t\t<\/div>\n\n\t\n\n\t<div id=\"col-655320663\" class=\"col medium-8 small-12 large-8\"  >\n\t\t\t\t<div class=\"col-inner\"  >\n\t\t\t\n\t\t\t\n\t<div id=\"text-500146635\" class=\"text hide-for-small\">\n\t\t\n<div><strong>\u00dcber mich<\/strong><\/div>\n\t\t\n<style>\n#text-500146635 {\n  font-size: 1.25rem;\n  color: #1f437b;\n}\n#text-500146635 > * {\n  color: #1f437b;\n}\n<\/style>\n\t<\/div>\n\t\n\t<div id=\"text-4266926354\" class=\"text hide-for-small\">\n\t\t\n<h1><span style=\"font-size: 110%;\">Prof. Dr. Fehmi D\u00f6ner<\/span><br \/>\n<span style=\"font-size: 63%;\">HNO- und Kopf &#8211; Halschirurgie Spezialist<\/span><\/h1>\n\t\t\n<style>\n#text-4266926354 {\n  font-size: 1.25rem;\n}\n@media (min-width:550px) {\n  #text-4266926354 {\n    font-size: 1.5rem;\n  }\n}\n<\/style>\n\t<\/div>\n\t\n<p>Ich habe meine Grund- und Sekundarschulausbildung in \u0130zmir abgeschlossen. Ich habe mein Medizinstudium 1988 an der Medizinischen Fakult\u00e4t Cerrahpa\u015fa der Universit\u00e4t Istanbul abgeschlossen. Meine Facharztausbildung absolvierte ich an der Medizinischen Fakult\u00e4t der Atat\u00fcrk-Universit\u00e4t, Abteilung f\u00fcr HNO-Erkrankungen. W\u00e4hrend meiner Facharztausbildung hielt ich mich zu unterschiedlichen Zeiten und f\u00fcr verschiedene Zeitr\u00e4ume an der Medizinischen Fakult\u00e4t der Universit\u00e4t Istanbul, Abteilung f\u00fcr HNO, auf und nahm an klinischen Studien teil, um mein Wissen und meine Erfahrung zu erweitern.<\/p>\n<p>Nach meiner Facharztausbildung im Jahr 1994 arbeitete ich acht Monate im Staatlichen Krankenhaus K\u00fctahya, bevor ich im Dezember 1994 als Assistenzprofessor an die Abteilung f\u00fcr HNO-Erkrankungen der S\u00fcleyman Demirel Universit\u00e4t berufen wurde.<\/p>\n<a href=\"https:\/\/profdrfehmidoner.com\/de\/ueber-mich\/lebenslauf\/\" class=\"button primary\" style=\"border-radius:5px;\">\n\t\t<span>Mehr anzeigen<\/span>\n\t<\/a>\n\n\t\t<\/div>\n\t\t\t\t\t<\/div>\n\n\t\n<\/div>\n\t\t<\/div>\n\n\t\t\n<style>\n#section_1207710370 {\n  padding-top: 30px;\n  padding-bottom: 30px;\n}\n<\/style>\n\t<\/section>\n\t\n\n\t<section class=\"section\" id=\"section_1751024508\">\n\t\t<div class=\"section-bg fill\" >\n\t\t\t\t\t\t\t\t\t\n\t\t\t\n\n\t\t<\/div>\n\n\t\t\n\n\t\t<div class=\"section-content relative\">\n\t\t\t\n<div class=\"row\"  id=\"row-574526158\">\n\n\t<div id=\"col-959209380\" class=\"col small-12 large-12\"  >\n\t\t\t\t<div class=\"col-inner\"  >\n\t\t\t\n\t\t\t\n\t<div id=\"text-598551254\" class=\"text\">\n\t\t\n<div id=\"ez-toc-container\" class=\"ez-toc-v2_0_82_2 counter-hierarchy ez-toc-counter ez-toc-custom ez-toc-container-direction\">\n<div class=\"ez-toc-title-container\">\n<p class=\"ez-toc-title\" style=\"cursor:inherit\">Inhaltsverzeichnis<\/p>\n<span class=\"ez-toc-title-toggle\"><a href=\"#\" class=\"ez-toc-pull-right ez-toc-btn ez-toc-btn-xs ez-toc-btn-default ez-toc-toggle\" aria-label=\"Toggle Table of Content\"><span class=\"ez-toc-js-icon-con\"><span class=\"\"><span class=\"eztoc-hide\" style=\"display:none;\">Toggle<\/span><span class=\"ez-toc-icon-toggle-span\"><svg style=\"fill: #ffffff;color:#ffffff\" xmlns=\"http:\/\/www.w3.org\/2000\/svg\" class=\"list-377408\" width=\"20px\" height=\"20px\" viewBox=\"0 0 24 24\" fill=\"none\"><path d=\"M6 6H4v2h2V6zm14 0H8v2h12V6zM4 11h2v2H4v-2zm16 0H8v2h12v-2zM4 16h2v2H4v-2zm16 0H8v2h12v-2z\" fill=\"currentColor\"><\/path><\/svg><svg style=\"fill: #ffffff;color:#ffffff\" class=\"arrow-unsorted-368013\" xmlns=\"http:\/\/www.w3.org\/2000\/svg\" width=\"10px\" height=\"10px\" viewBox=\"0 0 24 24\" version=\"1.2\" baseProfile=\"tiny\"><path d=\"M18.2 9.3l-6.2-6.3-6.2 6.3c-.2.2-.3.4-.3.7s.1.5.3.7c.2.2.4.3.7.3h11c.3 0 .5-.1.7-.3.2-.2.3-.5.3-.7s-.1-.5-.3-.7zM5.8 14.7l6.2 6.3 6.2-6.3c.2-.2.3-.5.3-.7s-.1-.5-.3-.7c-.2-.2-.4-.3-.7-.3h-11c-.3 0-.5.1-.7.3-.2.2-.3.5-.3.7s.1.5.3.7z\"\/><\/svg><\/span><\/span><\/span><\/a><\/span><\/div>\n<nav><ul class='ez-toc-list ez-toc-list-level-1 ' ><li class='ez-toc-page-1 ez-toc-heading-level-2'><a class=\"ez-toc-link ez-toc-heading-1\" href=\"https:\/\/profdrfehmidoner.com\/de\/#Nasenchirurgie\" >Nasenchirurgie<\/a><\/li><li class='ez-toc-page-1 ez-toc-heading-level-2'><a class=\"ez-toc-link ez-toc-heading-2\" href=\"https:\/\/profdrfehmidoner.com\/de\/#Wie_arbeiten_wir\" >Wie arbeiten wir?<\/a><ul class='ez-toc-list-level-3' ><li class='ez-toc-heading-level-3'><a class=\"ez-toc-link ez-toc-heading-3\" href=\"https:\/\/profdrfehmidoner.com\/de\/#1_Vorgespraech\" >1. Vorgespr\u00e4ch<\/a><\/li><li class='ez-toc-page-1 ez-toc-heading-level-3'><a class=\"ez-toc-link ez-toc-heading-4\" href=\"https:\/\/profdrfehmidoner.com\/de\/#2_Untersuchung\" >2. Untersuchung<\/a><\/li><li class='ez-toc-page-1 ez-toc-heading-level-3'><a class=\"ez-toc-link ez-toc-heading-5\" href=\"https:\/\/profdrfehmidoner.com\/de\/#3_Planung\" >3. Planung<\/a><\/li><li class='ez-toc-page-1 ez-toc-heading-level-3'><a class=\"ez-toc-link ez-toc-heading-6\" href=\"https:\/\/profdrfehmidoner.com\/de\/#4_Ein_neues_Ich\" >4. Ein neues Ich<\/a><\/li><\/ul><\/li><li class='ez-toc-page-1 ez-toc-heading-level-2'><a class=\"ez-toc-link ez-toc-heading-7\" href=\"https:\/\/profdrfehmidoner.com\/de\/#Patientenbewertungen\" >Patientenbewertungen<\/a><ul class='ez-toc-list-level-3' ><li class='ez-toc-heading-level-3'><a class=\"ez-toc-link ez-toc-heading-8\" href=\"https:\/\/profdrfehmidoner.com\/de\/#Adresse\" >Adresse<\/a><\/li><li class='ez-toc-page-1 ez-toc-heading-level-3'><a class=\"ez-toc-link ez-toc-heading-9\" href=\"https:\/\/profdrfehmidoner.com\/de\/#Telefon\" >Telefon<\/a><\/li><li class='ez-toc-page-1 ez-toc-heading-level-3'><a class=\"ez-toc-link ez-toc-heading-10\" href=\"https:\/\/profdrfehmidoner.com\/de\/#E-Mail\" >E-Mail<\/a><\/li><\/ul><\/li><li class='ez-toc-page-1 ez-toc-heading-level-2'><a class=\"ez-toc-link ez-toc-heading-11\" href=\"https:\/\/profdrfehmidoner.com\/de\/#Kontaktieren_Sie_uns\" >Kontaktieren Sie uns<\/a><\/li><\/ul><\/nav><\/div>\n<h2><span class=\"ez-toc-section\" id=\"Nasenchirurgie\"><\/span>Nasenchirurgie<span class=\"ez-toc-section-end\"><\/span><\/h2>\n\t\t\n<style>\n#text-598551254 {\n  font-size: 1.5rem;\n  text-align: center;\n}\n<\/style>\n\t<\/div>\n\t\n\n  \n    <div class=\"row tedavi-alani-sablonu large-columns-4 medium-columns-3 small-columns-2\" >\n  <div class=\"page-col col\" >\n          <div class=\"col-inner\" >\n          <a class=\"block plain\" href=\"https:\/\/profdrfehmidoner.com\/de\/nasenchirurgie\/offene-nasen-op\/\" title=\"Offene Nasen-OP in der T\u00fcrkei\" target=\"\">\n            <div class=\"page-box box has-hover\">\n                  <div class=\"box-image\" >\n                      <div class=\"box-image image-cover\" style=\"padding-top:100%;\">\n                      <img loading=\"lazy\" decoding=\"async\" width=\"711\" height=\"400\" src=\"https:\/\/profdrfehmidoner.com\/wp-content\/uploads\/2026\/01\/Acik-Burun-Ameliyati-711x400.jpg\" class=\"attachment-medium size-medium\" alt=\"\" srcset=\"https:\/\/profdrfehmidoner.com\/wp-content\/uploads\/2026\/01\/Acik-Burun-Ameliyati-711x400.jpg 711w, https:\/\/profdrfehmidoner.com\/wp-content\/uploads\/2026\/01\/Acik-Burun-Ameliyati-1400x788.jpg 1400w, https:\/\/profdrfehmidoner.com\/wp-content\/uploads\/2026\/01\/Acik-Burun-Ameliyati-768x432.jpg 768w, https:\/\/profdrfehmidoner.com\/wp-content\/uploads\/2026\/01\/Acik-Burun-Ameliyati-1536x864.jpg 1536w, https:\/\/profdrfehmidoner.com\/wp-content\/uploads\/2026\/01\/Acik-Burun-Ameliyati.jpg 1600w\" sizes=\"auto, (max-width: 711px) 100vw, 711px\" \/>                      <\/div>\n                                                              <\/div>\n                  <div class=\"box-text text-center dark\" style=\"background-color:rgb(45, 48, 78);\">\n                        <div class=\"box-text-inner\">\n                            <p>Offene Nasen-OP in der T\u00fcrkei<\/p>\n                        <\/div>\n                  <\/div>\n              <\/div>\n            <\/a>\n            <\/div>\n          <\/div><div class=\"page-col col\" >\n          <div class=\"col-inner\" >\n          <a class=\"block plain\" href=\"https:\/\/profdrfehmidoner.com\/de\/nasenchirurgie\/nasenloch-und-nasenfluegelverkleinerung-alarplastik\/\" title=\"Nasenloch- und Nasenfl\u00fcgelverkleinerung (Alarplastik) in der T\u00fcrkei\" target=\"\">\n            <div class=\"page-box box has-hover\">\n                  <div class=\"box-image\" >\n                      <div class=\"box-image image-cover\" style=\"padding-top:100%;\">\n                      <img loading=\"lazy\" decoding=\"async\" width=\"711\" height=\"400\" src=\"https:\/\/profdrfehmidoner.com\/wp-content\/uploads\/2026\/01\/Burun-Deligi-ve-Kanadi-Kucultme-AmeliyatiAlarplasti-711x400.jpg\" class=\"attachment-medium size-medium\" alt=\"\" srcset=\"https:\/\/profdrfehmidoner.com\/wp-content\/uploads\/2026\/01\/Burun-Deligi-ve-Kanadi-Kucultme-AmeliyatiAlarplasti-711x400.jpg 711w, https:\/\/profdrfehmidoner.com\/wp-content\/uploads\/2026\/01\/Burun-Deligi-ve-Kanadi-Kucultme-AmeliyatiAlarplasti-1400x788.jpg 1400w, https:\/\/profdrfehmidoner.com\/wp-content\/uploads\/2026\/01\/Burun-Deligi-ve-Kanadi-Kucultme-AmeliyatiAlarplasti-768x432.jpg 768w, https:\/\/profdrfehmidoner.com\/wp-content\/uploads\/2026\/01\/Burun-Deligi-ve-Kanadi-Kucultme-AmeliyatiAlarplasti-1536x864.jpg 1536w, https:\/\/profdrfehmidoner.com\/wp-content\/uploads\/2026\/01\/Burun-Deligi-ve-Kanadi-Kucultme-AmeliyatiAlarplasti.jpg 1600w\" sizes=\"auto, (max-width: 711px) 100vw, 711px\" \/>                      <\/div>\n                                                              <\/div>\n                  <div class=\"box-text text-center dark\" style=\"background-color:rgb(45, 48, 78);\">\n                        <div class=\"box-text-inner\">\n                            <p>Nasenloch- und Nasenfl\u00fcgelverkleinerung (Alarplastik) in der T\u00fcrkei<\/p>\n                        <\/div>\n                  <\/div>\n              <\/div>\n            <\/a>\n            <\/div>\n          <\/div><div class=\"page-col col\" >\n          <div class=\"col-inner\" >\n          <a class=\"block plain\" href=\"https:\/\/profdrfehmidoner.com\/de\/nasenchirurgie\/nasenspitzenkorrektur\/\" title=\"Nasenspitzenkorrektur in der T\u00fcrkei\" target=\"\">\n            <div class=\"page-box box has-hover\">\n                  <div class=\"box-image\" >\n                      <div class=\"box-image image-cover\" style=\"padding-top:100%;\">\n                      <img loading=\"lazy\" decoding=\"async\" width=\"711\" height=\"400\" src=\"https:\/\/profdrfehmidoner.com\/wp-content\/uploads\/2026\/01\/Burun-Ucu-Estetigi-Tipplasti-711x400.jpg\" class=\"attachment-medium size-medium\" alt=\"\" srcset=\"https:\/\/profdrfehmidoner.com\/wp-content\/uploads\/2026\/01\/Burun-Ucu-Estetigi-Tipplasti-711x400.jpg 711w, https:\/\/profdrfehmidoner.com\/wp-content\/uploads\/2026\/01\/Burun-Ucu-Estetigi-Tipplasti-1400x788.jpg 1400w, https:\/\/profdrfehmidoner.com\/wp-content\/uploads\/2026\/01\/Burun-Ucu-Estetigi-Tipplasti-768x432.jpg 768w, https:\/\/profdrfehmidoner.com\/wp-content\/uploads\/2026\/01\/Burun-Ucu-Estetigi-Tipplasti-1536x864.jpg 1536w, https:\/\/profdrfehmidoner.com\/wp-content\/uploads\/2026\/01\/Burun-Ucu-Estetigi-Tipplasti.jpg 1600w\" sizes=\"auto, (max-width: 711px) 100vw, 711px\" \/>                      <\/div>\n                                                              <\/div>\n                  <div class=\"box-text text-center dark\" style=\"background-color:rgb(45, 48, 78);\">\n                        <div class=\"box-text-inner\">\n                            <p>Nasenspitzenkorrektur in der T\u00fcrkei<\/p>\n                        <\/div>\n                  <\/div>\n              <\/div>\n            <\/a>\n            <\/div>\n          <\/div><div class=\"page-col col\" >\n          <div class=\"col-inner\" >\n          <a class=\"block plain\" href=\"https:\/\/profdrfehmidoner.com\/de\/nasenchirurgie\/natuerlich-wirkende-nasen-op\/\" title=\"Nat\u00fcrlich wirkende Nasen-OP in der T\u00fcrkei\" target=\"\">\n            <div class=\"page-box box has-hover\">\n                  <div class=\"box-image\" >\n                      <div class=\"box-image image-cover\" style=\"padding-top:100%;\">\n                      <img loading=\"lazy\" decoding=\"async\" width=\"711\" height=\"400\" src=\"https:\/\/profdrfehmidoner.com\/wp-content\/uploads\/2026\/01\/Dogal-Gorunumlu-Burun-Estetigi-711x400.jpg\" class=\"attachment-medium size-medium\" alt=\"\" srcset=\"https:\/\/profdrfehmidoner.com\/wp-content\/uploads\/2026\/01\/Dogal-Gorunumlu-Burun-Estetigi-711x400.jpg 711w, https:\/\/profdrfehmidoner.com\/wp-content\/uploads\/2026\/01\/Dogal-Gorunumlu-Burun-Estetigi-1400x788.jpg 1400w, https:\/\/profdrfehmidoner.com\/wp-content\/uploads\/2026\/01\/Dogal-Gorunumlu-Burun-Estetigi-768x432.jpg 768w, https:\/\/profdrfehmidoner.com\/wp-content\/uploads\/2026\/01\/Dogal-Gorunumlu-Burun-Estetigi-1536x864.jpg 1536w, https:\/\/profdrfehmidoner.com\/wp-content\/uploads\/2026\/01\/Dogal-Gorunumlu-Burun-Estetigi.jpg 1600w\" sizes=\"auto, (max-width: 711px) 100vw, 711px\" \/>                      <\/div>\n                                                              <\/div>\n                  <div class=\"box-text text-center dark\" style=\"background-color:rgb(45, 48, 78);\">\n                        <div class=\"box-text-inner\">\n                            <p>Nat\u00fcrlich wirkende Nasen-OP in der T\u00fcrkei<\/p>\n                        <\/div>\n                  <\/div>\n              <\/div>\n            <\/a>\n            <\/div>\n          <\/div><div class=\"page-col col\" >\n          <div class=\"col-inner\" >\n          <a class=\"block plain\" href=\"https:\/\/profdrfehmidoner.com\/de\/nasenchirurgie\/funktionelle-nasen-op\/\" title=\"Funktionelle Nasen-OP in der T\u00fcrkei\" target=\"\">\n            <div class=\"page-box box has-hover\">\n                  <div class=\"box-image\" >\n                      <div class=\"box-image image-cover\" style=\"padding-top:100%;\">\n                      <img loading=\"lazy\" decoding=\"async\" width=\"711\" height=\"400\" src=\"https:\/\/profdrfehmidoner.com\/wp-content\/uploads\/2026\/01\/Fonksiyonel-Burun-Estetigi-711x400.jpg\" class=\"attachment-medium size-medium\" alt=\"\" srcset=\"https:\/\/profdrfehmidoner.com\/wp-content\/uploads\/2026\/01\/Fonksiyonel-Burun-Estetigi-711x400.jpg 711w, https:\/\/profdrfehmidoner.com\/wp-content\/uploads\/2026\/01\/Fonksiyonel-Burun-Estetigi-1400x788.jpg 1400w, https:\/\/profdrfehmidoner.com\/wp-content\/uploads\/2026\/01\/Fonksiyonel-Burun-Estetigi-768x432.jpg 768w, https:\/\/profdrfehmidoner.com\/wp-content\/uploads\/2026\/01\/Fonksiyonel-Burun-Estetigi-1536x864.jpg 1536w, https:\/\/profdrfehmidoner.com\/wp-content\/uploads\/2026\/01\/Fonksiyonel-Burun-Estetigi.jpg 1600w\" sizes=\"auto, (max-width: 711px) 100vw, 711px\" \/>                      <\/div>\n                                                              <\/div>\n                  <div class=\"box-text text-center dark\" style=\"background-color:rgb(45, 48, 78);\">\n                        <div class=\"box-text-inner\">\n                            <p>Funktionelle Nasen-OP in der T\u00fcrkei<\/p>\n                        <\/div>\n                  <\/div>\n              <\/div>\n            <\/a>\n            <\/div>\n          <\/div><div class=\"page-col col\" >\n          <div class=\"col-inner\" >\n          <a class=\"block plain\" href=\"https:\/\/profdrfehmidoner.com\/de\/nasenchirurgie\/nasen-op-bei-maennern\/\" title=\"Nasen-OP bei M\u00e4nnern in der T\u00fcrkei\" target=\"\">\n            <div class=\"page-box box has-hover\">\n                  <div class=\"box-image\" >\n                      <div class=\"box-image image-cover\" style=\"padding-top:100%;\">\n                      <img loading=\"lazy\" decoding=\"async\" width=\"711\" height=\"400\" src=\"https:\/\/profdrfehmidoner.com\/wp-content\/uploads\/2026\/01\/Erkeklerde-Burun-Estetigi-Rinoplasti-711x400.jpg\" class=\"attachment-medium size-medium\" alt=\"\" srcset=\"https:\/\/profdrfehmidoner.com\/wp-content\/uploads\/2026\/01\/Erkeklerde-Burun-Estetigi-Rinoplasti-711x400.jpg 711w, https:\/\/profdrfehmidoner.com\/wp-content\/uploads\/2026\/01\/Erkeklerde-Burun-Estetigi-Rinoplasti-1400x788.jpg 1400w, https:\/\/profdrfehmidoner.com\/wp-content\/uploads\/2026\/01\/Erkeklerde-Burun-Estetigi-Rinoplasti-768x432.jpg 768w, https:\/\/profdrfehmidoner.com\/wp-content\/uploads\/2026\/01\/Erkeklerde-Burun-Estetigi-Rinoplasti-1536x864.jpg 1536w, https:\/\/profdrfehmidoner.com\/wp-content\/uploads\/2026\/01\/Erkeklerde-Burun-Estetigi-Rinoplasti.jpg 1600w\" sizes=\"auto, (max-width: 711px) 100vw, 711px\" \/>                      <\/div>\n                                                              <\/div>\n                  <div class=\"box-text text-center dark\" style=\"background-color:rgb(45, 48, 78);\">\n                        <div class=\"box-text-inner\">\n                            <p>Nasen-OP bei M\u00e4nnern in der T\u00fcrkei<\/p>\n                        <\/div>\n                  <\/div>\n              <\/div>\n            <\/a>\n            <\/div>\n          <\/div><div class=\"page-col col\" >\n          <div class=\"col-inner\" >\n          <a class=\"block plain\" href=\"https:\/\/profdrfehmidoner.com\/de\/nasenchirurgie\/nasen-op-bei-breiter-nase\/\" title=\"Nasen-OP bei breiter Nase in der T\u00fcrkei\" target=\"\">\n            <div class=\"page-box box has-hover\">\n                  <div class=\"box-image\" >\n                      <div class=\"box-image image-cover\" style=\"padding-top:100%;\">\n                      <img loading=\"lazy\" decoding=\"async\" width=\"711\" height=\"400\" src=\"https:\/\/profdrfehmidoner.com\/wp-content\/uploads\/2026\/01\/Genis-Burun-Estetigi-711x400.jpg\" class=\"attachment-medium size-medium\" alt=\"\" srcset=\"https:\/\/profdrfehmidoner.com\/wp-content\/uploads\/2026\/01\/Genis-Burun-Estetigi-711x400.jpg 711w, https:\/\/profdrfehmidoner.com\/wp-content\/uploads\/2026\/01\/Genis-Burun-Estetigi-1400x788.jpg 1400w, https:\/\/profdrfehmidoner.com\/wp-content\/uploads\/2026\/01\/Genis-Burun-Estetigi-768x432.jpg 768w, https:\/\/profdrfehmidoner.com\/wp-content\/uploads\/2026\/01\/Genis-Burun-Estetigi-1536x864.jpg 1536w, https:\/\/profdrfehmidoner.com\/wp-content\/uploads\/2026\/01\/Genis-Burun-Estetigi.jpg 1600w\" sizes=\"auto, (max-width: 711px) 100vw, 711px\" \/>                      <\/div>\n                                                              <\/div>\n                  <div class=\"box-text text-center dark\" style=\"background-color:rgb(45, 48, 78);\">\n                        <div class=\"box-text-inner\">\n                            <p>Nasen-OP bei breiter Nase in der T\u00fcrkei<\/p>\n                        <\/div>\n                  <\/div>\n              <\/div>\n            <\/a>\n            <\/div>\n          <\/div><div class=\"page-col col\" >\n          <div class=\"col-inner\" >\n          <a class=\"block plain\" href=\"https:\/\/profdrfehmidoner.com\/de\/nasenchirurgie\/nasen-op-bei-dicker-haut\/\" title=\"Nasen-OP bei dicker Haut in der T\u00fcrkei\" target=\"\">\n            <div class=\"page-box box has-hover\">\n                  <div class=\"box-image\" >\n                      <div class=\"box-image image-cover\" style=\"padding-top:100%;\">\n                      <img loading=\"lazy\" decoding=\"async\" width=\"711\" height=\"400\" src=\"https:\/\/profdrfehmidoner.com\/wp-content\/uploads\/2026\/01\/Kalin-Derili-Burun-Estetigi-711x400.jpg\" class=\"attachment-medium size-medium\" alt=\"\" srcset=\"https:\/\/profdrfehmidoner.com\/wp-content\/uploads\/2026\/01\/Kalin-Derili-Burun-Estetigi-711x400.jpg 711w, https:\/\/profdrfehmidoner.com\/wp-content\/uploads\/2026\/01\/Kalin-Derili-Burun-Estetigi-1400x788.jpg 1400w, https:\/\/profdrfehmidoner.com\/wp-content\/uploads\/2026\/01\/Kalin-Derili-Burun-Estetigi-768x432.jpg 768w, https:\/\/profdrfehmidoner.com\/wp-content\/uploads\/2026\/01\/Kalin-Derili-Burun-Estetigi-1536x864.jpg 1536w, https:\/\/profdrfehmidoner.com\/wp-content\/uploads\/2026\/01\/Kalin-Derili-Burun-Estetigi.jpg 1600w\" sizes=\"auto, (max-width: 711px) 100vw, 711px\" \/>                      <\/div>\n                                                              <\/div>\n                  <div class=\"box-text text-center dark\" style=\"background-color:rgb(45, 48, 78);\">\n                        <div class=\"box-text-inner\">\n                            <p>Nasen-OP bei dicker Haut in der T\u00fcrkei<\/p>\n                        <\/div>\n                  <\/div>\n              <\/div>\n            <\/a>\n            <\/div>\n          <\/div><div class=\"page-col col\" >\n          <div class=\"col-inner\" >\n          <a class=\"block plain\" href=\"https:\/\/profdrfehmidoner.com\/de\/nasenchirurgie\/septorhinoplastik\/\" title=\"Septorhinoplastik in der T\u00fcrkei\" target=\"\">\n            <div class=\"page-box box has-hover\">\n                  <div class=\"box-image\" >\n                      <div class=\"box-image image-cover\" style=\"padding-top:100%;\">\n                      <img loading=\"lazy\" decoding=\"async\" width=\"711\" height=\"400\" src=\"https:\/\/profdrfehmidoner.com\/wp-content\/uploads\/2026\/01\/Septorinoplasti-711x400.jpg\" class=\"attachment-medium size-medium\" alt=\"\" srcset=\"https:\/\/profdrfehmidoner.com\/wp-content\/uploads\/2026\/01\/Septorinoplasti-711x400.jpg 711w, https:\/\/profdrfehmidoner.com\/wp-content\/uploads\/2026\/01\/Septorinoplasti-1400x788.jpg 1400w, https:\/\/profdrfehmidoner.com\/wp-content\/uploads\/2026\/01\/Septorinoplasti-768x432.jpg 768w, https:\/\/profdrfehmidoner.com\/wp-content\/uploads\/2026\/01\/Septorinoplasti-1536x864.jpg 1536w, https:\/\/profdrfehmidoner.com\/wp-content\/uploads\/2026\/01\/Septorinoplasti.jpg 1600w\" sizes=\"auto, (max-width: 711px) 100vw, 711px\" \/>                      <\/div>\n                                                              <\/div>\n                  <div class=\"box-text text-center dark\" style=\"background-color:rgb(45, 48, 78);\">\n                        <div class=\"box-text-inner\">\n                            <p>Septorhinoplastik in der T\u00fcrkei<\/p>\n                        <\/div>\n                  <\/div>\n              <\/div>\n            <\/a>\n            <\/div>\n          <\/div><div class=\"page-col col\" >\n          <div class=\"col-inner\" >\n          <a class=\"block plain\" href=\"https:\/\/profdrfehmidoner.com\/de\/nasenchirurgie\/ethnische-nasen-op\/\" title=\"Ethnische Nasen-OP in der T\u00fcrkei\" target=\"\">\n            <div class=\"page-box box has-hover\">\n                  <div class=\"box-image\" >\n                      <div class=\"box-image image-cover\" style=\"padding-top:100%;\">\n                      <img loading=\"lazy\" decoding=\"async\" width=\"711\" height=\"400\" src=\"https:\/\/profdrfehmidoner.com\/wp-content\/uploads\/2026\/01\/Etnik-Burun-Estetigi-711x400.jpg\" class=\"attachment-medium size-medium\" alt=\"\" srcset=\"https:\/\/profdrfehmidoner.com\/wp-content\/uploads\/2026\/01\/Etnik-Burun-Estetigi-711x400.jpg 711w, https:\/\/profdrfehmidoner.com\/wp-content\/uploads\/2026\/01\/Etnik-Burun-Estetigi-1400x788.jpg 1400w, https:\/\/profdrfehmidoner.com\/wp-content\/uploads\/2026\/01\/Etnik-Burun-Estetigi-768x432.jpg 768w, https:\/\/profdrfehmidoner.com\/wp-content\/uploads\/2026\/01\/Etnik-Burun-Estetigi-1536x864.jpg 1536w, https:\/\/profdrfehmidoner.com\/wp-content\/uploads\/2026\/01\/Etnik-Burun-Estetigi.jpg 1600w\" sizes=\"auto, (max-width: 711px) 100vw, 711px\" \/>                      <\/div>\n                                                              <\/div>\n                  <div class=\"box-text text-center dark\" style=\"background-color:rgb(45, 48, 78);\">\n                        <div class=\"box-text-inner\">\n                            <p>Ethnische Nasen-OP in der T\u00fcrkei<\/p>\n                        <\/div>\n                  <\/div>\n              <\/div>\n            <\/a>\n            <\/div>\n          <\/div><div class=\"page-col col\" >\n          <div class=\"col-inner\" >\n          <a class=\"block plain\" href=\"https:\/\/profdrfehmidoner.com\/de\/nasenchirurgie\/nasen-op-bei-hoeckernase\/\" title=\"Nasen-OP bei H\u00f6ckernase in der T\u00fcrkei\" target=\"\">\n            <div class=\"page-box box has-hover\">\n                  <div class=\"box-image\" >\n                      <div class=\"box-image image-cover\" style=\"padding-top:100%;\">\n                      <img loading=\"lazy\" decoding=\"async\" width=\"711\" height=\"400\" src=\"https:\/\/profdrfehmidoner.com\/wp-content\/uploads\/2026\/01\/Kemerli-Burun-Estetigi-711x400.jpg\" class=\"attachment-medium size-medium\" alt=\"\" srcset=\"https:\/\/profdrfehmidoner.com\/wp-content\/uploads\/2026\/01\/Kemerli-Burun-Estetigi-711x400.jpg 711w, https:\/\/profdrfehmidoner.com\/wp-content\/uploads\/2026\/01\/Kemerli-Burun-Estetigi-1400x788.jpg 1400w, https:\/\/profdrfehmidoner.com\/wp-content\/uploads\/2026\/01\/Kemerli-Burun-Estetigi-768x432.jpg 768w, https:\/\/profdrfehmidoner.com\/wp-content\/uploads\/2026\/01\/Kemerli-Burun-Estetigi-1536x864.jpg 1536w, https:\/\/profdrfehmidoner.com\/wp-content\/uploads\/2026\/01\/Kemerli-Burun-Estetigi.jpg 1600w\" sizes=\"auto, (max-width: 711px) 100vw, 711px\" \/>                      <\/div>\n                                                              <\/div>\n                  <div class=\"box-text text-center dark\" style=\"background-color:rgb(45, 48, 78);\">\n                        <div class=\"box-text-inner\">\n                            <p>Nasen-OP bei H\u00f6ckernase in der T\u00fcrkei<\/p>\n                        <\/div>\n                  <\/div>\n              <\/div>\n            <\/a>\n            <\/div>\n          <\/div><div class=\"page-col col\" >\n          <div class=\"col-inner\" >\n          <a class=\"block plain\" href=\"https:\/\/profdrfehmidoner.com\/de\/nasenchirurgie\/septumplastik\/\" title=\"Septumplastik in der T\u00fcrkei\" target=\"\">\n            <div class=\"page-box box has-hover\">\n                  <div class=\"box-image\" >\n                      <div class=\"box-image image-cover\" style=\"padding-top:100%;\">\n                      <img loading=\"lazy\" decoding=\"async\" width=\"711\" height=\"400\" src=\"https:\/\/profdrfehmidoner.com\/wp-content\/uploads\/2026\/01\/Septoplasti-711x400.jpg\" class=\"attachment-medium size-medium\" alt=\"\" srcset=\"https:\/\/profdrfehmidoner.com\/wp-content\/uploads\/2026\/01\/Septoplasti-711x400.jpg 711w, https:\/\/profdrfehmidoner.com\/wp-content\/uploads\/2026\/01\/Septoplasti-1400x788.jpg 1400w, https:\/\/profdrfehmidoner.com\/wp-content\/uploads\/2026\/01\/Septoplasti-768x432.jpg 768w, https:\/\/profdrfehmidoner.com\/wp-content\/uploads\/2026\/01\/Septoplasti-1536x864.jpg 1536w, https:\/\/profdrfehmidoner.com\/wp-content\/uploads\/2026\/01\/Septoplasti.jpg 1600w\" sizes=\"auto, (max-width: 711px) 100vw, 711px\" \/>                      <\/div>\n                                                              <\/div>\n                  <div class=\"box-text text-center dark\" style=\"background-color:rgb(45, 48, 78);\">\n                        <div class=\"box-text-inner\">\n                            <p>Septumplastik in der T\u00fcrkei<\/p>\n                        <\/div>\n                  <\/div>\n              <\/div>\n            <\/a>\n            <\/div>\n          <\/div><div class=\"page-col col\" >\n          <div class=\"col-inner\" >\n          <a class=\"block plain\" href=\"https:\/\/profdrfehmidoner.com\/de\/nasenchirurgie\/piezo-gestuetzte-ultraschallbasierte-nasen-op\/\" title=\"Piezo-gest\u00fctzte (ultraschallbasierte) Nasen-OP in der T\u00fcrkei\" target=\"\">\n            <div class=\"page-box box has-hover\">\n                  <div class=\"box-image\" >\n                      <div class=\"box-image image-cover\" style=\"padding-top:100%;\">\n                      <img loading=\"lazy\" decoding=\"async\" width=\"711\" height=\"400\" src=\"https:\/\/profdrfehmidoner.com\/wp-content\/uploads\/2026\/01\/Piezo-Ultrasonik-Burun-Estetigi-711x400.jpg\" class=\"attachment-medium size-medium\" alt=\"\" srcset=\"https:\/\/profdrfehmidoner.com\/wp-content\/uploads\/2026\/01\/Piezo-Ultrasonik-Burun-Estetigi-711x400.jpg 711w, https:\/\/profdrfehmidoner.com\/wp-content\/uploads\/2026\/01\/Piezo-Ultrasonik-Burun-Estetigi-1400x788.jpg 1400w, https:\/\/profdrfehmidoner.com\/wp-content\/uploads\/2026\/01\/Piezo-Ultrasonik-Burun-Estetigi-768x432.jpg 768w, https:\/\/profdrfehmidoner.com\/wp-content\/uploads\/2026\/01\/Piezo-Ultrasonik-Burun-Estetigi-1536x864.jpg 1536w, https:\/\/profdrfehmidoner.com\/wp-content\/uploads\/2026\/01\/Piezo-Ultrasonik-Burun-Estetigi.jpg 1600w\" sizes=\"auto, (max-width: 711px) 100vw, 711px\" \/>                      <\/div>\n                                                              <\/div>\n                  <div class=\"box-text text-center dark\" style=\"background-color:rgb(45, 48, 78);\">\n                        <div class=\"box-text-inner\">\n                            <p>Piezo-gest\u00fctzte (ultraschallbasierte) Nasen-OP in der T\u00fcrkei<\/p>\n                        <\/div>\n                  <\/div>\n              <\/div>\n            <\/a>\n            <\/div>\n          <\/div><div class=\"page-col col\" >\n          <div class=\"col-inner\" >\n          <a class=\"block plain\" href=\"https:\/\/profdrfehmidoner.com\/de\/nasenchirurgie\/nasenknochenabtragung\/\" title=\"Nasenknochenabtragung in der T\u00fcrkei\" target=\"\">\n            <div class=\"page-box box has-hover\">\n                  <div class=\"box-image\" >\n                      <div class=\"box-image image-cover\" style=\"padding-top:100%;\">\n                      <img loading=\"lazy\" decoding=\"async\" width=\"711\" height=\"400\" src=\"https:\/\/profdrfehmidoner.com\/wp-content\/uploads\/2026\/01\/Burun-Torpuleme-Ameliyati-711x400.jpg\" class=\"attachment-medium size-medium\" alt=\"\" srcset=\"https:\/\/profdrfehmidoner.com\/wp-content\/uploads\/2026\/01\/Burun-Torpuleme-Ameliyati-711x400.jpg 711w, https:\/\/profdrfehmidoner.com\/wp-content\/uploads\/2026\/01\/Burun-Torpuleme-Ameliyati-1400x788.jpg 1400w, https:\/\/profdrfehmidoner.com\/wp-content\/uploads\/2026\/01\/Burun-Torpuleme-Ameliyati-768x432.jpg 768w, https:\/\/profdrfehmidoner.com\/wp-content\/uploads\/2026\/01\/Burun-Torpuleme-Ameliyati-1536x864.jpg 1536w, https:\/\/profdrfehmidoner.com\/wp-content\/uploads\/2026\/01\/Burun-Torpuleme-Ameliyati.jpg 1600w\" sizes=\"auto, (max-width: 711px) 100vw, 711px\" \/>                      <\/div>\n                                                              <\/div>\n                  <div class=\"box-text text-center dark\" style=\"background-color:rgb(45, 48, 78);\">\n                        <div class=\"box-text-inner\">\n                            <p>Nasenknochenabtragung in der T\u00fcrkei<\/p>\n                        <\/div>\n                  <\/div>\n              <\/div>\n            <\/a>\n            <\/div>\n          <\/div><div class=\"page-col col\" >\n          <div class=\"col-inner\" >\n          <a class=\"block plain\" href=\"https:\/\/profdrfehmidoner.com\/de\/nasenchirurgie\/nasenverkleinerung\/\" title=\"Nasenverkleinerung in der T\u00fcrkei\" target=\"\">\n            <div class=\"page-box box has-hover\">\n                  <div class=\"box-image\" >\n                      <div class=\"box-image image-cover\" style=\"padding-top:100%;\">\n                      <img loading=\"lazy\" decoding=\"async\" width=\"711\" height=\"400\" src=\"https:\/\/profdrfehmidoner.com\/wp-content\/uploads\/2026\/01\/Burun-Kucultme-Ameliyati-711x400.jpg\" class=\"attachment-medium size-medium\" alt=\"\" srcset=\"https:\/\/profdrfehmidoner.com\/wp-content\/uploads\/2026\/01\/Burun-Kucultme-Ameliyati-711x400.jpg 711w, https:\/\/profdrfehmidoner.com\/wp-content\/uploads\/2026\/01\/Burun-Kucultme-Ameliyati-1400x788.jpg 1400w, https:\/\/profdrfehmidoner.com\/wp-content\/uploads\/2026\/01\/Burun-Kucultme-Ameliyati-768x432.jpg 768w, https:\/\/profdrfehmidoner.com\/wp-content\/uploads\/2026\/01\/Burun-Kucultme-Ameliyati-1536x864.jpg 1536w, https:\/\/profdrfehmidoner.com\/wp-content\/uploads\/2026\/01\/Burun-Kucultme-Ameliyati.jpg 1600w\" sizes=\"auto, (max-width: 711px) 100vw, 711px\" \/>                      <\/div>\n                                                              <\/div>\n                  <div class=\"box-text text-center dark\" style=\"background-color:rgb(45, 48, 78);\">\n                        <div class=\"box-text-inner\">\n                            <p>Nasenverkleinerung in der T\u00fcrkei<\/p>\n                        <\/div>\n                  <\/div>\n              <\/div>\n            <\/a>\n            <\/div>\n          <\/div><div class=\"page-col col\" >\n          <div class=\"col-inner\" >\n          <a class=\"block plain\" href=\"https:\/\/profdrfehmidoner.com\/de\/nasenchirurgie\/nasen-op\/\" title=\"Nasen-OP in der T\u00fcrkei\" target=\"\">\n            <div class=\"page-box box has-hover\">\n                  <div class=\"box-image\" >\n                      <div class=\"box-image image-cover\" style=\"padding-top:100%;\">\n                      <img loading=\"lazy\" decoding=\"async\" width=\"701\" height=\"400\" src=\"https:\/\/profdrfehmidoner.com\/wp-content\/uploads\/2025\/12\/burun-estetigi-701x400.jpg\" class=\"attachment-medium size-medium\" alt=\"\" srcset=\"https:\/\/profdrfehmidoner.com\/wp-content\/uploads\/2025\/12\/burun-estetigi-701x400.jpg 701w, https:\/\/profdrfehmidoner.com\/wp-content\/uploads\/2025\/12\/burun-estetigi-768x439.jpg 768w, https:\/\/profdrfehmidoner.com\/wp-content\/uploads\/2025\/12\/burun-estetigi.jpg 1000w\" sizes=\"auto, (max-width: 701px) 100vw, 701px\" \/>                      <\/div>\n                                                              <\/div>\n                  <div class=\"box-text text-center dark\" style=\"background-color:rgb(45, 48, 78);\">\n                        <div class=\"box-text-inner\">\n                            <p>Nasen-OP in der T\u00fcrkei<\/p>\n                        <\/div>\n                  <\/div>\n              <\/div>\n            <\/a>\n            <\/div>\n          <\/div><div class=\"page-col col\" >\n          <div class=\"col-inner\" >\n          <a class=\"block plain\" href=\"https:\/\/profdrfehmidoner.com\/de\/nasenchirurgie\/revisions-nasen-op\/\" title=\"Revisions-Nasen-OP in der T\u00fcrkei\" target=\"\">\n            <div class=\"page-box box has-hover\">\n                  <div class=\"box-image\" >\n                      <div class=\"box-image image-cover\" style=\"padding-top:100%;\">\n                      <img loading=\"lazy\" decoding=\"async\" width=\"711\" height=\"400\" src=\"https:\/\/profdrfehmidoner.com\/wp-content\/uploads\/2026\/01\/Revizyon-Burun-Ameliyati-711x400.jpg\" class=\"attachment-medium size-medium\" alt=\"\" srcset=\"https:\/\/profdrfehmidoner.com\/wp-content\/uploads\/2026\/01\/Revizyon-Burun-Ameliyati-711x400.jpg 711w, https:\/\/profdrfehmidoner.com\/wp-content\/uploads\/2026\/01\/Revizyon-Burun-Ameliyati-1400x788.jpg 1400w, https:\/\/profdrfehmidoner.com\/wp-content\/uploads\/2026\/01\/Revizyon-Burun-Ameliyati-768x432.jpg 768w, https:\/\/profdrfehmidoner.com\/wp-content\/uploads\/2026\/01\/Revizyon-Burun-Ameliyati-1536x864.jpg 1536w, https:\/\/profdrfehmidoner.com\/wp-content\/uploads\/2026\/01\/Revizyon-Burun-Ameliyati.jpg 1600w\" sizes=\"auto, (max-width: 711px) 100vw, 711px\" \/>                      <\/div>\n                                                              <\/div>\n                  <div class=\"box-text text-center dark\" style=\"background-color:rgb(45, 48, 78);\">\n                        <div class=\"box-text-inner\">\n                            <p>Revisions-Nasen-OP in der T\u00fcrkei<\/p>\n                        <\/div>\n                  <\/div>\n              <\/div>\n            <\/a>\n            <\/div>\n          <\/div><div class=\"page-col col\" >\n          <div class=\"col-inner\" >\n          <a class=\"block plain\" href=\"https:\/\/profdrfehmidoner.com\/de\/nasenchirurgie\/behandlung-der-sinusitis\/\" title=\"Behandlung der Sinusitis in der T\u00fcrkei\" target=\"\">\n            <div class=\"page-box box has-hover\">\n                  <div class=\"box-image\" >\n                      <div class=\"box-image image-cover\" style=\"padding-top:100%;\">\n                      <img loading=\"lazy\" decoding=\"async\" width=\"630\" height=\"400\" src=\"https:\/\/profdrfehmidoner.com\/wp-content\/uploads\/2025\/12\/Sinuzit-Tedavisi-630x400.jpg\" class=\"attachment-medium size-medium\" alt=\"\" srcset=\"https:\/\/profdrfehmidoner.com\/wp-content\/uploads\/2025\/12\/Sinuzit-Tedavisi-630x400.jpg 630w, https:\/\/profdrfehmidoner.com\/wp-content\/uploads\/2025\/12\/Sinuzit-Tedavisi.jpg 721w\" sizes=\"auto, (max-width: 630px) 100vw, 630px\" \/>                      <\/div>\n                                                              <\/div>\n                  <div class=\"box-text text-center dark\" style=\"background-color:rgb(45, 48, 78);\">\n                        <div class=\"box-text-inner\">\n                            <p>Behandlung der Sinusitis in der T\u00fcrkei<\/p>\n                        <\/div>\n                  <\/div>\n              <\/div>\n            <\/a>\n            <\/div>\n          <\/div><div class=\"page-col col\" >\n          <div class=\"col-inner\" >\n          <a class=\"block plain\" href=\"https:\/\/profdrfehmidoner.com\/de\/nasenchirurgie\/behandlung-der-nasenverstopfung\/\" title=\"Behandlung der Nasenverstopfung in der T\u00fcrkei\" target=\"\">\n            <div class=\"page-box box has-hover\">\n                  <div class=\"box-image\" >\n                      <div class=\"box-image image-cover\" style=\"padding-top:100%;\">\n                      <img loading=\"lazy\" decoding=\"async\" width=\"711\" height=\"400\" src=\"https:\/\/profdrfehmidoner.com\/wp-content\/uploads\/2025\/12\/Burun-Tikanikligi-711x400.jpg\" class=\"attachment-medium size-medium\" alt=\"\" srcset=\"https:\/\/profdrfehmidoner.com\/wp-content\/uploads\/2025\/12\/Burun-Tikanikligi-711x400.jpg 711w, https:\/\/profdrfehmidoner.com\/wp-content\/uploads\/2025\/12\/Burun-Tikanikligi.jpg 768w\" sizes=\"auto, (max-width: 711px) 100vw, 711px\" \/>                      <\/div>\n                                                              <\/div>\n                  <div class=\"box-text text-center dark\" style=\"background-color:rgb(45, 48, 78);\">\n                        <div class=\"box-text-inner\">\n                            <p>Behandlung der Nasenverstopfung in der T\u00fcrkei<\/p>\n                        <\/div>\n                  <\/div>\n              <\/div>\n            <\/a>\n            <\/div>\n          <\/div><div class=\"page-col col\" >\n          <div class=\"col-inner\" >\n          <a class=\"block plain\" href=\"https:\/\/profdrfehmidoner.com\/de\/nasenchirurgie\/operation-bei-septumdeviation\/\" title=\"Operation bei Septumdeviation in der T\u00fcrkei\" target=\"\">\n            <div class=\"page-box box has-hover\">\n                  <div class=\"box-image\" >\n                      <div class=\"box-image image-cover\" style=\"padding-top:100%;\">\n                      <img loading=\"lazy\" decoding=\"async\" width=\"600\" height=\"400\" src=\"https:\/\/profdrfehmidoner.com\/wp-content\/uploads\/2025\/12\/Kemik-Egriligi-Septum-Deviasyonu-600x400.jpg\" class=\"attachment-medium size-medium\" alt=\"\" srcset=\"https:\/\/profdrfehmidoner.com\/wp-content\/uploads\/2025\/12\/Kemik-Egriligi-Septum-Deviasyonu-600x400.jpg 600w, https:\/\/profdrfehmidoner.com\/wp-content\/uploads\/2025\/12\/Kemik-Egriligi-Septum-Deviasyonu.jpg 768w\" sizes=\"auto, (max-width: 600px) 100vw, 600px\" \/>                      <\/div>\n                                                              <\/div>\n                  <div class=\"box-text text-center dark\" style=\"background-color:rgb(45, 48, 78);\">\n                        <div class=\"box-text-inner\">\n                            <p>Operation bei Septumdeviation in der T\u00fcrkei<\/p>\n                        <\/div>\n                  <\/div>\n              <\/div>\n            <\/a>\n            <\/div>\n          <\/div><div class=\"page-col col\" >\n          <div class=\"col-inner\" >\n          <a class=\"block plain\" href=\"https:\/\/profdrfehmidoner.com\/de\/nasenchirurgie\/operation-der-nasenmuscheln\/\" title=\"Operation der Nasenmuscheln in der T\u00fcrkei\" target=\"\">\n            <div class=\"page-box box has-hover\">\n                  <div class=\"box-image\" >\n                      <div class=\"box-image image-cover\" style=\"padding-top:100%;\">\n                      <img loading=\"lazy\" decoding=\"async\" width=\"683\" height=\"400\" src=\"https:\/\/profdrfehmidoner.com\/wp-content\/uploads\/2025\/12\/Burun-Eti-Konka-Hipertrofisi-683x400.png\" class=\"attachment-medium size-medium\" alt=\"\" srcset=\"https:\/\/profdrfehmidoner.com\/wp-content\/uploads\/2025\/12\/Burun-Eti-Konka-Hipertrofisi-683x400.png 683w, https:\/\/profdrfehmidoner.com\/wp-content\/uploads\/2025\/12\/Burun-Eti-Konka-Hipertrofisi-768x450.png 768w, https:\/\/profdrfehmidoner.com\/wp-content\/uploads\/2025\/12\/Burun-Eti-Konka-Hipertrofisi.png 1024w\" sizes=\"auto, (max-width: 683px) 100vw, 683px\" \/>                      <\/div>\n                                                              <\/div>\n                  <div class=\"box-text text-center dark\" style=\"background-color:rgb(45, 48, 78);\">\n                        <div class=\"box-text-inner\">\n                            <p>Operation der Nasenmuscheln in der T\u00fcrkei<\/p>\n                        <\/div>\n                  <\/div>\n              <\/div>\n            <\/a>\n            <\/div>\n          <\/div><div class=\"page-col col\" >\n          <div class=\"col-inner\" >\n          <a class=\"block plain\" href=\"https:\/\/profdrfehmidoner.com\/de\/nasenchirurgie\/behandlung-der-septumperforation\/\" title=\"Behandlung der Septumperforation in der T\u00fcrkei\" target=\"\">\n            <div class=\"page-box box has-hover\">\n                  <div class=\"box-image\" >\n                      <div class=\"box-image image-cover\" style=\"padding-top:100%;\">\n                      <img loading=\"lazy\" decoding=\"async\" width=\"600\" height=\"400\" src=\"https:\/\/profdrfehmidoner.com\/wp-content\/uploads\/2025\/12\/Septum-Perforasyon-Tedavisi.jpg\" class=\"attachment-medium size-medium\" alt=\"\" \/>                      <\/div>\n                                                              <\/div>\n                  <div class=\"box-text text-center dark\" style=\"background-color:rgb(45, 48, 78);\">\n                        <div class=\"box-text-inner\">\n                            <p>Behandlung der Septumperforation in der T\u00fcrkei<\/p>\n                        <\/div>\n                  <\/div>\n              <\/div>\n            <\/a>\n            <\/div>\n          <\/div><\/div>\n\t\t<\/div>\n\t\t\t\t\t<\/div>\n\n\t\n<\/div>\n\t\t<\/div>\n\n\t\t\n<style>\n#section_1751024508 {\n  padding-top: 30px;\n  padding-bottom: 30px;\n  background-color: rgb(239, 239, 239);\n}\n<\/style>\n\t<\/section>\n\t\n\n\t<section class=\"section\" id=\"section_858078825\">\n\t\t<div class=\"section-bg fill\" >\n\t\t\t\t\t\t\t\t\t\n\t\t\t\n\n\t\t<\/div>\n\n\t\t\n\n\t\t<div class=\"section-content relative\">\n\t\t\t\n<div class=\"row align-middle align-center\"  id=\"row-1478690642\">\n\n\t<div id=\"col-12509809\" class=\"col medium-3 small-9 large-3\"  >\n\t\t\t\t<div class=\"col-inner text-center\" style=\"background-color:#2d304e;\" >\n\t\t\t\n\t\t\t\n\t<div id=\"text-734085083\" class=\"text\">\n\t\t\n<div><strong>Prof. Dr. Fehmi D\u00f6ner<\/strong><\/div>\n\t\t\n<style>\n#text-734085083 {\n  color: rgb(255,255,255);\n}\n#text-734085083 > * {\n  color: rgb(255,255,255);\n}\n<\/style>\n\t<\/div>\n\t\n\t\t<\/div>\n\t\t\t\t\n<style>\n#col-12509809 > .col-inner {\n  padding: 5px 0px 5px 0px;\n  margin: 20px 0px 0px 0px;\n  border-radius: 5px;\n}\n<\/style>\n\t<\/div>\n\n\t\n\n\t<div id=\"col-328468066\" class=\"col small-12 large-12\"  >\n\t\t\t\t<div class=\"col-inner\"  >\n\t\t\t\n\t\t\t\n\t<div id=\"text-3778955939\" class=\"text\">\n\t\t\n<h2><span class=\"ez-toc-section\" id=\"Wie_arbeiten_wir\"><\/span>Wie arbeiten wir?<span class=\"ez-toc-section-end\"><\/span><\/h2>\n\t\t\n<style>\n#text-3778955939 {\n  font-size: 2rem;\n  text-align: center;\n}\n<\/style>\n\t<\/div>\n\t\n\t\t<\/div>\n\t\t\t\t\t<\/div>\n\n\t\n\n\t<div id=\"col-1065740244\" class=\"col medium-6 small-12 large-6\"  >\n\t\t\t\t<div class=\"col-inner\"  >\n\t\t\t\n\t\t\t\n\t<div class=\"img has-hover x md-x lg-x y md-y lg-y\" id=\"image_1464234366\">\n\t\t\t\t\t\t\t\t<div class=\"img-inner dark\" >\n\t\t\t<img loading=\"lazy\" decoding=\"async\" width=\"600\" height=\"800\" src=\"https:\/\/profdrfehmidoner.com\/wp-content\/uploads\/2025\/12\/IMG-20240609-WA0016-scaled-1-600x800.jpg\" class=\"attachment-large size-large\" alt=\"\" srcset=\"https:\/\/profdrfehmidoner.com\/wp-content\/uploads\/2025\/12\/IMG-20240609-WA0016-scaled-1-600x800.jpg 600w, https:\/\/profdrfehmidoner.com\/wp-content\/uploads\/2025\/12\/IMG-20240609-WA0016-scaled-1-300x400.jpg 300w, https:\/\/profdrfehmidoner.com\/wp-content\/uploads\/2025\/12\/IMG-20240609-WA0016-scaled-1-768x1024.jpg 768w, https:\/\/profdrfehmidoner.com\/wp-content\/uploads\/2025\/12\/IMG-20240609-WA0016-scaled-1-1152x1536.jpg 1152w, https:\/\/profdrfehmidoner.com\/wp-content\/uploads\/2025\/12\/IMG-20240609-WA0016-scaled-1-1536x2048.jpg 1536w, https:\/\/profdrfehmidoner.com\/wp-content\/uploads\/2025\/12\/IMG-20240609-WA0016-scaled-1.jpg 1920w\" sizes=\"auto, (max-width: 600px) 100vw, 600px\" \/>\t\t\t\t\t\t\n\t\t\t\t\t<\/div>\n\t\t\t\t\t\t\t\t\n<style>\n#image_1464234366 {\n  width: 100%;\n}\n<\/style>\n\t<\/div>\n\t\n\t\t<\/div>\n\t\t\t\t\t<\/div>\n\n\t\n\n\t<div id=\"col-1142627867\" class=\"col medium-6 small-12 large-6\"  >\n\t\t\t\t<div class=\"col-inner\"  >\n\t\t\t\n\t\t\t\n<div class=\"row\"  id=\"row-682752583\">\n\n\t<div id=\"col-462145325\" class=\"col small-12 large-12\"  >\n\t\t\t\t<div class=\"col-inner box-shadow-2\" style=\"background-color:rgb(255,255,255);\" >\n\t\t\t\n\t\t\t\n\n\t\t<div class=\"icon-box featured-box icon-box-top text-left\"  >\n\t\t\t\t\t<div class=\"icon-box-img\" style=\"width: 60px\">\n\t\t\t\t<div class=\"icon\">\n\t\t\t\t\t<div class=\"icon-inner\" >\n\t\t\t\t\t\t<img loading=\"lazy\" decoding=\"async\" width=\"400\" height=\"400\" src=\"https:\/\/profdrfehmidoner.com\/wp-content\/uploads\/2025\/12\/3-400x400.png\" class=\"attachment-medium size-medium\" alt=\"\" srcset=\"https:\/\/profdrfehmidoner.com\/wp-content\/uploads\/2025\/12\/3-400x400.png 400w, https:\/\/profdrfehmidoner.com\/wp-content\/uploads\/2025\/12\/3-280x280.png 280w, https:\/\/profdrfehmidoner.com\/wp-content\/uploads\/2025\/12\/3.png 500w\" sizes=\"auto, (max-width: 400px) 100vw, 400px\" \/>\t\t\t\t\t<\/div>\n\t\t\t\t<\/div>\n\t\t\t<\/div>\n\t\t\t\t<div class=\"icon-box-text last-reset\">\n\t\t\t\t\t\t\t\t\t\n<h3><span class=\"ez-toc-section\" id=\"1_Vorgespraech\"><\/span>1. Vorgespr\u00e4ch<span class=\"ez-toc-section-end\"><\/span><\/h3>\n<p>Rufen Sie uns f\u00fcr Ihren individuellen Behandlungsplan an.<\/p>\n\t\t<\/div>\n\t<\/div>\n\t\n\t\n\t\t<\/div>\n\t\t\t\t\n<style>\n#col-462145325 > .col-inner {\n  padding: 20px 30px 20px 30px;\n  border-radius: 5px;\n}\n<\/style>\n\t<\/div>\n\n\t\n\n\t<div id=\"col-2034883914\" class=\"col small-12 large-12\"  >\n\t\t\t\t<div class=\"col-inner box-shadow-2\" style=\"background-color:rgb(255,255,255);\" >\n\t\t\t\n\t\t\t\n\n\t\t<div class=\"icon-box featured-box icon-box-top text-left\"  >\n\t\t\t\t\t<div class=\"icon-box-img\" style=\"width: 60px\">\n\t\t\t\t<div class=\"icon\">\n\t\t\t\t\t<div class=\"icon-inner\" >\n\t\t\t\t\t\t<img loading=\"lazy\" decoding=\"async\" width=\"400\" height=\"400\" src=\"https:\/\/profdrfehmidoner.com\/wp-content\/uploads\/2025\/12\/4-400x400.png\" class=\"attachment-medium size-medium\" alt=\"\" srcset=\"https:\/\/profdrfehmidoner.com\/wp-content\/uploads\/2025\/12\/4-400x400.png 400w, https:\/\/profdrfehmidoner.com\/wp-content\/uploads\/2025\/12\/4-280x280.png 280w, https:\/\/profdrfehmidoner.com\/wp-content\/uploads\/2025\/12\/4.png 500w\" sizes=\"auto, (max-width: 400px) 100vw, 400px\" \/>\t\t\t\t\t<\/div>\n\t\t\t\t<\/div>\n\t\t\t<\/div>\n\t\t\t\t<div class=\"icon-box-text last-reset\">\n\t\t\t\t\t\t\t\t\t\n<h3><span class=\"ez-toc-section\" id=\"2_Untersuchung\"><\/span>2. Untersuchung<span class=\"ez-toc-section-end\"><\/span><\/h3>\n<p>Durchf\u00fchrung Ihrer Untersuchung entsprechend Ihren Beschwerden und W\u00fcnschen<\/p>\n\t\t<\/div>\n\t<\/div>\n\t\n\t\n\t\t<\/div>\n\t\t\t\t\n<style>\n#col-2034883914 > .col-inner {\n  padding: 20px 30px 20px 30px;\n  border-radius: 5px;\n}\n<\/style>\n\t<\/div>\n\n\t\n\n\t<div id=\"col-1236732158\" class=\"col small-12 large-12\"  >\n\t\t\t\t<div class=\"col-inner box-shadow-2\" style=\"background-color:rgb(255,255,255);\" >\n\t\t\t\n\t\t\t\n\n\t\t<div class=\"icon-box featured-box icon-box-top text-left\"  >\n\t\t\t\t\t<div class=\"icon-box-img\" style=\"width: 60px\">\n\t\t\t\t<div class=\"icon\">\n\t\t\t\t\t<div class=\"icon-inner\" >\n\t\t\t\t\t\t<img loading=\"lazy\" decoding=\"async\" width=\"400\" height=\"400\" src=\"https:\/\/profdrfehmidoner.com\/wp-content\/uploads\/2025\/12\/2-400x400.png\" class=\"attachment-medium size-medium\" alt=\"\" srcset=\"https:\/\/profdrfehmidoner.com\/wp-content\/uploads\/2025\/12\/2-400x400.png 400w, https:\/\/profdrfehmidoner.com\/wp-content\/uploads\/2025\/12\/2-280x280.png 280w, https:\/\/profdrfehmidoner.com\/wp-content\/uploads\/2025\/12\/2.png 500w\" sizes=\"auto, (max-width: 400px) 100vw, 400px\" \/>\t\t\t\t\t<\/div>\n\t\t\t\t<\/div>\n\t\t\t<\/div>\n\t\t\t\t<div class=\"icon-box-text last-reset\">\n\t\t\t\t\t\t\t\t\t\n<h3><span class=\"ez-toc-section\" id=\"3_Planung\"><\/span>3. Planung<span class=\"ez-toc-section-end\"><\/span><\/h3>\n<p>Ein entspanntes und komfortables Behandlungskonzept, speziell auf Ihre Bed\u00fcrfnisse abgestimmt<\/p>\n\t\t<\/div>\n\t<\/div>\n\t\n\t\n\t\t<\/div>\n\t\t\t\t\n<style>\n#col-1236732158 > .col-inner {\n  padding: 20px 30px 20px 30px;\n  border-radius: 5px;\n}\n<\/style>\n\t<\/div>\n\n\t\n\n\t<div id=\"col-456995525\" class=\"col small-12 large-12\"  >\n\t\t\t\t<div class=\"col-inner box-shadow-2\" style=\"background-color:rgb(255,255,255);\" >\n\t\t\t\n\t\t\t\n\n\t\t<div class=\"icon-box featured-box icon-box-top text-left\"  >\n\t\t\t\t\t<div class=\"icon-box-img\" style=\"width: 60px\">\n\t\t\t\t<div class=\"icon\">\n\t\t\t\t\t<div class=\"icon-inner\" >\n\t\t\t\t\t\t<img loading=\"lazy\" decoding=\"async\" width=\"400\" height=\"400\" src=\"https:\/\/profdrfehmidoner.com\/wp-content\/uploads\/2025\/12\/1-400x400.png\" class=\"attachment-medium size-medium\" alt=\"\" srcset=\"https:\/\/profdrfehmidoner.com\/wp-content\/uploads\/2025\/12\/1-400x400.png 400w, https:\/\/profdrfehmidoner.com\/wp-content\/uploads\/2025\/12\/1-280x280.png 280w, https:\/\/profdrfehmidoner.com\/wp-content\/uploads\/2025\/12\/1.png 500w\" sizes=\"auto, (max-width: 400px) 100vw, 400px\" \/>\t\t\t\t\t<\/div>\n\t\t\t\t<\/div>\n\t\t\t<\/div>\n\t\t\t\t<div class=\"icon-box-text last-reset\">\n\t\t\t\t\t\t\t\t\t\n<h3><span class=\"ez-toc-section\" id=\"4_Ein_neues_Ich\"><\/span>4. Ein neues Ich<span class=\"ez-toc-section-end\"><\/span><\/h3>\n<p>Sagen Sie Hallo zu einem sch\u00f6neren Leben.<\/p>\n\t\t<\/div>\n\t<\/div>\n\t\n\t\n\t\t<\/div>\n\t\t\t\t\n<style>\n#col-456995525 > .col-inner {\n  padding: 20px 30px 20px 30px;\n  border-radius: 5px;\n}\n<\/style>\n\t<\/div>\n\n\t\n<\/div>\n\t\t<\/div>\n\t\t\t\t\t<\/div>\n\n\t\n<\/div>\n\t\t<\/div>\n\n\t\t\n<style>\n#section_858078825 {\n  padding-top: 30px;\n  padding-bottom: 30px;\n}\n<\/style>\n\t<\/section>\n\t\n\n\t<section class=\"section\" id=\"section_1293064645\">\n\t\t<div class=\"section-bg fill\" >\n\t\t\t\t\t\t\t\t\t\n\t\t\t\n\n\t\t<\/div>\n\n\t\t\n\n\t\t<div class=\"section-content relative\">\n\t\t\t\r\n\r\n<div class=\"row\"  id=\"row-232234939\">\r\n\r\n\n\t<div id=\"col-28404679\" class=\"col small-12 large-12\"  >\n\t\t\t\t<div class=\"col-inner\"  >\n\t\t\t\n\t\t\t\r\n\r\n\t<div id=\"text-1496959148\" class=\"text\">\n\t\t\r\n\r\n<h2><span class=\"ez-toc-section\" id=\"Patientenbewertungen\"><\/span>Patientenbewertungen<span class=\"ez-toc-section-end\"><\/span><\/h2>\r\n\t\t\n<style>\n#text-1496959148 {\n  font-size: 1.5rem;\n  text-align: center;\n}\n<\/style>\n\t<\/div>\n\t\r\n\r\n\t\t<\/div>\n\t\t\t\t\n<style>\n#col-28404679 > .col-inner {\n  margin: 0px 0px -45px 0px;\n}\n<\/style>\n\t<\/div>\n\n\t\r\n\r\n<\/div>\r\n<div class=\"slider-wrapper relative\" id=\"slider-996961591\" >\n    <div class=\"slider slider-nav-circle slider-nav-large slider-nav-dark slider-style-normal\"\n        data-flickity-options='{\n            \"cellAlign\": \"center\",\n            \"imagesLoaded\": true,\n            \"lazyLoad\": 1,\n            \"freeScroll\": false,\n            \"wrapAround\": true,\n            \"autoPlay\": 6000,\n            \"pauseAutoPlayOnHover\" : true,\n            \"prevNextButtons\": true,\n            \"contain\" : true,\n            \"adaptiveHeight\" : true,\n            \"dragThreshold\" : 10,\n            \"percentPosition\": true,\n            \"pageDots\": true,\n            \"rightToLeft\": false,\n            \"draggable\": true,\n            \"selectedAttraction\": 0.1,\n            \"parallax\" : 0,\n            \"friction\": 0.6        }'\n        >\n        \r\n\r\n\n\t<section class=\"section\" id=\"section_1044666617\">\n\t\t<div class=\"section-bg fill\" >\n\t\t\t\t\t\t\t\t\t\n\t\t\t\n\n\t\t<\/div>\n\n\t\t\n\n\t\t<div class=\"section-content relative\">\n\t\t\t\r\n\r\n<div class=\"row\"  id=\"row-1640560247\">\r\n\r\n\n\t<div id=\"col-909595304\" class=\"col small-12 large-12\"  >\n\t\t\t\t<div class=\"col-inner box-shadow-3\"  >\n\t\t\t\n\t<div class=\"is-border\"\n\t\tstyle=\"border-color:rgb(45, 48, 78);border-radius:20px;border-width:3px 3px 3px 3px;\">\n\t<\/div>\n\t\t\t\r\n\r\n  <div class=\"icon-box testimonial-box icon-box-left text-left\">\n                <div class=\"icon-box-text p-last-0\">\n          <div class=\"star-rating\" role=\"img\" aria-label=\"Rated 5 out of 5\"><span style=\"width:100%\"><strong class=\"rating\"><\/strong><\/span><\/div>  \t\t\t\t<div class=\"testimonial-text line-height-small italic test_text first-reset last-reset is-italic\">\n            \r\n\r\n<p><span style=\"font-size: 150%;\"><strong>Tu\u011f\u00e7e<\/strong><\/span><\/p>\r\nIch hatte eine Nasen-OP bei Prof. Dr. Fehmi D\u00f6ner und bin wirklich sehr zufrieden. Mein Arzt hat all meine Erwartungen und Bedenken aufmerksam angeh\u00f6rt, sie im Detail bewertet und genau das Ergebnis erzielt, das ich wollte. Obwohl ich eine dicke Nasenhaut habe, wurde der gesamte Prozess von Anfang bis Ende mit gro\u00dfer Professionalit\u00e4t durchgef\u00fchrt.\r\n\r\nSeine Assistentin, Frau Y\u0131ld\u0131z, war w\u00e4hrend des gesamten Prozesses ebenfalls sehr aufmerksam und hilfsbereit. Sie beantwortete all meine Fragen aufrichtig und unterst\u00fctzte mich in jeder Phase. Dadurch verlief mein Operationsprozess sehr komfortabel und reibungslos.\r\n\r\nNach der Operation hatte ich fast keine Schmerzen. Meine Schwellung war minimal, und ich hatte nur leichte Bluterg\u00fcsse unter meinem linken Auge. Mein Heilungsprozess war viel einfacher, als ich erwartet hatte.\r\n          <\/div>\n          <div class=\"testimonial-meta pt-half\">\n             <strong class=\"testimonial-name test_name\"><\/strong>\n                          <span class=\"testimonial-company test_company\"><\/span>\n          <\/div>\n        <\/div>\n  <\/div>\n\n  \r\n\r\n\t\t<\/div>\n\t\t\t\t\n<style>\n#col-909595304 > .col-inner {\n  padding: 20px 15px 5px 15px;\n  border-radius: 20px;\n}\n<\/style>\n\t<\/div>\n\n\t\r\n\r\n<\/div>\r\n\r\n\t\t<\/div>\n\n\t\t\n<style>\n#section_1044666617 {\n  padding-top: 30px;\n  padding-bottom: 30px;\n}\n<\/style>\n\t<\/section>\n\t\r\n\n\t<section class=\"section\" id=\"section_234254067\">\n\t\t<div class=\"section-bg fill\" >\n\t\t\t\t\t\t\t\t\t\n\t\t\t\n\n\t\t<\/div>\n\n\t\t\n\n\t\t<div class=\"section-content relative\">\n\t\t\t\r\n\r\n<div class=\"row\"  id=\"row-148064599\">\r\n\r\n\n\t<div id=\"col-1205711529\" class=\"col small-12 large-12\"  >\n\t\t\t\t<div class=\"col-inner box-shadow-3\"  >\n\t\t\t\n\t<div class=\"is-border\"\n\t\tstyle=\"border-color:rgb(45, 48, 78);border-radius:20px;border-width:3px 3px 3px 3px;\">\n\t<\/div>\n\t\t\t\r\n\r\n  <div class=\"icon-box testimonial-box icon-box-left text-left\">\n                <div class=\"icon-box-text p-last-0\">\n          <div class=\"star-rating\" role=\"img\" aria-label=\"Rated 5 out of 5\"><span style=\"width:100%\"><strong class=\"rating\"><\/strong><\/span><\/div>  \t\t\t\t<div class=\"testimonial-text line-height-small italic test_text first-reset last-reset is-italic\">\n            \r\n\r\n<p><span style=\"font-size: 150%;\"><strong>Leeveent<\/strong><\/span><\/p>\r\nIch besuchte Prof. Fehmi aufgrund eines Cholesteatoms, das sich in meinem rechten Ohr infolge einer chronischen Otitis in beiden Ohren entwickelt hatte. Er f\u00fchrte meine Tympanoplastik- und Mastoidektomie-Operationen mit gro\u00dfer Expertise durch, ohne H\u00f6rverlust zu verursachen oder meinen Gesichtsnerv zu sch\u00e4digen. Unter all den \u00c4rzten, die ich besucht habe, war Fehmi Bey der aufmerksamste und sorgf\u00e4ltigste. Er nahm sich Zeit, meinen Zustand und die Verfahren detailliert, wiederholt und geduldig zu erkl\u00e4ren. Ich danke ihm aufrichtig f\u00fcr seine F\u00fcrsorge und Aufmerksamkeit. Jeder, der Prof. Fehmi D\u00f6ner trifft, wird nicht das Bed\u00fcrfnis haben, einen anderen HNO-Arzt zu suchen.\r\n          <\/div>\n          <div class=\"testimonial-meta pt-half\">\n             <strong class=\"testimonial-name test_name\"><\/strong>\n                          <span class=\"testimonial-company test_company\"><\/span>\n          <\/div>\n        <\/div>\n  <\/div>\n\n  \r\n\r\n\t\t<\/div>\n\t\t\t\t\n<style>\n#col-1205711529 > .col-inner {\n  padding: 20px 15px 5px 15px;\n  border-radius: 20px;\n}\n<\/style>\n\t<\/div>\n\n\t\r\n\r\n<\/div>\r\n\r\n\t\t<\/div>\n\n\t\t\n<style>\n#section_234254067 {\n  padding-top: 30px;\n  padding-bottom: 30px;\n}\n<\/style>\n\t<\/section>\n\t\r\n\n\t<section class=\"section\" id=\"section_1230722186\">\n\t\t<div class=\"section-bg fill\" >\n\t\t\t\t\t\t\t\t\t\n\t\t\t\n\n\t\t<\/div>\n\n\t\t\n\n\t\t<div class=\"section-content relative\">\n\t\t\t\r\n\r\n<div class=\"row\"  id=\"row-474346027\">\r\n\r\n\n\t<div id=\"col-313728114\" class=\"col small-12 large-12\"  >\n\t\t\t\t<div class=\"col-inner box-shadow-3\"  >\n\t\t\t\n\t<div class=\"is-border\"\n\t\tstyle=\"border-color:rgb(45, 48, 78);border-radius:20px;border-width:3px 3px 3px 3px;\">\n\t<\/div>\n\t\t\t\r\n\r\n  <div class=\"icon-box testimonial-box icon-box-left text-left\">\n                <div class=\"icon-box-text p-last-0\">\n          <div class=\"star-rating\" role=\"img\" aria-label=\"Rated 5 out of 5\"><span style=\"width:100%\"><strong class=\"rating\"><\/strong><\/span><\/div>  \t\t\t\t<div class=\"testimonial-text line-height-small italic test_text first-reset last-reset is-italic\">\n            \r\n\r\n<p><span style=\"font-size: 150%;\"><strong>Ferdi<\/strong><\/span><\/p>\r\nProf. Fehmi D\u00f6ner\u2026 das ist ein Name, den ich in meinem Leben nie vergessen werde.\r\n\r\nIch habe ihn \u00fcber einen Bekannten erreicht, der zuvor von ihm behandelt worden war. Ich kontaktierte seine Assistentin, bat um einen Termin und ging zur Untersuchung.\r\n\r\nZum ersten Mal in meinem Leben verbrachte ein Professor fast 3 Stunden mit mir und erkl\u00e4rte jedes Detail, einschlie\u00dflich Risiken und Erfolgsraten, mit visuellen Darstellungen. Ich war sowohl beeindruckt als auch erleichtert.\r\n\r\nIch wurde am 6. August operiert und am selben Tag entlassen. Es f\u00fchlte sich an, als h\u00e4tte ich nie eine Operation gehabt\u2014es gab \u00fcberhaupt keine Schmerzen.\r\n\r\nNormalerweise erwartete ich, dass die vollst\u00e4ndige Genesung etwa 2 Monate dauern w\u00fcrde, was Standard ist. In den ersten Tagen war mein H\u00f6rverm\u00f6gen eingeschr\u00e4nkt, aber etwas Unglaubliches geschah\u2014heute ist der 11. Tag, und ich kann h\u00f6ren, als h\u00e4tte ich zuvor nie ein Problem oder eine Operation gehabt.\r\n\r\nDie Erfolgsrate betr\u00e4gt 100 %. Jetzt werde ich auch an meinem rechten Ohr operiert. Ich freue mich sehr darauf, mich erneut ohne jegliche Sorge meinem wertvollen Prof. Fehmi D\u00f6ner anzuvertrauen.\r\n          <\/div>\n          <div class=\"testimonial-meta pt-half\">\n             <strong class=\"testimonial-name test_name\"><\/strong>\n                          <span class=\"testimonial-company test_company\"><\/span>\n          <\/div>\n        <\/div>\n  <\/div>\n\n  \r\n\r\n\t\t<\/div>\n\t\t\t\t\n<style>\n#col-313728114 > .col-inner {\n  padding: 20px 15px 5px 15px;\n  border-radius: 20px;\n}\n<\/style>\n\t<\/div>\n\n\t\r\n\r\n<\/div>\r\n\r\n\t\t<\/div>\n\n\t\t\n<style>\n#section_1230722186 {\n  padding-top: 30px;\n  padding-bottom: 30px;\n}\n<\/style>\n\t<\/section>\n\t\r\n\n\t<section class=\"section\" id=\"section_654698308\">\n\t\t<div class=\"section-bg fill\" >\n\t\t\t\t\t\t\t\t\t\n\t\t\t\n\n\t\t<\/div>\n\n\t\t\n\n\t\t<div class=\"section-content relative\">\n\t\t\t\r\n\r\n<div class=\"row\"  id=\"row-1763043316\">\r\n\r\n\n\t<div id=\"col-945229738\" class=\"col small-12 large-12\"  >\n\t\t\t\t<div class=\"col-inner box-shadow-3\"  >\n\t\t\t\n\t<div class=\"is-border\"\n\t\tstyle=\"border-color:rgb(45, 48, 78);border-radius:20px;border-width:3px 3px 3px 3px;\">\n\t<\/div>\n\t\t\t\r\n\r\n  <div class=\"icon-box testimonial-box icon-box-left text-left\">\n                <div class=\"icon-box-text p-last-0\">\n          <div class=\"star-rating\" role=\"img\" aria-label=\"Rated 5 out of 5\"><span style=\"width:100%\"><strong class=\"rating\"><\/strong><\/span><\/div>  \t\t\t\t<div class=\"testimonial-text line-height-small italic test_text first-reset last-reset is-italic\">\n            \r\n\r\n<p><span style=\"font-size: 150%;\"><strong>Buse<\/strong><\/span><\/p>\r\nIch hatte die Gelegenheit, Prof. Dr. Fehmi D\u00f6ner w\u00e4hrend einer schwierigen Krankheitsphase auf Empfehlung eines Verwandten kennenzulernen. Er erkl\u00e4rte mir alles \u00fcber meinen Zustand, den Operationsprozess und die Zeit danach auf klare und verst\u00e4ndliche Weise. Dank des Vertrauens, das er mir gab, verschwanden all meine \u00c4ngste und Sorgen.\r\n\r\nEr f\u00fchrte meine Cholesteatom-Operation sehr erfolgreich durch, und ich danke ihm von Herzen. Er ist ein hochprofessioneller und ausgezeichneter Arzt, und ich empfehle ihn definitiv. Ich danke ihm und Frau Y\u0131ld\u0131z auch f\u00fcr ihre kontinuierliche F\u00fcrsorge und Aufmerksamkeit sowohl vor als auch nach der Operation. Ich bin so froh, Sie kennengelernt zu haben.\r\n          <\/div>\n          <div class=\"testimonial-meta pt-half\">\n             <strong class=\"testimonial-name test_name\"><\/strong>\n                          <span class=\"testimonial-company test_company\"><\/span>\n          <\/div>\n        <\/div>\n  <\/div>\n\n  \r\n\r\n\t\t<\/div>\n\t\t\t\t\n<style>\n#col-945229738 > .col-inner {\n  padding: 20px 15px 5px 15px;\n  border-radius: 20px;\n}\n<\/style>\n\t<\/div>\n\n\t\r\n\r\n<\/div>\r\n\r\n\t\t<\/div>\n\n\t\t\n<style>\n#section_654698308 {\n  padding-top: 30px;\n  padding-bottom: 30px;\n}\n<\/style>\n\t<\/section>\n\t\r\n\n\t<section class=\"section\" id=\"section_588750202\">\n\t\t<div class=\"section-bg fill\" >\n\t\t\t\t\t\t\t\t\t\n\t\t\t\n\n\t\t<\/div>\n\n\t\t\n\n\t\t<div class=\"section-content relative\">\n\t\t\t\r\n\r\n<div class=\"row\"  id=\"row-1824177340\">\r\n\r\n\n\t<div id=\"col-302804641\" class=\"col small-12 large-12\"  >\n\t\t\t\t<div class=\"col-inner box-shadow-3\"  >\n\t\t\t\n\t<div class=\"is-border\"\n\t\tstyle=\"border-color:rgb(45, 48, 78);border-radius:20px;border-width:3px 3px 3px 3px;\">\n\t<\/div>\n\t\t\t\r\n\r\n  <div class=\"icon-box testimonial-box icon-box-left text-left\">\n                <div class=\"icon-box-text p-last-0\">\n          <div class=\"star-rating\" role=\"img\" aria-label=\"Rated 5 out of 5\"><span style=\"width:100%\"><strong class=\"rating\"><\/strong><\/span><\/div>  \t\t\t\t<div class=\"testimonial-text line-height-small italic test_text first-reset last-reset is-italic\">\n            \r\n\r\n<p><span style=\"font-size: 150%;\"><strong>N\u00fckte<\/strong><\/span><\/p>\r\nHallo, bei mir wurde im Jahr 2021 Kehlkopfkrebs diagnostiziert. Ich besuchte mehrere angesehene Professoren in Istanbul. Leider behandelten sie mich wie einen gew\u00f6hnlichen Patienten und sagten Dinge wie: \u201eMachen wir eine Biopsie, die Masse sieht unangenehm aus. Entscheiden Sie, dann operieren wir, und in zwei Monaten wird ein Loch in Ihrem Hals sein, das wir sp\u00e4ter schlie\u00dfen.\u201c\r\n\r\nIch bezahlte und ging.\r\n\r\nDann sagte jemand zu mir: \u201eGehen Sie zu Dr. Fehmi, er ist der Lehrer von allen, was er sagt, ist richtig.\u201c Immer noch \u00e4ngstlich machte ich einen Termin.\r\n\r\nAls ich ihn traf, war er unglaublich\u2014nicht nur wie ein Arzt, sondern wie ein Psychologe. Er verbrachte 1,5 Stunden damit, alles zu erkl\u00e4ren, und \u00fcberzeugte mich. Er sagte mir, dass er kein Loch in meinem Hals hinterlassen w\u00fcrde. An diesem Tag entschied ich mich sofort f\u00fcr die Operation.\r\n\r\nGlauben Sie mir, obwohl ich 1,5 Stunden seiner Zeit in Anspruch nahm, verlangte er keinen einzigen Cent. Denn f\u00fcr ihn steht die Gesundheit des Patienten wirklich an erster Stelle.\r\n\r\nWir brauchen \u00c4rzte wie ihn. Ich bin so froh, ihn kennengelernt zu haben. Ich verdanke ihm mein LEBEN. Ich bin jetzt im 4. Jahr und werde weiterhin nachkontrolliert. Worte reichen nicht aus, um ihn zu beschreiben. Ein Arzt, dessen Priorit\u00e4t das menschliche Leben ist.\r\n          <\/div>\n          <div class=\"testimonial-meta pt-half\">\n             <strong class=\"testimonial-name test_name\"><\/strong>\n                          <span class=\"testimonial-company test_company\"><\/span>\n          <\/div>\n        <\/div>\n  <\/div>\n\n  \r\n\r\n\t\t<\/div>\n\t\t\t\t\n<style>\n#col-302804641 > .col-inner {\n  padding: 20px 15px 5px 15px;\n  border-radius: 20px;\n}\n<\/style>\n\t<\/div>\n\n\t\r\n\r\n<\/div>\r\n\r\n\t\t<\/div>\n\n\t\t\n<style>\n#section_588750202 {\n  padding-top: 30px;\n  padding-bottom: 30px;\n}\n<\/style>\n\t<\/section>\n\t\r\n\n\t<section class=\"section\" id=\"section_2108957543\">\n\t\t<div class=\"section-bg fill\" >\n\t\t\t\t\t\t\t\t\t\n\t\t\t\n\n\t\t<\/div>\n\n\t\t\n\n\t\t<div class=\"section-content relative\">\n\t\t\t\r\n\r\n<div class=\"row\"  id=\"row-1482085949\">\r\n\r\n\n\t<div id=\"col-964845073\" class=\"col small-12 large-12\"  >\n\t\t\t\t<div class=\"col-inner box-shadow-3\"  >\n\t\t\t\n\t<div class=\"is-border\"\n\t\tstyle=\"border-color:rgb(45, 48, 78);border-radius:20px;border-width:3px 3px 3px 3px;\">\n\t<\/div>\n\t\t\t\r\n\r\n  <div class=\"icon-box testimonial-box icon-box-left text-left\">\n                <div class=\"icon-box-text p-last-0\">\n          <div class=\"star-rating\" role=\"img\" aria-label=\"Rated 5 out of 5\"><span style=\"width:100%\"><strong class=\"rating\"><\/strong><\/span><\/div>  \t\t\t\t<div class=\"testimonial-text line-height-small italic test_text first-reset last-reset is-italic\">\n            \r\n\r\n<p><span style=\"font-size: 150%;\"><strong>Gizem<\/strong><\/span><\/p>\r\nIch besuchte \u00fcber einen langen Zeitraum viele \u00c4rzte aufgrund anhaltender Gesundheitsprobleme, konnte jedoch keine L\u00f6sung finden. Das \u00e4nderte sich, als ich Fehmi D\u00f6ner kennenlernte.\r\n\r\nEr ist \u00e4u\u00dferst sachkundig, aufmerksam und professionell in seinem Fachgebiet. Dank der F\u00fcrsorge, Geduld und Sensibilit\u00e4t, die er w\u00e4hrend und nach meiner Operation zeigte, wurden all meine Probleme gel\u00f6st.\r\n\r\nFehmi Bey ist nicht nur ein Arzt, sondern auch jemand, der die menschliche Gesundheit wirklich sch\u00e4tzt. Ich dr\u00fccke ihm meinen unendlichen Dank aus. Wenn Sie einen Spezialisten ben\u00f6tigen, k\u00f6nnen Sie ihn mit Vertrauen konsultieren.\r\n          <\/div>\n          <div class=\"testimonial-meta pt-half\">\n             <strong class=\"testimonial-name test_name\"><\/strong>\n                          <span class=\"testimonial-company test_company\"><\/span>\n          <\/div>\n        <\/div>\n  <\/div>\n\n  \r\n\r\n\t\t<\/div>\n\t\t\t\t\n<style>\n#col-964845073 > .col-inner {\n  padding: 20px 15px 5px 15px;\n  border-radius: 20px;\n}\n<\/style>\n\t<\/div>\n\n\t\r\n\r\n<\/div>\r\n\r\n\t\t<\/div>\n\n\t\t\n<style>\n#section_2108957543 {\n  padding-top: 30px;\n  padding-bottom: 30px;\n}\n<\/style>\n\t<\/section>\n\t\r\n\n\t<section class=\"section\" id=\"section_1200841405\">\n\t\t<div class=\"section-bg fill\" >\n\t\t\t\t\t\t\t\t\t\n\t\t\t\n\n\t\t<\/div>\n\n\t\t\n\n\t\t<div class=\"section-content relative\">\n\t\t\t\r\n\r\n<div class=\"row\"  id=\"row-134976469\">\r\n\r\n\n\t<div id=\"col-2093664239\" class=\"col small-12 large-12\"  >\n\t\t\t\t<div class=\"col-inner box-shadow-3\"  >\n\t\t\t\n\t<div class=\"is-border\"\n\t\tstyle=\"border-color:rgb(45, 48, 78);border-radius:20px;border-width:3px 3px 3px 3px;\">\n\t<\/div>\n\t\t\t\r\n\r\n  <div class=\"icon-box testimonial-box icon-box-left text-left\">\n                <div class=\"icon-box-text p-last-0\">\n          <div class=\"star-rating\" role=\"img\" aria-label=\"Rated 5 out of 5\"><span style=\"width:100%\"><strong class=\"rating\"><\/strong><\/span><\/div>  \t\t\t\t<div class=\"testimonial-text line-height-small italic test_text first-reset last-reset is-italic\">\n            \r\n\r\n<p><span style=\"font-size: 150%;\"><strong>Kerem<\/strong><\/span><\/p>\r\nNach umfangreicher Recherche und einer Empfehlung eines Freundes entschied ich mich f\u00fcr Prof. Dr. Fehmi D\u00f6ner.\r\n\r\nEs war ein Problem, das ich jahrelang aufgeschoben hatte und das meine Atmung und Lebensqualit\u00e4t beeintr\u00e4chtigte. Die detaillierte Voruntersuchung, Simulation und Erkl\u00e4rungen beruhigten mich, und die Operation wurde schnell geplant.\r\n\r\nIch hatte eine schwierige Nasenstruktur mit einem H\u00f6cker aufgrund einer Sportverletzung in meiner Jugend. Die Operation war sehr erfolgreich. W\u00e4hrend des gesamten postoperativen Prozesses waren sie sehr aufmerksam.\r\n\r\nJetzt kann ich viel besser atmen, und \u00e4sthetisch haben wir ein sehr nat\u00fcrliches Ergebnis erzielt.\r\n\r\nVielen Dank.\r\n          <\/div>\n          <div class=\"testimonial-meta pt-half\">\n             <strong class=\"testimonial-name test_name\"><\/strong>\n                          <span class=\"testimonial-company test_company\"><\/span>\n          <\/div>\n        <\/div>\n  <\/div>\n\n  \r\n\r\n\t\t<\/div>\n\t\t\t\t\n<style>\n#col-2093664239 > .col-inner {\n  padding: 20px 15px 5px 15px;\n  border-radius: 20px;\n}\n<\/style>\n\t<\/div>\n\n\t\r\n\r\n<\/div>\r\n\r\n\t\t<\/div>\n\n\t\t\n<style>\n#section_1200841405 {\n  padding-top: 30px;\n  padding-bottom: 30px;\n}\n<\/style>\n\t<\/section>\n\t\r\n\n\t<section class=\"section\" id=\"section_37853256\">\n\t\t<div class=\"section-bg fill\" >\n\t\t\t\t\t\t\t\t\t\n\t\t\t\n\n\t\t<\/div>\n\n\t\t\n\n\t\t<div class=\"section-content relative\">\n\t\t\t\r\n\r\n<div class=\"row\"  id=\"row-243574148\">\r\n\r\n\n\t<div id=\"col-836418\" class=\"col small-12 large-12\"  >\n\t\t\t\t<div class=\"col-inner box-shadow-3\"  >\n\t\t\t\n\t<div class=\"is-border\"\n\t\tstyle=\"border-color:rgb(45, 48, 78);border-radius:20px;border-width:3px 3px 3px 3px;\">\n\t<\/div>\n\t\t\t\r\n\r\n  <div class=\"icon-box testimonial-box icon-box-left text-left\">\n                <div class=\"icon-box-text p-last-0\">\n          <div class=\"star-rating\" role=\"img\" aria-label=\"Rated 5 out of 5\"><span style=\"width:100%\"><strong class=\"rating\"><\/strong><\/span><\/div>  \t\t\t\t<div class=\"testimonial-text line-height-small italic test_text first-reset last-reset is-italic\">\n            \r\n\r\n<p><span style=\"font-size: 150%;\"><strong>Mine<\/strong><\/span><\/p>\r\nAls ich 2013 zum ersten Mal zu Dr. Fehmi kam, war klar, dass ich Kehlkopfkrebs hatte. Er sagte mir, dass ich operiert werden m\u00fcsse. Ich hatte gro\u00dfe Angst und vermied es immer wieder, weil es bedeutete, meinen Kehlkopf zu verlieren.\r\n\r\nAber ich habe ihm so sehr vertraut. Er ist immer noch mein einziger zuverl\u00e4ssiger Arzt, ein Experte auf seinem Gebiet. M\u00f6ge Gott Sie segnen. Ich bin Ihnen dankbar.\r\n          <\/div>\n          <div class=\"testimonial-meta pt-half\">\n             <strong class=\"testimonial-name test_name\"><\/strong>\n                          <span class=\"testimonial-company test_company\"><\/span>\n          <\/div>\n        <\/div>\n  <\/div>\n\n  \r\n\r\n\t\t<\/div>\n\t\t\t\t\n<style>\n#col-836418 > .col-inner {\n  padding: 20px 15px 5px 15px;\n  border-radius: 20px;\n}\n<\/style>\n\t<\/div>\n\n\t\r\n\r\n<\/div>\r\n\r\n\t\t<\/div>\n\n\t\t\n<style>\n#section_37853256 {\n  padding-top: 30px;\n  padding-bottom: 30px;\n}\n<\/style>\n\t<\/section>\n\t\r\n\n\t<section class=\"section\" id=\"section_2125247964\">\n\t\t<div class=\"section-bg fill\" >\n\t\t\t\t\t\t\t\t\t\n\t\t\t\n\n\t\t<\/div>\n\n\t\t\n\n\t\t<div class=\"section-content relative\">\n\t\t\t\r\n\r\n<div class=\"row\"  id=\"row-1155465104\">\r\n\r\n\n\t<div id=\"col-717254889\" class=\"col small-12 large-12\"  >\n\t\t\t\t<div class=\"col-inner box-shadow-3\"  >\n\t\t\t\n\t<div class=\"is-border\"\n\t\tstyle=\"border-color:rgb(45, 48, 78);border-radius:20px;border-width:3px 3px 3px 3px;\">\n\t<\/div>\n\t\t\t\r\n\r\n  <div class=\"icon-box testimonial-box icon-box-left text-left\">\n                <div class=\"icon-box-text p-last-0\">\n          <div class=\"star-rating\" role=\"img\" aria-label=\"Rated 5 out of 5\"><span style=\"width:100%\"><strong class=\"rating\"><\/strong><\/span><\/div>  \t\t\t\t<div class=\"testimonial-text line-height-small italic test_text first-reset last-reset is-italic\">\n            \r\n\r\n<p><span style=\"font-size: 150%;\"><strong>Hasan<\/strong><\/span><\/p>\r\nGr\u00fc\u00dfe aus Denizli. Zun\u00e4chst besuchte ich hier viele HNO-\u00c4rzte, sogar private, aber sie sagten, mein Fall sei zu riskant f\u00fcr eine Operation.\r\n\r\nAufgrund einer schweren Erkrankung im S\u00e4uglingsalter wurden meine Trommelfelle besch\u00e4digt. Ich bin jetzt 43 Jahre alt. Nach jahrelanger Recherche fand ich Fehmi D\u00f6ner.\r\n\r\nMit seinen klaren Erkl\u00e4rungen war ich \u00fcberzeugt. Er operierte beide Ohren zu unterschiedlichen Zeiten, entfernte Verkalkungen und reparierte meine Trommelfelle\u2014alles ohne Schmerzen.\r\n\r\nJetzt f\u00fchle ich mich wie neu geboren. Meine Ohren sind in ausgezeichnetem Zustand. Wenn Sie ein HNO-Problem haben, w\u00e4hlen Sie definitiv Fehmi D\u00f6ner. Und vielen Dank an seine l\u00e4chelnde Assistentin Y\u0131ld\u0131z Karaku\u015f, die immer unsere Fragen beantwortet hat.\r\n          <\/div>\n          <div class=\"testimonial-meta pt-half\">\n             <strong class=\"testimonial-name test_name\"><\/strong>\n                          <span class=\"testimonial-company test_company\"><\/span>\n          <\/div>\n        <\/div>\n  <\/div>\n\n  \r\n\r\n\t\t<\/div>\n\t\t\t\t\n<style>\n#col-717254889 > .col-inner {\n  padding: 20px 15px 5px 15px;\n  border-radius: 20px;\n}\n<\/style>\n\t<\/div>\n\n\t\r\n\r\n<\/div>\r\n\r\n\t\t<\/div>\n\n\t\t\n<style>\n#section_2125247964 {\n  padding-top: 30px;\n  padding-bottom: 30px;\n}\n<\/style>\n\t<\/section>\n\t\r\n\n\t<section class=\"section\" id=\"section_1912367630\">\n\t\t<div class=\"section-bg fill\" >\n\t\t\t\t\t\t\t\t\t\n\t\t\t\n\n\t\t<\/div>\n\n\t\t\n\n\t\t<div class=\"section-content relative\">\n\t\t\t\r\n\r\n<div class=\"row\"  id=\"row-1650376435\">\r\n\r\n\n\t<div id=\"col-452319632\" class=\"col small-12 large-12\"  >\n\t\t\t\t<div class=\"col-inner box-shadow-3\"  >\n\t\t\t\n\t<div class=\"is-border\"\n\t\tstyle=\"border-color:rgb(45, 48, 78);border-radius:20px;border-width:3px 3px 3px 3px;\">\n\t<\/div>\n\t\t\t\r\n\r\n  <div class=\"icon-box testimonial-box icon-box-left text-left\">\n                <div class=\"icon-box-text p-last-0\">\n          <div class=\"star-rating\" role=\"img\" aria-label=\"Rated 5 out of 5\"><span style=\"width:100%\"><strong class=\"rating\"><\/strong><\/span><\/div>  \t\t\t\t<div class=\"testimonial-text line-height-small italic test_text first-reset last-reset is-italic\">\n            \r\n\r\n<p><span style=\"font-size: 150%;\"><strong>Abdu\u015f<\/strong><\/span><\/p>\r\nGanz klar ist er derzeit der beste Arzt im HNO-Bereich.\r\n\r\nObwohl er durch den Fokus auf \u00c4sthetik viel mehr verdienen k\u00f6nnte, stellt er die menschliche Gesundheit in den Vordergrund. Er verf\u00fcgt \u00fcber umfangreiches Wissen und Expertise im HNO-Bereich und stellt das menschliche Leben \u00fcber alles.\r\n\r\nWenn Sie ein HNO-Problem haben, k\u00f6nnen Sie ihn mit Vertrauen konsultieren.\r\n          <\/div>\n          <div class=\"testimonial-meta pt-half\">\n             <strong class=\"testimonial-name test_name\"><\/strong>\n                          <span class=\"testimonial-company test_company\"><\/span>\n          <\/div>\n        <\/div>\n  <\/div>\n\n  \r\n\r\n\t\t<\/div>\n\t\t\t\t\n<style>\n#col-452319632 > .col-inner {\n  padding: 20px 15px 5px 15px;\n  border-radius: 20px;\n}\n<\/style>\n\t<\/div>\n\n\t\r\n\r\n<\/div>\r\n\r\n\t\t<\/div>\n\n\t\t\n<style>\n#section_1912367630 {\n  padding-top: 30px;\n  padding-bottom: 30px;\n}\n<\/style>\n\t<\/section>\n\t\r\n\n\t<section class=\"section\" id=\"section_1930839254\">\n\t\t<div class=\"section-bg fill\" >\n\t\t\t\t\t\t\t\t\t\n\t\t\t\n\n\t\t<\/div>\n\n\t\t\n\n\t\t<div class=\"section-content relative\">\n\t\t\t\r\n\r\n<div class=\"row\"  id=\"row-1371862397\">\r\n\r\n\n\t<div id=\"col-1634678150\" class=\"col small-12 large-12\"  >\n\t\t\t\t<div class=\"col-inner box-shadow-3\"  >\n\t\t\t\n\t<div class=\"is-border\"\n\t\tstyle=\"border-color:rgb(45, 48, 78);border-radius:20px;border-width:3px 3px 3px 3px;\">\n\t<\/div>\n\t\t\t\r\n\r\n  <div class=\"icon-box testimonial-box icon-box-left text-left\">\n                <div class=\"icon-box-text p-last-0\">\n          <div class=\"star-rating\" role=\"img\" aria-label=\"Rated 5 out of 5\"><span style=\"width:100%\"><strong class=\"rating\"><\/strong><\/span><\/div>  \t\t\t\t<div class=\"testimonial-text line-height-small italic test_text first-reset last-reset is-italic\">\n            \r\n\r\n<p><span style=\"font-size: 150%;\"><strong>Arzu<\/strong><\/span><\/p>\r\nSo ein sanfter, herzlicher, l\u00e4chelnder und sympathischer Arzt. Ich hatte zwei Operationen, und beide waren sehr erfolgreich.\r\n\r\nM\u00f6ge Gott ihm ein langes und gesundes Leben schenken. Es ist sehr schwer, einen so kompetenten Arzt zu finden. Fehmi Bey ist wirklich professionell\u2014Sie k\u00f6nnen ihm vollkommen vertrauen.\r\n\r\nMeine Operationen waren schmerzfrei, ohne Narben und perfekt durchgef\u00fchrt. Kurz gesagt, ich l\u00f6se alle meine HNO-Probleme mit ihm. Ich bin so froh, dass es ihn gibt.\r\n          <\/div>\n          <div class=\"testimonial-meta pt-half\">\n             <strong class=\"testimonial-name test_name\"><\/strong>\n                          <span class=\"testimonial-company test_company\"><\/span>\n          <\/div>\n        <\/div>\n  <\/div>\n\n  \r\n\r\n\t\t<\/div>\n\t\t\t\t\n<style>\n#col-1634678150 > .col-inner {\n  padding: 20px 15px 5px 15px;\n  border-radius: 20px;\n}\n<\/style>\n\t<\/div>\n\n\t\r\n\r\n<\/div>\r\n\r\n\t\t<\/div>\n\n\t\t\n<style>\n#section_1930839254 {\n  padding-top: 30px;\n  padding-bottom: 30px;\n}\n<\/style>\n\t<\/section>\n\t\r\n\n\t<section class=\"section\" id=\"section_906774353\">\n\t\t<div class=\"section-bg fill\" >\n\t\t\t\t\t\t\t\t\t\n\t\t\t\n\n\t\t<\/div>\n\n\t\t\n\n\t\t<div class=\"section-content relative\">\n\t\t\t\r\n\r\n<div class=\"row\"  id=\"row-6160321\">\r\n\r\n\n\t<div id=\"col-907576736\" class=\"col small-12 large-12\"  >\n\t\t\t\t<div class=\"col-inner box-shadow-3\"  >\n\t\t\t\n\t<div class=\"is-border\"\n\t\tstyle=\"border-color:rgb(45, 48, 78);border-radius:20px;border-width:3px 3px 3px 3px;\">\n\t<\/div>\n\t\t\t\r\n\r\n  <div class=\"icon-box testimonial-box icon-box-left text-left\">\n                <div class=\"icon-box-text p-last-0\">\n          <div class=\"star-rating\" role=\"img\" aria-label=\"Rated 5 out of 5\"><span style=\"width:100%\"><strong class=\"rating\"><\/strong><\/span><\/div>  \t\t\t\t<div class=\"testimonial-text line-height-small italic test_text first-reset last-reset is-italic\">\n            \r\n\r\n<p><span style=\"font-size: 150%;\"><strong>\u00d6mer<\/strong><\/span><\/p>\r\nProf. Dr. Fehmi Bey f\u00fchrte bei mir zwei separate Nasenoperationen durch\u2014eine Septoplastik im Oktober 2019 und eine Nasen-OP am 29. August 2020.\r\n\r\nEr beantwortete all meine Fragen sowohl vor als auch nach den Operationen. Jetzt kann ich sehr bequem atmen, und meine Nase sieht sehr nat\u00fcrlich aus.\r\n\r\nIch bin mit den Ergebnissen sehr zufrieden. Er ist definitiv ein Arzt, dem Sie vertrauen k\u00f6nnen. Vielen Dank f\u00fcr Ihre F\u00fcrsorge.\r\n          <\/div>\n          <div class=\"testimonial-meta pt-half\">\n             <strong class=\"testimonial-name test_name\"><\/strong>\n                          <span class=\"testimonial-company test_company\"><\/span>\n          <\/div>\n        <\/div>\n  <\/div>\n\n  \r\n\r\n\t\t<\/div>\n\t\t\t\t\n<style>\n#col-907576736 > .col-inner {\n  padding: 20px 15px 5px 15px;\n  border-radius: 20px;\n}\n<\/style>\n\t<\/div>\n\n\t\r\n\r\n<\/div>\r\n\r\n\t\t<\/div>\n\n\t\t\n<style>\n#section_906774353 {\n  padding-top: 30px;\n  padding-bottom: 30px;\n}\n<\/style>\n\t<\/section>\n\t\r\n\r\n     <\/div>\n\n     <div class=\"loading-spin dark large centered\"><\/div>\n\n\t\n<style>\n#slider-996961591 .flickity-slider > * {\n  max-width: 400px!important;\n}\n<\/style>\n<\/div>\n\n\r\n\r\n\t\t<\/div>\n\n\t\t\n<style>\n#section_1293064645 {\n  padding-top: 30px;\n  padding-bottom: 30px;\n}\n<\/style>\n\t<\/section>\n\t\n\t<div id=\"gap-1176674201\" class=\"gap-element clearfix\" style=\"display:block; height:auto;\">\n\t\t\n<style>\n#gap-1176674201 {\n  padding-top: 30px;\n}\n<\/style>\n\t<\/div>\n\t\n\n\t<section class=\"section\" id=\"section_1775061962\">\n\t\t<div class=\"section-bg fill\" >\n\t\t\t\t\t\t\t\t\t\n\t\t\t\n\n\t\t<\/div>\n\n\t\t\n\n\t\t<div class=\"section-content relative\">\n\t\t\t\n<div class=\"row\"  id=\"row-1592391117\">\n\n\t<div id=\"col-413872460\" class=\"col medium-6 small-12 large-6\"  >\n\t\t\t\t<div class=\"col-inner\"  >\n\t\t\t\n\t\t\t\n<div class=\"row\"  id=\"row-1421855064\">\n\n\t<div id=\"col-19201683\" class=\"col medium-5 small-9 large-5\"  >\n\t\t\t\t<div class=\"col-inner text-center\" style=\"background-color:#2d304e;\" >\n\t\t\t\n\t\t\t\n\t<div id=\"text-3410621838\" class=\"text\">\n\t\t\n<div><strong>Kontakt<\/strong><\/div>\n\t\t\n<style>\n#text-3410621838 {\n  color: rgb(255,255,255);\n}\n#text-3410621838 > * {\n  color: rgb(255,255,255);\n}\n<\/style>\n\t<\/div>\n\t\n\t\t<\/div>\n\t\t\t\t\n<style>\n#col-19201683 > .col-inner {\n  padding: 5px 0px 5px 0px;\n  margin: 20px 0px 0px 0px;\n  border-radius: 5px;\n}\n<\/style>\n\t<\/div>\n\n\t\n\n\t<div id=\"col-254839159\" class=\"col small-12 large-12\"  >\n\t\t\t\t<div class=\"col-inner\"  >\n\t\t\t\n\t\t\t\n\n\t<a class=\"plain\" href=\"https:\/\/maps.app.goo.gl\/PANueEJRQ8viD3uq5\" target=\"_blank\" rel=\"noopener\">\t<div class=\"icon-box featured-box icon-box-left text-left\"  >\n\t\t\t\t\t<div class=\"icon-box-img\" style=\"width: 70px\">\n\t\t\t\t<div class=\"icon\">\n\t\t\t\t\t<div class=\"icon-inner\" >\n\t\t\t\t\t\t<img loading=\"lazy\" decoding=\"async\" width=\"400\" height=\"400\" src=\"https:\/\/profdrfehmidoner.com\/wp-content\/uploads\/2025\/12\/5-400x400.png\" class=\"attachment-medium size-medium\" alt=\"\" srcset=\"https:\/\/profdrfehmidoner.com\/wp-content\/uploads\/2025\/12\/5-400x400.png 400w, https:\/\/profdrfehmidoner.com\/wp-content\/uploads\/2025\/12\/5-280x280.png 280w, https:\/\/profdrfehmidoner.com\/wp-content\/uploads\/2025\/12\/5.png 500w\" sizes=\"auto, (max-width: 400px) 100vw, 400px\" \/>\t\t\t\t\t<\/div>\n\t\t\t\t<\/div>\n\t\t\t<\/div>\n\t\t\t\t<div class=\"icon-box-text last-reset\">\n\t\t\t\t\t\t\t\t\t\n<h3><span class=\"ez-toc-section\" id=\"Adresse\"><\/span>Adresse<span class=\"ez-toc-section-end\"><\/span><\/h3>\n<p>Te\u015fvikiye Mh. Hakk\u0131 yeten Cd.13 Fulya Terrace D.65-66 Etage 11, Eingang, Center2 \u015ei\u015fli \/ Istanbul<\/p>\n\t\t<\/div>\n\t<\/div>\n\t<\/a>\n\t\n\t<div id=\"gap-944739784\" class=\"gap-element clearfix\" style=\"display:block; height:auto;\">\n\t\t\n<style>\n#gap-944739784 {\n  padding-top: 30px;\n}\n<\/style>\n\t<\/div>\n\t\n\n\t<a class=\"plain\" href=\"tel:+90%20507%20536%2001%2007\" >\t<div class=\"icon-box featured-box icon-box-left text-left\"  >\n\t\t\t\t\t<div class=\"icon-box-img\" style=\"width: 70px\">\n\t\t\t\t<div class=\"icon\">\n\t\t\t\t\t<div class=\"icon-inner\" >\n\t\t\t\t\t\t<img loading=\"lazy\" decoding=\"async\" width=\"400\" height=\"400\" src=\"https:\/\/profdrfehmidoner.com\/wp-content\/uploads\/2025\/12\/6-400x400.png\" class=\"attachment-medium size-medium\" alt=\"\" srcset=\"https:\/\/profdrfehmidoner.com\/wp-content\/uploads\/2025\/12\/6-400x400.png 400w, https:\/\/profdrfehmidoner.com\/wp-content\/uploads\/2025\/12\/6-280x280.png 280w, https:\/\/profdrfehmidoner.com\/wp-content\/uploads\/2025\/12\/6.png 500w\" sizes=\"auto, (max-width: 400px) 100vw, 400px\" \/>\t\t\t\t\t<\/div>\n\t\t\t\t<\/div>\n\t\t\t<\/div>\n\t\t\t\t<div class=\"icon-box-text last-reset\">\n\t\t\t\t\t\t\t\t\t\n<h3><span class=\"ez-toc-section\" id=\"Telefon\"><\/span>Telefon<span class=\"ez-toc-section-end\"><\/span><\/h3>\n<p>+90 507 536 01 07<\/p>\n\t\t<\/div>\n\t<\/div>\n\t<\/a>\n\t\n\t<div id=\"gap-693190136\" class=\"gap-element clearfix\" style=\"display:block; height:auto;\">\n\t\t\n<style>\n#gap-693190136 {\n  padding-top: 30px;\n}\n<\/style>\n\t<\/div>\n\t\n\n\t<a class=\"plain\" href=\"mailto:info@profdrfehmidoner.com\" >\t<div class=\"icon-box featured-box icon-box-left text-left\"  >\n\t\t\t\t\t<div class=\"icon-box-img\" style=\"width: 70px\">\n\t\t\t\t<div class=\"icon\">\n\t\t\t\t\t<div class=\"icon-inner\" >\n\t\t\t\t\t\t<img loading=\"lazy\" decoding=\"async\" width=\"400\" height=\"400\" src=\"https:\/\/profdrfehmidoner.com\/wp-content\/uploads\/2025\/12\/7-400x400.png\" class=\"attachment-medium size-medium\" alt=\"\" srcset=\"https:\/\/profdrfehmidoner.com\/wp-content\/uploads\/2025\/12\/7-400x400.png 400w, https:\/\/profdrfehmidoner.com\/wp-content\/uploads\/2025\/12\/7-280x280.png 280w, https:\/\/profdrfehmidoner.com\/wp-content\/uploads\/2025\/12\/7.png 500w\" sizes=\"auto, (max-width: 400px) 100vw, 400px\" \/>\t\t\t\t\t<\/div>\n\t\t\t\t<\/div>\n\t\t\t<\/div>\n\t\t\t\t<div class=\"icon-box-text last-reset\">\n\t\t\t\t\t\t\t\t\t\n<h3><span class=\"ez-toc-section\" id=\"E-Mail\"><\/span>E-Mail<span class=\"ez-toc-section-end\"><\/span><\/h3>\n<p>info@profdrfehmidoner.com<\/p>\n\t\t<\/div>\n\t<\/div>\n\t<\/a>\n\t\n\t\t<\/div>\n\t\t\t\t\t<\/div>\n\n\t\n<\/div>\n\t\t<\/div>\n\t\t\t\t\t<\/div>\n\n\t\n\n\t<div id=\"col-1428592264\" class=\"col medium-6 small-12 large-6\"  >\n\t\t\t\t<div class=\"col-inner\"  >\n\t\t\t\n\t\t\t\n\t<div id=\"text-4096512661\" class=\"text\">\n\t\t\n<h2><span class=\"ez-toc-section\" id=\"Kontaktieren_Sie_uns\"><\/span>Kontaktieren Sie uns<span class=\"ez-toc-section-end\"><\/span><\/h2>\n\t\t\n<style>\n#text-4096512661 {\n  font-size: 2rem;\n}\n<\/style>\n\t<\/div>\n\t\n\n<div class=\"wpcf7 no-js\" id=\"wpcf7-f666-o1\" lang=\"de-DE\" dir=\"ltr\" data-wpcf7-id=\"666\">\n<div class=\"screen-reader-response\"><p role=\"status\" aria-live=\"polite\" aria-atomic=\"true\"><\/p> <ul><\/ul><\/div>\n<form action=\"\/de\/wp-json\/wp\/v2\/pages\/974#wpcf7-f666-o1\" method=\"post\" class=\"wpcf7-form init\" aria-label=\"Kontaktformular\" novalidate=\"novalidate\" data-status=\"init\">\n<fieldset class=\"hidden-fields-container\"><input type=\"hidden\" name=\"_wpcf7\" value=\"666\" \/><input type=\"hidden\" name=\"_wpcf7_version\" value=\"6.1.5\" \/><input type=\"hidden\" name=\"_wpcf7_locale\" value=\"de_DE\" \/><input type=\"hidden\" name=\"_wpcf7_unit_tag\" value=\"wpcf7-f666-o1\" \/><input type=\"hidden\" name=\"_wpcf7_container_post\" value=\"0\" \/><input type=\"hidden\" name=\"_wpcf7_posted_data_hash\" value=\"\" \/>\n<\/fieldset>\n<div class=\"randevu-form\">\n\t<div class=\"form-row\">\n\t\t<p><span class=\"wpcf7-form-control-wrap\" data-name=\"text-340\"><input size=\"40\" maxlength=\"400\" class=\"wpcf7-form-control wpcf7-text wpcf7-validates-as-required\" autocomplete=\"name\" aria-required=\"true\" aria-invalid=\"false\" placeholder=\"Vor- und Nachname\" value=\"\" type=\"text\" name=\"text-340\" \/><\/span><br \/>\n<span class=\"wpcf7-form-control-wrap\" data-name=\"email-532\"><input size=\"40\" maxlength=\"400\" class=\"wpcf7-form-control wpcf7-email wpcf7-validates-as-required wpcf7-text wpcf7-validates-as-email\" autocomplete=\"name\" aria-required=\"true\" aria-invalid=\"false\" placeholder=\"E-Mail\" value=\"\" type=\"email\" name=\"email-532\" \/><\/span>\n\t\t<\/p>\n\t<\/div>\n\t<div class=\"form-row\">\n\t\t<p><span class=\"wpcf7-form-control-wrap\" data-name=\"tel-10\"><input size=\"40\" maxlength=\"400\" class=\"wpcf7-form-control wpcf7-tel wpcf7-validates-as-required wpcf7-text wpcf7-validates-as-tel\" autocomplete=\"name\" aria-required=\"true\" aria-invalid=\"false\" placeholder=\"Telefon\" value=\"\" type=\"tel\" name=\"tel-10\" \/><\/span><br \/>\n<span class=\"wpcf7-form-control-wrap\" data-name=\"text-344\"><input size=\"40\" maxlength=\"400\" class=\"wpcf7-form-control wpcf7-text wpcf7-validates-as-required\" autocomplete=\"name\" aria-required=\"true\" aria-invalid=\"false\" placeholder=\"Betreff\" value=\"\" type=\"text\" name=\"text-344\" \/><\/span>\n\t\t<\/p>\n\t<\/div>\n\t<div class=\"form-full\">\n\t\t<p><span class=\"wpcf7-form-control-wrap\" data-name=\"textarea-256\"><textarea cols=\"40\" rows=\"10\" maxlength=\"2000\" class=\"wpcf7-form-control wpcf7-textarea wpcf7-validates-as-required\" autocomplete=\"name\" aria-required=\"true\" aria-invalid=\"false\" placeholder=\"Ihre Nachricht\" name=\"textarea-256\"><\/textarea><\/span>\n\t\t<\/p>\n\t<\/div>\n\t<p><button type=\"submit\">Termin vereinbaren<\/button>\n\t<\/p>\n<\/div><p style=\"display: none !important;\" class=\"akismet-fields-container\" data-prefix=\"_wpcf7_ak_\"><label>&#916;<textarea name=\"_wpcf7_ak_hp_textarea\" cols=\"45\" rows=\"8\" maxlength=\"100\"><\/textarea><\/label><input type=\"hidden\" id=\"ak_js_1\" name=\"_wpcf7_ak_js\" value=\"90\"\/><script>document.getElementById( \"ak_js_1\" ).setAttribute( \"value\", ( new Date() ).getTime() );<\/script><\/p><div class=\"wpcf7-response-output\" aria-hidden=\"true\"><\/div>\n<\/form>\n<\/div>\n\n\t\t<\/div>\n\t\t\t\t\n<style>\n#col-1428592264 > .col-inner {\n  margin: 0px 0px -60px 0px;\n}\n@media (min-width:550px) {\n  #col-1428592264 > .col-inner {\n    margin: 0px 0px 0px 0px;\n  }\n}\n<\/style>\n\t<\/div>\n\n\t\n<\/div>\n\t\t<\/div>\n\n\t\t\n<style>\n#section_1775061962 {\n  padding-top: 30px;\n  padding-bottom: 30px;\n  background-color: rgb(247, 247, 247);\n}\n<\/style>\n\t<\/section>\n\t\n","protected":false},"excerpt":{"rendered":"","protected":false},"author":1,"featured_media":724,"parent":0,"menu_order":0,"comment_status":"closed","ping_status":"closed","template":"page-blank.php","meta":{"footnotes":""},"class_list":["post-974","page","type-page","status-publish","has-post-thumbnail","hentry"],"_links":{"self":[{"href":"https:\/\/profdrfehmidoner.com\/de\/wp-json\/wp\/v2\/pages\/974","targetHints":{"allow":["GET"]}}],"collection":[{"href":"https:\/\/profdrfehmidoner.com\/de\/wp-json\/wp\/v2\/pages"}],"about":[{"href":"https:\/\/profdrfehmidoner.com\/de\/wp-json\/wp\/v2\/types\/page"}],"author":[{"embeddable":true,"href":"https:\/\/profdrfehmidoner.com\/de\/wp-json\/wp\/v2\/users\/1"}],"replies":[{"embeddable":true,"href":"https:\/\/profdrfehmidoner.com\/de\/wp-json\/wp\/v2\/comments?post=974"}],"version-history":[{"count":7,"href":"https:\/\/profdrfehmidoner.com\/de\/wp-json\/wp\/v2\/pages\/974\/revisions"}],"predecessor-version":[{"id":1359,"href":"https:\/\/profdrfehmidoner.com\/de\/wp-json\/wp\/v2\/pages\/974\/revisions\/1359"}],"wp:featuredmedia":[{"embeddable":true,"href":"https:\/\/profdrfehmidoner.com\/de\/wp-json\/wp\/v2\/media\/724"}],"wp:attachment":[{"href":"https:\/\/profdrfehmidoner.com\/de\/wp-json\/wp\/v2\/media?parent=974"}],"curies":[{"name":"wp","href":"https:\/\/api.w.org\/{rel}","templated":true}]}}