{"id":933,"date":"2025-12-16T11:29:39","date_gmt":"2025-12-16T11:29:39","guid":{"rendered":"https:\/\/profdrfehmidoner.com\/?page_id=933"},"modified":"2026-03-18T14:49:18","modified_gmt":"2026-03-18T14:49:18","slug":"turbinate-reduction-surgery","status":"publish","type":"page","link":"https:\/\/profdrfehmidoner.com\/en\/nasal-surgery\/turbinate-reduction-surgery\/","title":{"rendered":"Turbinate Reduction Surgery in Istanbul, Turkey"},"content":{"rendered":"\n\t<section class=\"section\" id=\"section_426494622\">\n\t\t<div class=\"section-bg fill\" >\n\t\t\t\t\t\t\t\t\t\n\t\t\t\n\n\t\t<\/div>\n\n\t\t\n\n\t\t<div class=\"section-content relative\">\n\t\t\t\n  <div id=\"page-header-1335348493\" class=\"page-header-wrapper\">\n  <div class=\"page-title dark simple-title\">\n\n    \n    <div class=\"page-title-inner container align-center text-center flex-row-col medium-flex-wrap\" >\n              <div class=\"title-wrapper is-larger flex-col\">\n          <h1 class=\"entry-title mb-0\">\n            Turbinate Reduction Surgery in Istanbul, Turkey          <\/h1>\n        <\/div>\n                    <div class=\"title-content flex-col\">\n        <div class=\"title-breadcrumbs pb-half pt-half\"><\/div>      <\/div>\n    <\/div>\n\n       <\/div>\n    <\/div>\n  \n\t\t<\/div>\n\n\t\t\n<style>\n#section_426494622 {\n  padding-top: 20px;\n  padding-bottom: 20px;\n  background-color: #2d304e;\n}\n<\/style>\n\t<\/section>\n\t\n\n\t<section class=\"section\" id=\"section_825842962\">\n\t\t<div class=\"section-bg fill\" >\n\t\t\t\t\t\t\t\t\t\n\t\t\t\n\n\t\t<\/div>\n\n\t\t\n\n\t\t<div class=\"section-content relative\">\n\t\t\t\n<div class=\"row\"  id=\"row-1267230945\">\n\n\t<div id=\"col-827781753\" class=\"col small-12 large-12\"  >\n\t\t\t\t<div class=\"col-inner\"  >\n\t\t\t\n\t\t\t\n<p><span style=\"font-weight: 400;\">Turbinate reduction surgery in Turkey is a specialized otolaryngology procedure performed to reduce enlarged nasal turbinates and restore healthy nasal airflow. Advanced medical facilities and experienced ENT surgeons provide modern surgical techniques designed to treat chronic nasal obstruction effectively.<\/span><\/p>\n<p><span style=\"font-weight: 400;\">Cost-effective turbinate reduction surgery in Turkey attracts international patients seeking high-quality treatment with modern technology and comprehensive medical care. Hospitals and specialized clinics offer minimally invasive procedures, including radiofrequency and microdebrider techniques, ensuring safe and efficient outcomes.<\/span><\/p>\n<p><span style=\"font-weight: 400;\">Experienced ENT surgeons in Turkey perform turbinate reduction procedures using advanced endoscopic methods that protect the natural nasal mucosa while decreasing excess turbinate tissue. This approach helps maintain nasal physiology while significantly improving breathing and reducing persistent congestion.<\/span><\/p>\n<p><span style=\"font-weight: 400;\">Medical tourism for turbinate reduction surgery in Turkey includes structured treatment plans, international patient services, and modern hospital infrastructure. Many clinics provide preoperative evaluation, surgical treatment, and postoperative monitoring to ensure optimal recovery and long-term nasal airway improvement.<\/span><\/p>\n\t\t<\/div>\n\t\t\t\t\n<style>\n#col-827781753 > .col-inner {\n  margin: 0px 0px -45px 0px;\n}\n<\/style>\n\t<\/div>\n\n\t\n<\/div>\n\t\t<\/div>\n\n\t\t\n<style>\n#section_825842962 {\n  padding-top: 30px;\n  padding-bottom: 30px;\n}\n<\/style>\n\t<\/section>\n\t\n\n\t<section class=\"section\" id=\"section_107781254\">\n\t\t<div class=\"section-bg fill\" >\n\t\t\t\t\t\t\t\t\t\n\t\t\t\n\n\t\t<\/div>\n\n\t\t\n\n\t\t<div class=\"section-content relative\">\n\t\t\t\r\n\r\n<div class=\"row\"  id=\"row-1423641953\">\r\n\r\n\n\t<div id=\"col-1445826727\" class=\"col small-12 large-12\"  >\n\t\t\t\t<div class=\"col-inner dark\" style=\"background-color:#2d304e;\" >\n\t\t\t\n\t\t\t\r\n\r\n<div class=\"row\"  id=\"row-825356677\">\r\n\r\n\n\t<div id=\"col-624589253\" class=\"col medium-4 small-12 large-4\"  >\n\t\t\t\t<div class=\"col-inner\"  >\n\t\t\t\n\t\t\t\r\n\r\n\t<div class=\"img has-hover border-gorsel x md-x lg-x y md-y lg-y\" id=\"image_1815508195\">\n\t\t\t\t\t\t\t\t<div class=\"img-inner dark\" >\n\t\t\t<img loading=\"lazy\" decoding=\"async\" width=\"600\" height=\"800\" src=\"https:\/\/profdrfehmidoner.com\/wp-content\/uploads\/2025\/12\/fehmi-doner-600x800.jpg\" class=\"attachment-large size-large\" alt=\"\" srcset=\"https:\/\/profdrfehmidoner.com\/wp-content\/uploads\/2025\/12\/fehmi-doner-600x800.jpg 600w, https:\/\/profdrfehmidoner.com\/wp-content\/uploads\/2025\/12\/fehmi-doner-300x400.jpg 300w, https:\/\/profdrfehmidoner.com\/wp-content\/uploads\/2025\/12\/fehmi-doner-768x1024.jpg 768w, https:\/\/profdrfehmidoner.com\/wp-content\/uploads\/2025\/12\/fehmi-doner-1152x1536.jpg 1152w, https:\/\/profdrfehmidoner.com\/wp-content\/uploads\/2025\/12\/fehmi-doner.jpg 1209w\" sizes=\"auto, (max-width: 600px) 100vw, 600px\" \/>\t\t\t\t\t\t\n\t\t\t\t\t<\/div>\n\t\t\t\t\t\t\t\t\n<style>\n#image_1815508195 {\n  width: 100%;\n}\n<\/style>\n\t<\/div>\n\t\r\n\r\n\r\n\t\t<\/div>\n\t\t\t\t\n<style>\n#col-624589253 > .col-inner {\n  margin: 0px 0px -10px 0px;\n}\n<\/style>\n\t<\/div>\n\n\t\r\n\n\t<div id=\"col-2107459716\" class=\"col medium-8 small-12 large-8\"  >\n\t\t\t\t<div class=\"col-inner\"  >\n\t\t\t\n\t\t\t\r\n\r\n\t<div id=\"text-2206936693\" class=\"text\">\n\t\t\r\n\r\n<div><strong>About Me<\/strong><\/div>\r\n\t\t\n<style>\n#text-2206936693 {\n  font-size: 1.25rem;\n}\n<\/style>\n\t<\/div>\n\t\r\n\t<div id=\"text-3124267301\" class=\"text\">\n\t\t\r\n\r\n<p><strong><span style=\"font-size: 110%;\">Prof. Dr. Fehmi D\u00f6ner<\/span> <\/strong><br \/><strong><span style=\"font-size: 63%;\">ENT and Head & Neck Surgery Specialist<\/span><\/strong><\/p>\r\n\t\t\n<style>\n#text-3124267301 {\n  font-size: 1.25rem;\n}\n@media (min-width:550px) {\n  #text-3124267301 {\n    font-size: 1.85rem;\n  }\n}\n<\/style>\n\t<\/div>\n\t\r\n<p>I completed my primary and secondary education in \u0130zmir. I completed my medical education at Istanbul University Cerrahpa\u015fa Faculty of Medicine in 1988. I received my specialization training at Atat\u00fcrk University Faculty of Medicine, Department of Otorhinolaryngology. During my specialization training, in order to increase my knowledge and experience, I spent different periods of time at Istanbul University Istanbul Faculty of Medicine, Department of Otorhinolaryngology, and participated in clinical studies.<\/p>\r\n<p>After receiving my specialization in 1994, I worked at K\u00fctahya State Hospital for eight months, and then in December 1994, I was appointed as an assistant professor to the Department of Otorhinolaryngology at S\u00fcleyman Demirel University.<\/p>\r\n<a href=\"https:\/\/profdrfehmidoner.com\/en\/about-me\/curriculum-vitae\/\" class=\"button white\" style=\"border-radius:5px;\">\n\t\t<span>View More<\/span>\n\t<\/a>\n\r\n\r\n\r\n\t\t<\/div>\n\t\t\t\t\n<style>\n#col-2107459716 > .col-inner {\n  margin: 0px 0px -10px 0px;\n}\n<\/style>\n\t<\/div>\n\n\t\r\n\r\n<\/div>\r\n\r\n\t\t<\/div>\n\t\t\t\t\n<style>\n#col-1445826727 > .col-inner {\n  padding: 30px 25px 0px 25px;\n  margin: 0px 0px -30px 0px;\n}\n<\/style>\n\t<\/div>\n\n\t\r\n\r\n<\/div>\r\n\r\n\t\t<\/div>\n\n\t\t\n<style>\n#section_107781254 {\n  padding-top: 0px;\n  padding-bottom: 0px;\n}\n<\/style>\n\t<\/section>\n\t\r\n\n\n\t<section class=\"section\" id=\"section_1269304767\">\n\t\t<div class=\"section-bg fill\" >\n\t\t\t\t\t\t\t\t\t\n\t\t\t\n\n\t\t<\/div>\n\n\t\t\n\n\t\t<div class=\"section-content relative\">\n\t\t\t\n<div class=\"row\"  id=\"row-1608034372\">\n\n\t<div id=\"col-899881509\" class=\"col small-12 large-12\"  >\n\t\t\t\t<div class=\"col-inner\"  >\n\t\t\t\n\t\t\t\n<p>In many patients, septal deviation (curvature of the nasal septum) is present, and this deviation usually causes enlargement of the turbinates (conchae) in the opposite nasal passage. Therefore, during septal deviation surgeries, in order to achieve satisfactory breathing results, the turbinates located in the nasal passage opposite the deviation must be properly reduced. Otherwise, as a result of septum correction, the previously wider side will narrow and congestion will occur.<\/p>\n<p>Among the most common methods for reducing the inferior turbinates is radiofrequency application. This procedure aims to decrease the volume of the tissue beneath the mucosa of the inferior turbinates located on the side walls of the nasal cavity. As a result, thermal damage occurs in the tissues and these tissues harden. Within approximately 4-6 weeks, this hardened tissue helps the turbinates shrink.<\/p>\n\t\t<\/div>\n\t\t\t\t\n<style>\n#col-899881509 > .col-inner {\n  margin: 0px 0px -45px 0px;\n}\n<\/style>\n\t<\/div>\n\n\t\n<\/div>\n\t\t<\/div>\n\n\t\t\n<style>\n#section_1269304767 {\n  padding-top: 30px;\n  padding-bottom: 30px;\n}\n<\/style>\n\t<\/section>\n\t\n\n\t<section class=\"section\" id=\"section_402833783\">\n\t\t<div class=\"section-bg fill\" >\n\t\t\t\t\t\t\t\t\t\n\t\t\t\n\n\t\t<\/div>\n\n\t\t\n\n\t\t<div class=\"section-content relative\">\n\t\t\t\r\n\r\n<div class=\"row\"  id=\"row-1327018578\">\r\n\r\n\n\t<div id=\"col-2026478166\" class=\"col small-12 large-12\"  >\n\t\t\t\t<div class=\"col-inner\"  >\n\t\t\t\n\t<div class=\"is-border\"\n\t\tstyle=\"border-color:rgb(31, 67, 123);border-radius:10px;border-width:2px 2px 2px 2px;\">\n\t<\/div>\n\t\t\t\r\n\r\n<div class=\"row align-middle\"  id=\"row-1999987271\">\r\n\r\n\n\t<div id=\"col-335070299\" class=\"col medium-8 small-12 large-8\"  >\n\t\t\t\t<div class=\"col-inner\"  >\n\t\t\t\n\t\t\t\r\n\r\n\t<div id=\"text-535604478\" class=\"text\">\n\t\t\r\n\r\n<div><strong>Contact us to get information about treatments and create an appointment!<\/strong><\/div>\r\n\t\t\n<style>\n#text-535604478 {\n  font-size: 1.25rem;\n  text-align: center;\n  color: #1f437b;\n}\n#text-535604478 > * {\n  color: #1f437b;\n}\n@media (min-width:550px) {\n  #text-535604478 {\n    text-align: left;\n  }\n}\n<\/style>\n\t<\/div>\n\t\r\n\r\n\t\t<\/div>\n\t\t\t\t\t<\/div>\n\n\t\r\n\n\t<div id=\"col-170399881\" class=\"col medium-4 small-12 large-4\"  >\n\t\t\t\t<div class=\"col-inner text-right\"  >\n\t\t\t\n\t\t\t\r\n\r\n<a href=\"https:\/\/api.whatsapp.com\/send\/?phone=905075360107\" class=\"button success\" style=\"border-radius:5px;\" target=\"_blank\" rel=\"noopener\">\n\t\t<span>Contact via WhatsApp<\/span>\n\t<i class=\"icon-whatsapp\" aria-hidden=\"true\"><\/i><\/a>\n\r\n\r\n\r\n\t\t<\/div>\n\t\t\t\t\t<\/div>\n\n\t\r\n\r\n<\/div>\r\n\r\n\t\t<\/div>\n\t\t\t\t\n<style>\n#col-2026478166 > .col-inner {\n  padding: 30px 15px 0px 15px;\n  margin: 0px 0px -30px 0px;\n}\n@media (min-width:550px) {\n  #col-2026478166 > .col-inner {\n    padding: 30px 20px 0px 20px;\n  }\n}\n<\/style>\n\t<\/div>\n\n\t\r\n\r\n<\/div>\r\n\r\n\t\t<\/div>\n\n\t\t\n<style>\n#section_402833783 {\n  padding-top: 0px;\n  padding-bottom: 0px;\n}\n<\/style>\n\t<\/section>\n\t\r\n\n\n\t<section class=\"section\" id=\"section_520707808\">\n\t\t<div class=\"section-bg fill\" >\n\t\t\t\t\t\t\t\t\t\n\t\t\t\n\n\t\t<\/div>\n\n\t\t\n\n\t\t<div class=\"section-content relative\">\n\t\t\t\n<div class=\"row\"  id=\"row-375495359\">\n\n\t<div id=\"col-520676510\" class=\"col small-12 large-12\"  >\n\t\t\t\t<div class=\"col-inner\"  >\n\t\t\t\n\t\t\t\n<p>This procedure can usually be performed under local anesthesia and allows patients to quickly return to their daily activities after the operation. Radiofrequency treatment is a common option for the treatment of congestion caused by enlargement of the inferior turbinates and has a high success rate.<\/p>\n<p>In some patients, other health problems may also be present that may cause enlargement of the inferior turbinates, such as allergic rhinitis or vasomotor rhinitis. Therefore, the possibility of recurrence of these problems after radiofrequency treatment should be taken into account.<\/p>\n\t\t<\/div>\n\t\t\t\t\n<style>\n#col-520676510 > .col-inner {\n  margin: 0px 0px -45px 0px;\n}\n<\/style>\n\t<\/div>\n\n\t\n<\/div>\n\t\t<\/div>\n\n\t\t\n<style>\n#section_520707808 {\n  padding-top: 30px;\n  padding-bottom: 30px;\n}\n<\/style>\n\t<\/section>\n\t\n\n\t<section class=\"section\" id=\"section_1327712359\">\n\t\t<div class=\"section-bg fill\" >\n\t\t\t\t\t\t\t\t\t\n\t\t\t\n\n\t\t<\/div>\n\n\t\t\n\n\t\t<div class=\"section-content relative\">\n\t\t\t\r\n\r\n<div class=\"row\"  id=\"row-2083486856\">\r\n\r\n\n\t<div id=\"col-643328675\" class=\"col small-12 large-12\"  >\n\t\t\t\t<div class=\"col-inner\"  >\n\t\t\t\n\t<div class=\"is-border\"\n\t\tstyle=\"border-color:rgb(45, 48, 78);border-radius:10px;border-width:2px 2px 2px 2px;\">\n\t<\/div>\n\t\t\t\r\n\r\n<div class=\"row\"  id=\"row-1236223898\">\r\n\r\n\n\t<div id=\"col-1284300591\" class=\"col medium-7 small-12 large-7\"  >\n\t\t\t\t<div class=\"col-inner\"  >\n\t\t\t\n\t\t\t\r\n\r\n\t<div id=\"text-3461098517\" class=\"text\">\n\t\t\r\n\r\n<p><strong>Get in Touch!<\/strong><\/p>\r\n\t\t\n<style>\n#text-3461098517 {\n  font-size: 1.5rem;\n  text-align: center;\n  color: #1f437b;\n}\n#text-3461098517 > * {\n  color: #1f437b;\n}\n@media (min-width:550px) {\n  #text-3461098517 {\n    text-align: left;\n  }\n}\n<\/style>\n\t<\/div>\n\t\r\n\t<div id=\"text-1158270995\" class=\"text\">\n\t\t\r\n\r\n<div>Contact us to get information about treatments and create an appointment!<\/div>\r\n\t\t\n<style>\n#text-1158270995 {\n  font-size: 1.25rem;\n  text-align: center;\n  color: #2d304e;\n}\n#text-1158270995 > * {\n  color: #2d304e;\n}\n@media (min-width:550px) {\n  #text-1158270995 {\n    text-align: left;\n  }\n}\n<\/style>\n\t<\/div>\n\t\r\n\r\n\t\t<\/div>\n\t\t\t\t\n<style>\n#col-1284300591 > .col-inner {\n  margin: 0px 0px 0px 0px;\n}\n@media (min-width:550px) {\n  #col-1284300591 > .col-inner {\n    margin: 0px 0px -30px 0px;\n  }\n}\n<\/style>\n\t<\/div>\n\n\t\r\n\n\t<div id=\"col-1594710591\" class=\"col medium-5 small-12 large-5\"  >\n\t\t\t\t<div class=\"col-inner\"  >\n\t\t\t\n\t\t\t\r\n\r\n\n<div class=\"wpcf7 no-js\" id=\"wpcf7-f667-o1\" lang=\"en-US\" dir=\"ltr\" data-wpcf7-id=\"667\">\n<div class=\"screen-reader-response\"><p role=\"status\" aria-live=\"polite\" aria-atomic=\"true\"><\/p> <ul><\/ul><\/div>\n<form action=\"\/en\/wp-json\/wp\/v2\/pages\/933#wpcf7-f667-o1\" method=\"post\" class=\"wpcf7-form init\" aria-label=\"Contact form\" novalidate=\"novalidate\" data-status=\"init\">\n<fieldset class=\"hidden-fields-container\"><input type=\"hidden\" name=\"_wpcf7\" value=\"667\" \/><input type=\"hidden\" name=\"_wpcf7_version\" value=\"6.1.5\" \/><input type=\"hidden\" name=\"_wpcf7_locale\" value=\"en_US\" \/><input type=\"hidden\" name=\"_wpcf7_unit_tag\" value=\"wpcf7-f667-o1\" \/><input type=\"hidden\" name=\"_wpcf7_container_post\" value=\"0\" \/><input type=\"hidden\" name=\"_wpcf7_posted_data_hash\" value=\"\" \/>\n<\/fieldset>\n<div class=\"randevu-form\">\n\t<div class=\"form-row\">\n\t\t<p><span class=\"wpcf7-form-control-wrap\" data-name=\"text-340\"><input size=\"40\" maxlength=\"400\" class=\"wpcf7-form-control wpcf7-text wpcf7-validates-as-required\" autocomplete=\"name\" aria-required=\"true\" aria-invalid=\"false\" placeholder=\"Full Name\" value=\"\" type=\"text\" name=\"text-340\" \/><\/span><br \/>\n<span class=\"wpcf7-form-control-wrap\" data-name=\"tel-10\"><input size=\"40\" maxlength=\"400\" class=\"wpcf7-form-control wpcf7-tel wpcf7-validates-as-required wpcf7-text wpcf7-validates-as-tel\" autocomplete=\"name\" aria-required=\"true\" aria-invalid=\"false\" placeholder=\"Phone\" value=\"\" type=\"tel\" name=\"tel-10\" \/><\/span>\n\t\t<\/p>\n\t<\/div>\n\t<div class=\"form-full\">\n\t\t<p><span class=\"wpcf7-form-control-wrap\" data-name=\"text-342\"><input size=\"40\" maxlength=\"400\" class=\"wpcf7-form-control wpcf7-text wpcf7-validates-as-required\" autocomplete=\"name\" aria-required=\"true\" aria-invalid=\"false\" placeholder=\"Briefly describe the subject\" value=\"\" type=\"text\" name=\"text-342\" \/><\/span>\n\t\t<\/p>\n\t<\/div>\n\t<p><button type=\"submit\">Create Appointment<\/button>\n\t<\/p>\n<\/div><p style=\"display: none !important;\" class=\"akismet-fields-container\" data-prefix=\"_wpcf7_ak_\"><label>&#916;<textarea name=\"_wpcf7_ak_hp_textarea\" cols=\"45\" rows=\"8\" maxlength=\"100\"><\/textarea><\/label><input type=\"hidden\" id=\"ak_js_1\" name=\"_wpcf7_ak_js\" value=\"14\"\/><script>document.getElementById( \"ak_js_1\" ).setAttribute( \"value\", ( new Date() ).getTime() );<\/script><\/p><div class=\"wpcf7-response-output\" aria-hidden=\"true\"><\/div>\n<\/form>\n<\/div>\n\r\n\r\n\r\n\t\t<\/div>\n\t\t\t\t\n<style>\n#col-1594710591 > .col-inner {\n  margin: 0px 0px -20px 0px;\n}\n@media (min-width:550px) {\n  #col-1594710591 > .col-inner {\n    margin: 0px 0px -30px 0px;\n  }\n}\n<\/style>\n\t<\/div>\n\n\t\r\n\r\n<\/div>\r\n\r\n\t\t<\/div>\n\t\t\t\t\n<style>\n#col-643328675 > .col-inner {\n  padding: 30px 15px 0px 15px;\n  margin: 0px 0px -30px 0px;\n}\n@media (min-width:550px) {\n  #col-643328675 > .col-inner {\n    padding: 30px 20px 0px 20px;\n  }\n}\n<\/style>\n\t<\/div>\n\n\t\r\n\r\n<\/div>\r\n\r\n\t\t<\/div>\n\n\t\t\n<style>\n#section_1327712359 {\n  padding-top: 0px;\n  padding-bottom: 0px;\n}\n<\/style>\n\t<\/section>\n\t\r\n\n\n\t<section class=\"section\" id=\"section_78114854\">\n\t\t<div class=\"section-bg fill\" >\n\t\t\t\t\t\t\t\t\t\n\t\t\t\n\n\t\t<\/div>\n\n\t\t\n\n\t\t<div class=\"section-content relative\">\n\t\t\t\n<div class=\"row\"  id=\"row-816497110\">\n\n\t<div id=\"col-677708662\" class=\"col small-12 large-12\"  >\n\t\t\t\t<div class=\"col-inner\"  >\n\t\t\t\n\t\t\t\n<p>In addition, a surgical method called endoscopic turbinate reduction may also be used. This method involves partial removal of the inferior turbinates or reduction of the turbinate bone. This procedure is preferred depending on the size of the turbinates, the importance of the bone, cases where radiofrequency is insufficient, or when the turbinates are excessively large or deformed.<\/p>\n<p>Endoscopic reduction surgery is usually performed under general anesthesia and is carried out using microdebrider technology. Since the mucosal integrity is not disrupted during the procedure, the risk of bleeding decreases and there is no need for nasal packing.<\/p>\n<p>Both methods can be effective; however, the decision on which method to use is made depending on the patient\u2019s needs and health condition. After treatment, patients can usually breathe more comfortably and their quality of life increases significantly.<\/p>\n\t\t<\/div>\n\t\t\t\t\n<style>\n#col-677708662 > .col-inner {\n  margin: 0px 0px -45px 0px;\n}\n<\/style>\n\t<\/div>\n\n\t\n<\/div>\n\t\t<\/div>\n\n\t\t\n<style>\n#section_78114854 {\n  padding-top: 30px;\n  padding-bottom: 30px;\n}\n<\/style>\n\t<\/section>\n\t\n\n\t<section class=\"section\" id=\"section_978472547\">\n\t\t<div class=\"section-bg fill\" >\n\t\t\t\t\t\t\t\t\t\n\t\t\t\n\n\t\t<\/div>\n\n\t\t\n\n\t\t<div class=\"section-content relative\">\n\t\t\t\r\n\r\n<div class=\"row\"  id=\"row-336299678\">\r\n\r\n\n\t<div id=\"col-318958271\" class=\"col small-12 large-12\"  >\n\t\t\t\t<div class=\"col-inner\"  >\n\t\t\t\n\t\t\t\r\n\r\n\t<div id=\"text-3203719848\" class=\"text\">\n\t\t\r\n<h2>Latest Posts<\/h2>\r\n\t\t\n<style>\n#text-3203719848 {\n  font-size: 1.5rem;\n}\n<\/style>\n\t<\/div>\n\t\r\n\n  \n    <div class=\"row large-columns-3 medium-columns-1 small-columns-1 slider row-slider slider-nav-circle slider-nav-outside\"  data-flickity-options='{&quot;imagesLoaded&quot;: true, &quot;groupCells&quot;: &quot;100%&quot;, &quot;dragThreshold&quot; : 5, &quot;cellAlign&quot;: &quot;left&quot;,&quot;wrapAround&quot;: true,&quot;prevNextButtons&quot;: true,&quot;percentPosition&quot;: true,&quot;pageDots&quot;: true, &quot;rightToLeft&quot;: false, &quot;autoPlay&quot; : false}' >\n\n  <div class=\"col post-item\" >\n\t\t\t<div class=\"col-inner\">\n\t\t\t\t<div class=\"box box-push box-text-bottom box-blog-post has-hover\">\n            \t\t\t\t\t<div class=\"box-image\" >\n  \t\t\t\t\t\t<div class=\"image-cover\" style=\"padding-top:56.25%;\">\n\t\t\t\t\t\t\t<a href=\"https:\/\/profdrfehmidoner.com\/en\/what-is-a-failed-rhinoplasty-how-does-it-happen-how-is-it-recognized\/\" class=\"plain\" aria-label=\"What Is a Failed Rhinoplasty? How Does It Happen? How Is It Recognized?\">\n\t\t\t\t\t\t\t\t<img loading=\"lazy\" decoding=\"async\" width=\"711\" height=\"400\" src=\"https:\/\/profdrfehmidoner.com\/wp-content\/uploads\/2026\/02\/Basarisiz-Burun-Estetigi-Nedir-Nasil-Olur-Nasil-Anlasilir-711x400.jpg\" class=\"attachment-medium size-medium wp-post-image\" alt=\"\" srcset=\"https:\/\/profdrfehmidoner.com\/wp-content\/uploads\/2026\/02\/Basarisiz-Burun-Estetigi-Nedir-Nasil-Olur-Nasil-Anlasilir-711x400.jpg 711w, https:\/\/profdrfehmidoner.com\/wp-content\/uploads\/2026\/02\/Basarisiz-Burun-Estetigi-Nedir-Nasil-Olur-Nasil-Anlasilir-1400x788.jpg 1400w, https:\/\/profdrfehmidoner.com\/wp-content\/uploads\/2026\/02\/Basarisiz-Burun-Estetigi-Nedir-Nasil-Olur-Nasil-Anlasilir-768x432.jpg 768w, https:\/\/profdrfehmidoner.com\/wp-content\/uploads\/2026\/02\/Basarisiz-Burun-Estetigi-Nedir-Nasil-Olur-Nasil-Anlasilir-1536x864.jpg 1536w, https:\/\/profdrfehmidoner.com\/wp-content\/uploads\/2026\/02\/Basarisiz-Burun-Estetigi-Nedir-Nasil-Olur-Nasil-Anlasilir.jpg 1600w\" sizes=\"auto, (max-width: 711px) 100vw, 711px\" \/>\t\t\t\t\t\t\t<\/a>\n  \t\t\t\t\t\t\t  \t\t\t\t\t\t\t  \t\t\t\t\t\t<\/div>\n  \t\t\t\t\t\t  \t\t\t\t\t<\/div>\n          \t\t\t\t\t<div class=\"box-text text-center\" >\n\t\t\t\t\t<div class=\"box-text-inner blog-post-inner\">\n\n\t\t\t\t\t\n\t\t\t\t\t\t\t\t\t\t<h5 class=\"post-title is-large \">\n\t\t\t\t\t\t<a href=\"https:\/\/profdrfehmidoner.com\/en\/what-is-a-failed-rhinoplasty-how-does-it-happen-how-is-it-recognized\/\" class=\"plain\">What Is a Failed Rhinoplasty? How Does It Happen? How Is It Recognized?<\/a>\n\t\t\t\t\t<\/h5>\n\t\t\t\t\t\t\t\t\t\t<div class=\"is-divider\"><\/div>\n\t\t\t\t\t\t\t\t\t\t<p class=\"from_the_blog_excerpt \">\n\t\t\t\t\t\tFailed rhinoplasty is a condition in which aesthetic expectations are not met in the external [...]\t\t\t\t\t<\/p>\n\t\t\t\t\t                    \n\t\t\t\t\t\t\t\t\t\t\t<a href=\"https:\/\/profdrfehmidoner.com\/en\/what-is-a-failed-rhinoplasty-how-does-it-happen-how-is-it-recognized\/\" class=\"button primary is-outline is-small mb-0\">\n\t\t\t\t\t\t\tRead More \u279c\t\t\t\t\t\t<\/a>\n\t\t\t\t\t\n\t\t\t\t\t\n\t\t\t\t\t<\/div>\n\t\t\t\t\t<\/div>\n\t\t\t\t\t\t\t\t\t\t\t\t\t\t\t\t<div class=\"badge absolute top post-date badge-outline\">\n\t\t\t\t\t\t\t<div class=\"badge-inner\">\n\t\t\t\t\t\t\t\t<span class=\"post-date-day\">25<\/span><br>\n\t\t\t\t\t\t\t\t<span class=\"post-date-month is-xsmall\">Feb<\/span>\n\t\t\t\t\t\t\t<\/div>\n\t\t\t\t\t\t<\/div>\n\t\t\t\t\t\t\t\t\t<\/div>\n\t\t\t<\/div>\n\t\t<\/div><div class=\"col post-item\" >\n\t\t\t<div class=\"col-inner\">\n\t\t\t\t<div class=\"box box-push box-text-bottom box-blog-post has-hover\">\n            \t\t\t\t\t<div class=\"box-image\" >\n  \t\t\t\t\t\t<div class=\"image-cover\" style=\"padding-top:56.25%;\">\n\t\t\t\t\t\t\t<a href=\"https:\/\/profdrfehmidoner.com\/en\/nasal-anatomy-and-its-functions\/\" class=\"plain\" aria-label=\"Nasal Anatomy and Its Functions\">\n\t\t\t\t\t\t\t\t<img loading=\"lazy\" decoding=\"async\" width=\"711\" height=\"400\" src=\"https:\/\/profdrfehmidoner.com\/wp-content\/uploads\/2026\/02\/Burun-Anatomisi-ve-Islevleri-711x400.jpg\" class=\"attachment-medium size-medium wp-post-image\" alt=\"\" srcset=\"https:\/\/profdrfehmidoner.com\/wp-content\/uploads\/2026\/02\/Burun-Anatomisi-ve-Islevleri-711x400.jpg 711w, https:\/\/profdrfehmidoner.com\/wp-content\/uploads\/2026\/02\/Burun-Anatomisi-ve-Islevleri-1400x788.jpg 1400w, https:\/\/profdrfehmidoner.com\/wp-content\/uploads\/2026\/02\/Burun-Anatomisi-ve-Islevleri-768x432.jpg 768w, https:\/\/profdrfehmidoner.com\/wp-content\/uploads\/2026\/02\/Burun-Anatomisi-ve-Islevleri-1536x864.jpg 1536w, https:\/\/profdrfehmidoner.com\/wp-content\/uploads\/2026\/02\/Burun-Anatomisi-ve-Islevleri.jpg 1600w\" sizes=\"auto, (max-width: 711px) 100vw, 711px\" \/>\t\t\t\t\t\t\t<\/a>\n  \t\t\t\t\t\t\t  \t\t\t\t\t\t\t  \t\t\t\t\t\t<\/div>\n  \t\t\t\t\t\t  \t\t\t\t\t<\/div>\n          \t\t\t\t\t<div class=\"box-text text-center\" >\n\t\t\t\t\t<div class=\"box-text-inner blog-post-inner\">\n\n\t\t\t\t\t\n\t\t\t\t\t\t\t\t\t\t<h5 class=\"post-title is-large \">\n\t\t\t\t\t\t<a href=\"https:\/\/profdrfehmidoner.com\/en\/nasal-anatomy-and-its-functions\/\" class=\"plain\">Nasal Anatomy and Its Functions<\/a>\n\t\t\t\t\t<\/h5>\n\t\t\t\t\t\t\t\t\t\t<div class=\"is-divider\"><\/div>\n\t\t\t\t\t\t\t\t\t\t<p class=\"from_the_blog_excerpt \">\n\t\t\t\t\t\tNasal anatomy consists of bone, cartilage, and soft tissue structures that form the initial part [...]\t\t\t\t\t<\/p>\n\t\t\t\t\t                    \n\t\t\t\t\t\t\t\t\t\t\t<a href=\"https:\/\/profdrfehmidoner.com\/en\/nasal-anatomy-and-its-functions\/\" class=\"button primary is-outline is-small mb-0\">\n\t\t\t\t\t\t\tRead More \u279c\t\t\t\t\t\t<\/a>\n\t\t\t\t\t\n\t\t\t\t\t\n\t\t\t\t\t<\/div>\n\t\t\t\t\t<\/div>\n\t\t\t\t\t\t\t\t\t\t\t\t\t\t\t\t<div class=\"badge absolute top post-date badge-outline\">\n\t\t\t\t\t\t\t<div class=\"badge-inner\">\n\t\t\t\t\t\t\t\t<span class=\"post-date-day\">25<\/span><br>\n\t\t\t\t\t\t\t\t<span class=\"post-date-month is-xsmall\">Feb<\/span>\n\t\t\t\t\t\t\t<\/div>\n\t\t\t\t\t\t<\/div>\n\t\t\t\t\t\t\t\t\t<\/div>\n\t\t\t<\/div>\n\t\t<\/div><div class=\"col post-item\" >\n\t\t\t<div class=\"col-inner\">\n\t\t\t\t<div class=\"box box-push box-text-bottom box-blog-post has-hover\">\n            \t\t\t\t\t<div class=\"box-image\" >\n  \t\t\t\t\t\t<div class=\"image-cover\" style=\"padding-top:56.25%;\">\n\t\t\t\t\t\t\t<a href=\"https:\/\/profdrfehmidoner.com\/en\/what-is-a-nose-type-and-what-are-the-different-nose-types\/\" class=\"plain\" aria-label=\"What Is a Nose Type and What Are the Different Nose Types?\">\n\t\t\t\t\t\t\t\t<img loading=\"lazy\" decoding=\"async\" width=\"711\" height=\"400\" src=\"https:\/\/profdrfehmidoner.com\/wp-content\/uploads\/2026\/02\/Burun-Tipi-Nedir-Burun-Tipleri-Nelerdir-711x400.jpg\" class=\"attachment-medium size-medium wp-post-image\" alt=\"\" srcset=\"https:\/\/profdrfehmidoner.com\/wp-content\/uploads\/2026\/02\/Burun-Tipi-Nedir-Burun-Tipleri-Nelerdir-711x400.jpg 711w, https:\/\/profdrfehmidoner.com\/wp-content\/uploads\/2026\/02\/Burun-Tipi-Nedir-Burun-Tipleri-Nelerdir-1400x788.jpg 1400w, https:\/\/profdrfehmidoner.com\/wp-content\/uploads\/2026\/02\/Burun-Tipi-Nedir-Burun-Tipleri-Nelerdir-768x432.jpg 768w, https:\/\/profdrfehmidoner.com\/wp-content\/uploads\/2026\/02\/Burun-Tipi-Nedir-Burun-Tipleri-Nelerdir-1536x864.jpg 1536w, https:\/\/profdrfehmidoner.com\/wp-content\/uploads\/2026\/02\/Burun-Tipi-Nedir-Burun-Tipleri-Nelerdir.jpg 1600w\" sizes=\"auto, (max-width: 711px) 100vw, 711px\" \/>\t\t\t\t\t\t\t<\/a>\n  \t\t\t\t\t\t\t  \t\t\t\t\t\t\t  \t\t\t\t\t\t<\/div>\n  \t\t\t\t\t\t  \t\t\t\t\t<\/div>\n          \t\t\t\t\t<div class=\"box-text text-center\" >\n\t\t\t\t\t<div class=\"box-text-inner blog-post-inner\">\n\n\t\t\t\t\t\n\t\t\t\t\t\t\t\t\t\t<h5 class=\"post-title is-large \">\n\t\t\t\t\t\t<a href=\"https:\/\/profdrfehmidoner.com\/en\/what-is-a-nose-type-and-what-are-the-different-nose-types\/\" class=\"plain\">What Is a Nose Type and What Are the Different Nose Types?<\/a>\n\t\t\t\t\t<\/h5>\n\t\t\t\t\t\t\t\t\t\t<div class=\"is-divider\"><\/div>\n\t\t\t\t\t\t\t\t\t\t<p class=\"from_the_blog_excerpt \">\n\t\t\t\t\t\tThe nasal type is the set of morphological characteristics classified according to an individual\u2019s facial [...]\t\t\t\t\t<\/p>\n\t\t\t\t\t                    \n\t\t\t\t\t\t\t\t\t\t\t<a href=\"https:\/\/profdrfehmidoner.com\/en\/what-is-a-nose-type-and-what-are-the-different-nose-types\/\" class=\"button primary is-outline is-small mb-0\">\n\t\t\t\t\t\t\tRead More \u279c\t\t\t\t\t\t<\/a>\n\t\t\t\t\t\n\t\t\t\t\t\n\t\t\t\t\t<\/div>\n\t\t\t\t\t<\/div>\n\t\t\t\t\t\t\t\t\t\t\t\t\t\t\t\t<div class=\"badge absolute top post-date badge-outline\">\n\t\t\t\t\t\t\t<div class=\"badge-inner\">\n\t\t\t\t\t\t\t\t<span class=\"post-date-day\">25<\/span><br>\n\t\t\t\t\t\t\t\t<span class=\"post-date-month is-xsmall\">Feb<\/span>\n\t\t\t\t\t\t\t<\/div>\n\t\t\t\t\t\t<\/div>\n\t\t\t\t\t\t\t\t\t<\/div>\n\t\t\t<\/div>\n\t\t<\/div><div class=\"col post-item\" >\n\t\t\t<div class=\"col-inner\">\n\t\t\t\t<div class=\"box box-push box-text-bottom box-blog-post has-hover\">\n            \t\t\t\t\t<div class=\"box-image\" >\n  \t\t\t\t\t\t<div class=\"image-cover\" style=\"padding-top:56.25%;\">\n\t\t\t\t\t\t\t<a href=\"https:\/\/profdrfehmidoner.com\/en\/my-nose-is-crooked-after-rhinoplasty-what-should-i-do\/\" class=\"plain\" aria-label=\"My Nose Is Crooked After Rhinoplasty: What Should I Do?\">\n\t\t\t\t\t\t\t\t<img loading=\"lazy\" decoding=\"async\" width=\"711\" height=\"400\" src=\"https:\/\/profdrfehmidoner.com\/wp-content\/uploads\/2026\/02\/Burun-Estetigi-Sonrasi-Burnum-Yamuk-Ne-Yapmaliyim-711x400.jpg\" class=\"attachment-medium size-medium wp-post-image\" alt=\"\" srcset=\"https:\/\/profdrfehmidoner.com\/wp-content\/uploads\/2026\/02\/Burun-Estetigi-Sonrasi-Burnum-Yamuk-Ne-Yapmaliyim-711x400.jpg 711w, https:\/\/profdrfehmidoner.com\/wp-content\/uploads\/2026\/02\/Burun-Estetigi-Sonrasi-Burnum-Yamuk-Ne-Yapmaliyim-1400x788.jpg 1400w, https:\/\/profdrfehmidoner.com\/wp-content\/uploads\/2026\/02\/Burun-Estetigi-Sonrasi-Burnum-Yamuk-Ne-Yapmaliyim-768x432.jpg 768w, https:\/\/profdrfehmidoner.com\/wp-content\/uploads\/2026\/02\/Burun-Estetigi-Sonrasi-Burnum-Yamuk-Ne-Yapmaliyim-1536x864.jpg 1536w, https:\/\/profdrfehmidoner.com\/wp-content\/uploads\/2026\/02\/Burun-Estetigi-Sonrasi-Burnum-Yamuk-Ne-Yapmaliyim.jpg 1600w\" sizes=\"auto, (max-width: 711px) 100vw, 711px\" \/>\t\t\t\t\t\t\t<\/a>\n  \t\t\t\t\t\t\t  \t\t\t\t\t\t\t  \t\t\t\t\t\t<\/div>\n  \t\t\t\t\t\t  \t\t\t\t\t<\/div>\n          \t\t\t\t\t<div class=\"box-text text-center\" >\n\t\t\t\t\t<div class=\"box-text-inner blog-post-inner\">\n\n\t\t\t\t\t\n\t\t\t\t\t\t\t\t\t\t<h5 class=\"post-title is-large \">\n\t\t\t\t\t\t<a href=\"https:\/\/profdrfehmidoner.com\/en\/my-nose-is-crooked-after-rhinoplasty-what-should-i-do\/\" class=\"plain\">My Nose Is Crooked After Rhinoplasty: What Should I Do?<\/a>\n\t\t\t\t\t<\/h5>\n\t\t\t\t\t\t\t\t\t\t<div class=\"is-divider\"><\/div>\n\t\t\t\t\t\t\t\t\t\t<p class=\"from_the_blog_excerpt \">\n\t\t\t\t\t\tA crooked appearance of the nose after rhinoplasty is often due to temporary asymmetry related [...]\t\t\t\t\t<\/p>\n\t\t\t\t\t                    \n\t\t\t\t\t\t\t\t\t\t\t<a href=\"https:\/\/profdrfehmidoner.com\/en\/my-nose-is-crooked-after-rhinoplasty-what-should-i-do\/\" class=\"button primary is-outline is-small mb-0\">\n\t\t\t\t\t\t\tRead More \u279c\t\t\t\t\t\t<\/a>\n\t\t\t\t\t\n\t\t\t\t\t\n\t\t\t\t\t<\/div>\n\t\t\t\t\t<\/div>\n\t\t\t\t\t\t\t\t\t\t\t\t\t\t\t\t<div class=\"badge absolute top post-date badge-outline\">\n\t\t\t\t\t\t\t<div class=\"badge-inner\">\n\t\t\t\t\t\t\t\t<span class=\"post-date-day\">23<\/span><br>\n\t\t\t\t\t\t\t\t<span class=\"post-date-month is-xsmall\">Feb<\/span>\n\t\t\t\t\t\t\t<\/div>\n\t\t\t\t\t\t<\/div>\n\t\t\t\t\t\t\t\t\t<\/div>\n\t\t\t<\/div>\n\t\t<\/div><div class=\"col post-item\" >\n\t\t\t<div class=\"col-inner\">\n\t\t\t\t<div class=\"box box-push box-text-bottom box-blog-post has-hover\">\n            \t\t\t\t\t<div class=\"box-image\" >\n  \t\t\t\t\t\t<div class=\"image-cover\" style=\"padding-top:56.25%;\">\n\t\t\t\t\t\t\t<a href=\"https:\/\/profdrfehmidoner.com\/en\/can-asymmetry-of-the-nostrils-occur-after-rhinoplasty\/\" class=\"plain\" aria-label=\"Can Asymmetry of the Nostrils Occur After Rhinoplasty?\">\n\t\t\t\t\t\t\t\t<img loading=\"lazy\" decoding=\"async\" width=\"711\" height=\"400\" src=\"https:\/\/profdrfehmidoner.com\/wp-content\/uploads\/2026\/02\/Burun-Estetigi-Sonrasi-Burun-Kanatlarinda-Asimetri-Olur-Mu-711x400.jpg\" class=\"attachment-medium size-medium wp-post-image\" alt=\"\" srcset=\"https:\/\/profdrfehmidoner.com\/wp-content\/uploads\/2026\/02\/Burun-Estetigi-Sonrasi-Burun-Kanatlarinda-Asimetri-Olur-Mu-711x400.jpg 711w, https:\/\/profdrfehmidoner.com\/wp-content\/uploads\/2026\/02\/Burun-Estetigi-Sonrasi-Burun-Kanatlarinda-Asimetri-Olur-Mu-1400x788.jpg 1400w, https:\/\/profdrfehmidoner.com\/wp-content\/uploads\/2026\/02\/Burun-Estetigi-Sonrasi-Burun-Kanatlarinda-Asimetri-Olur-Mu-768x432.jpg 768w, https:\/\/profdrfehmidoner.com\/wp-content\/uploads\/2026\/02\/Burun-Estetigi-Sonrasi-Burun-Kanatlarinda-Asimetri-Olur-Mu-1536x864.jpg 1536w, https:\/\/profdrfehmidoner.com\/wp-content\/uploads\/2026\/02\/Burun-Estetigi-Sonrasi-Burun-Kanatlarinda-Asimetri-Olur-Mu.jpg 1600w\" sizes=\"auto, (max-width: 711px) 100vw, 711px\" \/>\t\t\t\t\t\t\t<\/a>\n  \t\t\t\t\t\t\t  \t\t\t\t\t\t\t  \t\t\t\t\t\t<\/div>\n  \t\t\t\t\t\t  \t\t\t\t\t<\/div>\n          \t\t\t\t\t<div class=\"box-text text-center\" >\n\t\t\t\t\t<div class=\"box-text-inner blog-post-inner\">\n\n\t\t\t\t\t\n\t\t\t\t\t\t\t\t\t\t<h5 class=\"post-title is-large \">\n\t\t\t\t\t\t<a href=\"https:\/\/profdrfehmidoner.com\/en\/can-asymmetry-of-the-nostrils-occur-after-rhinoplasty\/\" class=\"plain\">Can Asymmetry of the Nostrils Occur After Rhinoplasty?<\/a>\n\t\t\t\t\t<\/h5>\n\t\t\t\t\t\t\t\t\t\t<div class=\"is-divider\"><\/div>\n\t\t\t\t\t\t\t\t\t\t<p class=\"from_the_blog_excerpt \">\n\t\t\t\t\t\tAsymmetry in the nasal wings may be observed after rhinoplasty. Especially in the early healing [...]\t\t\t\t\t<\/p>\n\t\t\t\t\t                    \n\t\t\t\t\t\t\t\t\t\t\t<a href=\"https:\/\/profdrfehmidoner.com\/en\/can-asymmetry-of-the-nostrils-occur-after-rhinoplasty\/\" class=\"button primary is-outline is-small mb-0\">\n\t\t\t\t\t\t\tRead More \u279c\t\t\t\t\t\t<\/a>\n\t\t\t\t\t\n\t\t\t\t\t\n\t\t\t\t\t<\/div>\n\t\t\t\t\t<\/div>\n\t\t\t\t\t\t\t\t\t\t\t\t\t\t\t\t<div class=\"badge absolute top post-date badge-outline\">\n\t\t\t\t\t\t\t<div class=\"badge-inner\">\n\t\t\t\t\t\t\t\t<span class=\"post-date-day\">23<\/span><br>\n\t\t\t\t\t\t\t\t<span class=\"post-date-month is-xsmall\">Feb<\/span>\n\t\t\t\t\t\t\t<\/div>\n\t\t\t\t\t\t<\/div>\n\t\t\t\t\t\t\t\t\t<\/div>\n\t\t\t<\/div>\n\t\t<\/div><div class=\"col post-item\" >\n\t\t\t<div class=\"col-inner\">\n\t\t\t\t<div class=\"box box-push box-text-bottom box-blog-post has-hover\">\n            \t\t\t\t\t<div class=\"box-image\" >\n  \t\t\t\t\t\t<div class=\"image-cover\" style=\"padding-top:56.25%;\">\n\t\t\t\t\t\t\t<a href=\"https:\/\/profdrfehmidoner.com\/en\/nasal-massage-after-rhinoplasty\/\" class=\"plain\" aria-label=\"Nasal Massage After Rhinoplasty\">\n\t\t\t\t\t\t\t\t<img loading=\"lazy\" decoding=\"async\" width=\"711\" height=\"400\" src=\"https:\/\/profdrfehmidoner.com\/wp-content\/uploads\/2026\/02\/Burun-Estetigi-Sonrasi-Burun-Masaji-711x400.jpg\" class=\"attachment-medium size-medium wp-post-image\" alt=\"\" srcset=\"https:\/\/profdrfehmidoner.com\/wp-content\/uploads\/2026\/02\/Burun-Estetigi-Sonrasi-Burun-Masaji-711x400.jpg 711w, https:\/\/profdrfehmidoner.com\/wp-content\/uploads\/2026\/02\/Burun-Estetigi-Sonrasi-Burun-Masaji-1400x788.jpg 1400w, https:\/\/profdrfehmidoner.com\/wp-content\/uploads\/2026\/02\/Burun-Estetigi-Sonrasi-Burun-Masaji-768x432.jpg 768w, https:\/\/profdrfehmidoner.com\/wp-content\/uploads\/2026\/02\/Burun-Estetigi-Sonrasi-Burun-Masaji-1536x864.jpg 1536w, https:\/\/profdrfehmidoner.com\/wp-content\/uploads\/2026\/02\/Burun-Estetigi-Sonrasi-Burun-Masaji.jpg 1600w\" sizes=\"auto, (max-width: 711px) 100vw, 711px\" \/>\t\t\t\t\t\t\t<\/a>\n  \t\t\t\t\t\t\t  \t\t\t\t\t\t\t  \t\t\t\t\t\t<\/div>\n  \t\t\t\t\t\t  \t\t\t\t\t<\/div>\n          \t\t\t\t\t<div class=\"box-text text-center\" >\n\t\t\t\t\t<div class=\"box-text-inner blog-post-inner\">\n\n\t\t\t\t\t\n\t\t\t\t\t\t\t\t\t\t<h5 class=\"post-title is-large \">\n\t\t\t\t\t\t<a href=\"https:\/\/profdrfehmidoner.com\/en\/nasal-massage-after-rhinoplasty\/\" class=\"plain\">Nasal Massage After Rhinoplasty<\/a>\n\t\t\t\t\t<\/h5>\n\t\t\t\t\t\t\t\t\t\t<div class=\"is-divider\"><\/div>\n\t\t\t\t\t\t\t\t\t\t<p class=\"from_the_blog_excerpt \">\n\t\t\t\t\t\tNasal massage after rhinoplasty is a controlled practice that helps reduce edema and irregularities that [...]\t\t\t\t\t<\/p>\n\t\t\t\t\t                    \n\t\t\t\t\t\t\t\t\t\t\t<a href=\"https:\/\/profdrfehmidoner.com\/en\/nasal-massage-after-rhinoplasty\/\" class=\"button primary is-outline is-small mb-0\">\n\t\t\t\t\t\t\tRead More \u279c\t\t\t\t\t\t<\/a>\n\t\t\t\t\t\n\t\t\t\t\t\n\t\t\t\t\t<\/div>\n\t\t\t\t\t<\/div>\n\t\t\t\t\t\t\t\t\t\t\t\t\t\t\t\t<div class=\"badge absolute top post-date badge-outline\">\n\t\t\t\t\t\t\t<div class=\"badge-inner\">\n\t\t\t\t\t\t\t\t<span class=\"post-date-day\">23<\/span><br>\n\t\t\t\t\t\t\t\t<span class=\"post-date-month is-xsmall\">Feb<\/span>\n\t\t\t\t\t\t\t<\/div>\n\t\t\t\t\t\t<\/div>\n\t\t\t\t\t\t\t\t\t<\/div>\n\t\t\t<\/div>\n\t\t<\/div><div class=\"col post-item\" >\n\t\t\t<div class=\"col-inner\">\n\t\t\t\t<div class=\"box box-push box-text-bottom box-blog-post has-hover\">\n            \t\t\t\t\t<div class=\"box-image\" >\n  \t\t\t\t\t\t<div class=\"image-cover\" style=\"padding-top:56.25%;\">\n\t\t\t\t\t\t\t<a href=\"https:\/\/profdrfehmidoner.com\/en\/swelling-on-the-nasal-bridge-after-rhinoplasty\/\" class=\"plain\" aria-label=\"Swelling on the Nasal Bridge After Rhinoplasty\">\n\t\t\t\t\t\t\t\t<img loading=\"lazy\" decoding=\"async\" width=\"711\" height=\"400\" src=\"https:\/\/profdrfehmidoner.com\/wp-content\/uploads\/2026\/02\/Burun-Estetigi-Sonrasi-Burun-Sirtinda-Sislik-711x400.jpg\" class=\"attachment-medium size-medium wp-post-image\" alt=\"\" srcset=\"https:\/\/profdrfehmidoner.com\/wp-content\/uploads\/2026\/02\/Burun-Estetigi-Sonrasi-Burun-Sirtinda-Sislik-711x400.jpg 711w, https:\/\/profdrfehmidoner.com\/wp-content\/uploads\/2026\/02\/Burun-Estetigi-Sonrasi-Burun-Sirtinda-Sislik-1400x788.jpg 1400w, https:\/\/profdrfehmidoner.com\/wp-content\/uploads\/2026\/02\/Burun-Estetigi-Sonrasi-Burun-Sirtinda-Sislik-768x432.jpg 768w, https:\/\/profdrfehmidoner.com\/wp-content\/uploads\/2026\/02\/Burun-Estetigi-Sonrasi-Burun-Sirtinda-Sislik-1536x864.jpg 1536w, https:\/\/profdrfehmidoner.com\/wp-content\/uploads\/2026\/02\/Burun-Estetigi-Sonrasi-Burun-Sirtinda-Sislik.jpg 1600w\" sizes=\"auto, (max-width: 711px) 100vw, 711px\" \/>\t\t\t\t\t\t\t<\/a>\n  \t\t\t\t\t\t\t  \t\t\t\t\t\t\t  \t\t\t\t\t\t<\/div>\n  \t\t\t\t\t\t  \t\t\t\t\t<\/div>\n          \t\t\t\t\t<div class=\"box-text text-center\" >\n\t\t\t\t\t<div class=\"box-text-inner blog-post-inner\">\n\n\t\t\t\t\t\n\t\t\t\t\t\t\t\t\t\t<h5 class=\"post-title is-large \">\n\t\t\t\t\t\t<a href=\"https:\/\/profdrfehmidoner.com\/en\/swelling-on-the-nasal-bridge-after-rhinoplasty\/\" class=\"plain\">Swelling on the Nasal Bridge After Rhinoplasty<\/a>\n\t\t\t\t\t<\/h5>\n\t\t\t\t\t\t\t\t\t\t<div class=\"is-divider\"><\/div>\n\t\t\t\t\t\t\t\t\t\t<p class=\"from_the_blog_excerpt \">\n\t\t\t\t\t\tSwelling on the nasal bridge after rhinoplasty is a natural result of edema caused by [...]\t\t\t\t\t<\/p>\n\t\t\t\t\t                    \n\t\t\t\t\t\t\t\t\t\t\t<a href=\"https:\/\/profdrfehmidoner.com\/en\/swelling-on-the-nasal-bridge-after-rhinoplasty\/\" class=\"button primary is-outline is-small mb-0\">\n\t\t\t\t\t\t\tRead More \u279c\t\t\t\t\t\t<\/a>\n\t\t\t\t\t\n\t\t\t\t\t\n\t\t\t\t\t<\/div>\n\t\t\t\t\t<\/div>\n\t\t\t\t\t\t\t\t\t\t\t\t\t\t\t\t<div class=\"badge absolute top post-date badge-outline\">\n\t\t\t\t\t\t\t<div class=\"badge-inner\">\n\t\t\t\t\t\t\t\t<span class=\"post-date-day\">23<\/span><br>\n\t\t\t\t\t\t\t\t<span class=\"post-date-month is-xsmall\">Feb<\/span>\n\t\t\t\t\t\t\t<\/div>\n\t\t\t\t\t\t<\/div>\n\t\t\t\t\t\t\t\t\t<\/div>\n\t\t\t<\/div>\n\t\t<\/div><div class=\"col post-item\" >\n\t\t\t<div class=\"col-inner\">\n\t\t\t\t<div class=\"box box-push box-text-bottom box-blog-post has-hover\">\n            \t\t\t\t\t<div class=\"box-image\" >\n  \t\t\t\t\t\t<div class=\"image-cover\" style=\"padding-top:56.25%;\">\n\t\t\t\t\t\t\t<a href=\"https:\/\/profdrfehmidoner.com\/en\/what-should-be-considered-after-rhinoplasty\/\" class=\"plain\" aria-label=\"What Should Be Considered After Rhinoplasty?\">\n\t\t\t\t\t\t\t\t<img loading=\"lazy\" decoding=\"async\" width=\"711\" height=\"400\" src=\"https:\/\/profdrfehmidoner.com\/wp-content\/uploads\/2026\/02\/Burun-Estetigi-Sonrasi-Nelere-Dikkat-Edilmelidir-711x400.jpg\" class=\"attachment-medium size-medium wp-post-image\" alt=\"\" srcset=\"https:\/\/profdrfehmidoner.com\/wp-content\/uploads\/2026\/02\/Burun-Estetigi-Sonrasi-Nelere-Dikkat-Edilmelidir-711x400.jpg 711w, https:\/\/profdrfehmidoner.com\/wp-content\/uploads\/2026\/02\/Burun-Estetigi-Sonrasi-Nelere-Dikkat-Edilmelidir-1400x788.jpg 1400w, https:\/\/profdrfehmidoner.com\/wp-content\/uploads\/2026\/02\/Burun-Estetigi-Sonrasi-Nelere-Dikkat-Edilmelidir-768x432.jpg 768w, https:\/\/profdrfehmidoner.com\/wp-content\/uploads\/2026\/02\/Burun-Estetigi-Sonrasi-Nelere-Dikkat-Edilmelidir-1536x864.jpg 1536w, https:\/\/profdrfehmidoner.com\/wp-content\/uploads\/2026\/02\/Burun-Estetigi-Sonrasi-Nelere-Dikkat-Edilmelidir.jpg 1600w\" sizes=\"auto, (max-width: 711px) 100vw, 711px\" \/>\t\t\t\t\t\t\t<\/a>\n  \t\t\t\t\t\t\t  \t\t\t\t\t\t\t  \t\t\t\t\t\t<\/div>\n  \t\t\t\t\t\t  \t\t\t\t\t<\/div>\n          \t\t\t\t\t<div class=\"box-text text-center\" >\n\t\t\t\t\t<div class=\"box-text-inner blog-post-inner\">\n\n\t\t\t\t\t\n\t\t\t\t\t\t\t\t\t\t<h5 class=\"post-title is-large \">\n\t\t\t\t\t\t<a href=\"https:\/\/profdrfehmidoner.com\/en\/what-should-be-considered-after-rhinoplasty\/\" class=\"plain\">What Should Be Considered After Rhinoplasty?<\/a>\n\t\t\t\t\t<\/h5>\n\t\t\t\t\t\t\t\t\t\t<div class=\"is-divider\"><\/div>\n\t\t\t\t\t\t\t\t\t\t<p class=\"from_the_blog_excerpt \">\n\t\t\t\t\t\tWhat to pay attention to after rhinoplasty is of critical importance for the healthy progress [...]\t\t\t\t\t<\/p>\n\t\t\t\t\t                    \n\t\t\t\t\t\t\t\t\t\t\t<a href=\"https:\/\/profdrfehmidoner.com\/en\/what-should-be-considered-after-rhinoplasty\/\" class=\"button primary is-outline is-small mb-0\">\n\t\t\t\t\t\t\tRead More \u279c\t\t\t\t\t\t<\/a>\n\t\t\t\t\t\n\t\t\t\t\t\n\t\t\t\t\t<\/div>\n\t\t\t\t\t<\/div>\n\t\t\t\t\t\t\t\t\t\t\t\t\t\t\t\t<div class=\"badge absolute top post-date badge-outline\">\n\t\t\t\t\t\t\t<div class=\"badge-inner\">\n\t\t\t\t\t\t\t\t<span class=\"post-date-day\">23<\/span><br>\n\t\t\t\t\t\t\t\t<span class=\"post-date-month is-xsmall\">Feb<\/span>\n\t\t\t\t\t\t\t<\/div>\n\t\t\t\t\t\t<\/div>\n\t\t\t\t\t\t\t\t\t<\/div>\n\t\t\t<\/div>\n\t\t<\/div><\/div>\r\n\r\n\t\t<\/div>\n\t\t\t\t\n<style>\n#col-318958271 > .col-inner {\n  margin: 0px 0px -30px 0px;\n}\n<\/style>\n\t<\/div>\n\n\t\r\n\r\n<\/div>\r\n\r\n\t\t<\/div>\n\n\t\t\n<style>\n#section_978472547 {\n  padding-top: 0px;\n  padding-bottom: 0px;\n}\n<\/style>\n\t<\/section>\n\t\r\n\n","protected":false},"excerpt":{"rendered":"","protected":false},"author":1,"featured_media":932,"parent":758,"menu_order":0,"comment_status":"closed","ping_status":"closed","template":"page-blank.php","meta":{"footnotes":""},"class_list":["post-933","page","type-page","status-publish","has-post-thumbnail","hentry"],"_links":{"self":[{"href":"https:\/\/profdrfehmidoner.com\/en\/wp-json\/wp\/v2\/pages\/933","targetHints":{"allow":["GET"]}}],"collection":[{"href":"https:\/\/profdrfehmidoner.com\/en\/wp-json\/wp\/v2\/pages"}],"about":[{"href":"https:\/\/profdrfehmidoner.com\/en\/wp-json\/wp\/v2\/types\/page"}],"author":[{"embeddable":true,"href":"https:\/\/profdrfehmidoner.com\/en\/wp-json\/wp\/v2\/users\/1"}],"replies":[{"embeddable":true,"href":"https:\/\/profdrfehmidoner.com\/en\/wp-json\/wp\/v2\/comments?post=933"}],"version-history":[{"count":4,"href":"https:\/\/profdrfehmidoner.com\/en\/wp-json\/wp\/v2\/pages\/933\/revisions"}],"predecessor-version":[{"id":1330,"href":"https:\/\/profdrfehmidoner.com\/en\/wp-json\/wp\/v2\/pages\/933\/revisions\/1330"}],"up":[{"embeddable":true,"href":"https:\/\/profdrfehmidoner.com\/en\/wp-json\/wp\/v2\/pages\/758"}],"wp:featuredmedia":[{"embeddable":true,"href":"https:\/\/profdrfehmidoner.com\/en\/wp-json\/wp\/v2\/media\/932"}],"wp:attachment":[{"href":"https:\/\/profdrfehmidoner.com\/en\/wp-json\/wp\/v2\/media?parent=933"}],"curies":[{"name":"wp","href":"https:\/\/api.w.org\/{rel}","templated":true}]}}